{"version":"1.0","provider_name":"Darka Mazi","provider_url":"https:\/\/darkamazi.site","title":"Macron'dan Ba\u015fkan Ne\u00e7irvan Barzani'ye: Burada olmandan k\u0131van\u00e7 duyuyorum - Darka Mazi","type":"rich","width":600,"height":338,"html":"<blockquote class=\"darka-embedded-content\" data-secret=\"aq0qYDlWrV\"><a href=\"https:\/\/darkamazi.site\/archives\/1027338\">Macron&#8217;dan Ba\u015fkan Ne\u00e7irvan Barzani&#8217;ye: Burada olmandan k\u0131van\u00e7 duyuyorum<\/a><\/blockquote><iframe sandbox=\"allow-scripts\" security=\"restricted\" src=\"https:\/\/darkamazi.site\/archives\/1027338\/embed#?secret=aq0qYDlWrV\" width=\"600\" height=\"338\" title=\"&#8220;Macron&#8217;dan Ba\u015fkan Ne\u00e7irvan Barzani&#8217;ye: Burada olmandan k\u0131van\u00e7 duyuyorum&#8221; &#8212; Darka Mazi\" data-secret=\"aq0qYDlWrV\" frameborder=\"0\" marginwidth=\"0\" marginheight=\"0\" scrolling=\"no\" class=\"darka-embedded-content\"><\/iframe><script>\n\/*! This file is auto-generated *\/\n!function(d,l){\"use strict\";l.querySelector&&d.addEventListener&&\"undefined\"!=typeof URL&&(d.wp=d.wp||{},d.wp.receiveEmbedMessage||(d.wp.receiveEmbedMessage=function(e){var t=e.data;if((t||t.secret||t.message||t.value)&&!\/[^a-zA-Z0-9]\/.test(t.secret)){for(var s,r,n,a=l.querySelectorAll('iframe[data-secret=\"'+t.secret+'\"]'),o=l.querySelectorAll('blockquote[data-secret=\"'+t.secret+'\"]'),c=new RegExp(\"^https?:$\",\"i\"),i=0;i<o.length;i++)o[i].style.display=\"none\";for(i=0;i<a.length;i++)s=a[i],e.source===s.contentWindow&&(s.removeAttribute(\"style\"),\"height\"===t.message?(1e3<(r=parseInt(t.value,10))?r=1e3:~~r<200&&(r=200),s.height=r):\"link\"===t.message&&(r=new URL(s.getAttribute(\"src\")),n=new URL(t.value),c.test(n.protocol))&&n.host===r.host&&l.activeElement===s&&(d.top.location.href=t.value))}},d.addEventListener(\"message\",d.wp.receiveEmbedMessage,!1),l.addEventListener(\"DOMContentLoaded\",function(){for(var e,t,s=l.querySelectorAll(\"iframe.darka-embedded-content\"),r=0;r<s.length;r++)(t=(e=s[r]).getAttribute(\"data-secret\"))||(t=Math.random().toString(36).substring(2,12),e.src+=\"#?secret=\"+t,e.setAttribute(\"data-secret\",t)),e.contentWindow.postMessage({message:\"ready\",secret:t},\"*\")},!1)))}(window,document);\n\/\/# sourceURL=https:\/\/darkamazi.site\/other\/js\/wp-embed.min.js\n<\/script>\n","thumbnail_url":"https:\/\/darkamazi.site\/file\/2023\/11\/Kak-necir.jpeg","thumbnail_width":2048,"thumbnail_height":1306,"description":"\u00a0K\u00fcrdistan B\u00f6lgesi Ba\u015fkan\u0131 Ne\u00e7irvan Barzani Paris\u2019teki Elysee Saray\u0131&#8217;nda Cumhurba\u015fkan\u0131 Emmanuel Macron ile g\u00f6r\u00fc\u015ft\u00fc. R\u00fbdaw\u2019a konu\u015fan Fransa Cumhurba\u015fkan\u0131 Emmanuel Macron, \u201cNe\u00e7irvan Barzani\u2019yi kar\u015f\u0131lamaktan k\u0131van\u00e7 duyuyorum. Ne\u00e7irvan Barzani ile \u00f6nemli bir g\u00f6r\u00fc\u015fmemiz olacak, yapaca\u011f\u0131m\u0131z toplant\u0131 aram\u0131zdaki derin ili\u015fkilerimizin bir g\u00f6stergesidir\u201d dedi. Ba\u015fkan Ne\u00e7irvan Barzani\u2019yi kar\u015f\u0131lad\u0131\u011f\u0131 s\u0131rada R\u00fbdaw muhabiri Ala \u015eali\u2019nin bir sorusunu yan\u0131tlayan Macron, \u201c\u00c7ok \u00f6nemli bir [&hellip;]"}