{"version":"1.0","provider_name":"Darka Mazi","provider_url":"https:\/\/darkamazi.site","title":"\u00a0I\u015e\u0130D\u2019in katletti\u011fi 41 Ezidi K\u00fcrd\u00fcn cenazesi ailelerine teslim edildi - Darka Mazi","type":"rich","width":600,"height":338,"html":"<blockquote class=\"darka-embedded-content\" data-secret=\"hJ4Bi1kggr\"><a href=\"https:\/\/darkamazi.site\/archives\/1028284\">\u00a0I\u015e\u0130D\u2019in katletti\u011fi 41 Ezidi K\u00fcrd\u00fcn cenazesi ailelerine teslim edildi<\/a><\/blockquote><iframe sandbox=\"allow-scripts\" security=\"restricted\" src=\"https:\/\/darkamazi.site\/archives\/1028284\/embed#?secret=hJ4Bi1kggr\" width=\"600\" height=\"338\" title=\"&#8220;\u00a0I\u015e\u0130D\u2019in katletti\u011fi 41 Ezidi K\u00fcrd\u00fcn cenazesi ailelerine teslim edildi&#8221; &#8212; Darka Mazi\" data-secret=\"hJ4Bi1kggr\" frameborder=\"0\" marginwidth=\"0\" marginheight=\"0\" scrolling=\"no\" class=\"darka-embedded-content\"><\/iframe><script>\n\/*! This file is auto-generated *\/\n!function(d,l){\"use strict\";l.querySelector&&d.addEventListener&&\"undefined\"!=typeof URL&&(d.wp=d.wp||{},d.wp.receiveEmbedMessage||(d.wp.receiveEmbedMessage=function(e){var t=e.data;if((t||t.secret||t.message||t.value)&&!\/[^a-zA-Z0-9]\/.test(t.secret)){for(var s,r,n,a=l.querySelectorAll('iframe[data-secret=\"'+t.secret+'\"]'),o=l.querySelectorAll('blockquote[data-secret=\"'+t.secret+'\"]'),c=new RegExp(\"^https?:$\",\"i\"),i=0;i<o.length;i++)o[i].style.display=\"none\";for(i=0;i<a.length;i++)s=a[i],e.source===s.contentWindow&&(s.removeAttribute(\"style\"),\"height\"===t.message?(1e3<(r=parseInt(t.value,10))?r=1e3:~~r<200&&(r=200),s.height=r):\"link\"===t.message&&(r=new URL(s.getAttribute(\"src\")),n=new URL(t.value),c.test(n.protocol))&&n.host===r.host&&l.activeElement===s&&(d.top.location.href=t.value))}},d.addEventListener(\"message\",d.wp.receiveEmbedMessage,!1),l.addEventListener(\"DOMContentLoaded\",function(){for(var e,t,s=l.querySelectorAll(\"iframe.darka-embedded-content\"),r=0;r<s.length;r++)(t=(e=s[r]).getAttribute(\"data-secret\"))||(t=Math.random().toString(36).substring(2,12),e.src+=\"#?secret=\"+t,e.setAttribute(\"data-secret\",t)),e.contentWindow.postMessage({message:\"ready\",secret:t},\"*\")},!1)))}(window,document);\n\/\/# sourceURL=https:\/\/darkamazi.site\/other\/js\/wp-embed.min.js\n<\/script>\n","thumbnail_url":"https:\/\/darkamazi.site\/file\/2024\/01\/cenaze.jpeg","thumbnail_width":680,"thumbnail_height":376,"description":"Naa\u015flar\u0131n 16\u2019s\u0131 Herdan k\u00f6y\u00fcnde, 20\u2019si Ko\u00e7o k\u00f6y\u00fcnde, 2\u2019si \u00a0Xanesor yerle\u015fkesinde, 3\u2019\u00fc Qine k\u00f6y\u00fcnde defnedilecek. \u00d6n taraf\u0131nda kurban\u0131n foto\u011fraf\u0131 ve ad\u0131n\u0131n yaz\u0131l\u0131 oldu\u011fu tabutlara Irak bayraklar\u0131 ile sar\u0131ld\u0131\u011f\u0131 g\u00f6r\u00fcld\u00fc. \u00a0I\u015e\u0130D\u2019in katletti\u011fi Ezidi K\u00fcrdlere ait toplu mezarlarda bulunan kemikler kimlik bilgileri belirlenmek\u00a0\u00fczere Ba\u011fdat\u2019a g\u00f6nderiliyor. Bu, \u015eengal&#8217;deki yak\u0131nlar\u0131na teslim edilen Ezidi K\u00fcrdlere ait alt\u0131nc\u0131 konvoy. \u015eu ana kadar [&hellip;]"}