{"version":"1.0","provider_name":"Darka Mazi","provider_url":"https:\/\/darkamazi.site","title":"\u00c7elik: Dem partiden Van B\u00fcy\u00fck\u015fehir Belediye Ba\u015fkan\u0131 se\u00e7ilen \u015fahs\u0131n se\u00e7ilme ehliyeti yoksa aday olmas\u0131na ni\u00e7in m\u00fcsaade ettiniz? - Darka Mazi","type":"rich","width":600,"height":338,"html":"<blockquote class=\"darka-embedded-content\" data-secret=\"kLx9vPzgoZ\"><a href=\"https:\/\/darkamazi.site\/archives\/1029076\">\u00c7elik: Dem partiden Van B\u00fcy\u00fck\u015fehir Belediye Ba\u015fkan\u0131 se\u00e7ilen \u015fahs\u0131n se\u00e7ilme ehliyeti yoksa aday olmas\u0131na ni\u00e7in m\u00fcsaade ettiniz?<\/a><\/blockquote><iframe sandbox=\"allow-scripts\" security=\"restricted\" src=\"https:\/\/darkamazi.site\/archives\/1029076\/embed#?secret=kLx9vPzgoZ\" width=\"600\" height=\"338\" title=\"&#8220;\u00c7elik: Dem partiden Van B\u00fcy\u00fck\u015fehir Belediye Ba\u015fkan\u0131 se\u00e7ilen \u015fahs\u0131n se\u00e7ilme ehliyeti yoksa aday olmas\u0131na ni\u00e7in m\u00fcsaade ettiniz?&#8221; &#8212; Darka Mazi\" data-secret=\"kLx9vPzgoZ\" frameborder=\"0\" marginwidth=\"0\" marginheight=\"0\" scrolling=\"no\" class=\"darka-embedded-content\"><\/iframe><script>\n\/*! This file is auto-generated *\/\n!function(d,l){\"use strict\";l.querySelector&&d.addEventListener&&\"undefined\"!=typeof URL&&(d.wp=d.wp||{},d.wp.receiveEmbedMessage||(d.wp.receiveEmbedMessage=function(e){var t=e.data;if((t||t.secret||t.message||t.value)&&!\/[^a-zA-Z0-9]\/.test(t.secret)){for(var s,r,n,a=l.querySelectorAll('iframe[data-secret=\"'+t.secret+'\"]'),o=l.querySelectorAll('blockquote[data-secret=\"'+t.secret+'\"]'),c=new RegExp(\"^https?:$\",\"i\"),i=0;i<o.length;i++)o[i].style.display=\"none\";for(i=0;i<a.length;i++)s=a[i],e.source===s.contentWindow&&(s.removeAttribute(\"style\"),\"height\"===t.message?(1e3<(r=parseInt(t.value,10))?r=1e3:~~r<200&&(r=200),s.height=r):\"link\"===t.message&&(r=new URL(s.getAttribute(\"src\")),n=new URL(t.value),c.test(n.protocol))&&n.host===r.host&&l.activeElement===s&&(d.top.location.href=t.value))}},d.addEventListener(\"message\",d.wp.receiveEmbedMessage,!1),l.addEventListener(\"DOMContentLoaded\",function(){for(var e,t,s=l.querySelectorAll(\"iframe.darka-embedded-content\"),r=0;r<s.length;r++)(t=(e=s[r]).getAttribute(\"data-secret\"))||(t=Math.random().toString(36).substring(2,12),e.src+=\"#?secret=\"+t,e.setAttribute(\"data-secret\",t)),e.contentWindow.postMessage({message:\"ready\",secret:t},\"*\")},!1)))}(window,document);\n\/\/# sourceURL=https:\/\/darkamazi.site\/other\/js\/wp-embed.min.js\n<\/script>\n","thumbnail_url":"https:\/\/darkamazi.site\/file\/2024\/04\/Huseyin-Simsek.jpg","thumbnail_width":690,"thumbnail_height":390,"description":"Van&#8217;da Halklar\u0131n E\u015fitlik ve Demokrasi Partisi&#8217;nden (DEM Parti) B\u00fcy\u00fck\u015fehir Belediyesi E\u015fba\u015fkanl\u0131\u011f\u0131na se\u00e7ilen Abdullah Zeydan&#8217;a mazbata verilmemesi karar\u0131na tepkiler s\u00fcr\u00fcyor. AK Parti&#8217;li baz\u0131 isimler de duruma tepki g\u00f6sterdi. AK Partinin eski bakanlar\u0131ndan H\u00fcseyin \u00c7elik, sanal medya hesab\u0131 \u00fczerinden karara\u00a0tepki g\u00f6sterdi. \u00c7elik, &#8220;Ben oldum olas\u0131 kayyum politikalar\u0131na kar\u015f\u0131 oldum ve h\u00e2la da kar\u015f\u0131y\u0131m. Van\u2019da olup bitenler vahimdir. [&hellip;]"}