{"version":"1.0","provider_name":"Darka Mazi","provider_url":"https:\/\/darkamazi.site","title":"ABD: Rojava'da yerel se\u00e7imlerin \"\u00f6zg\u00fcr ve adil\" yap\u0131lmas\u0131n\u0131n ko\u015fullar\u0131 daha sa\u011flanmad\u0131 - Darka Mazi","type":"rich","width":600,"height":338,"html":"<blockquote class=\"darka-embedded-content\" data-secret=\"fFs4ct2zCk\"><a href=\"https:\/\/darkamazi.site\/archives\/1030950\">ABD: Rojava&#8217;da yerel se\u00e7imlerin &#8220;\u00f6zg\u00fcr ve adil&#8221; yap\u0131lmas\u0131n\u0131n ko\u015fullar\u0131 daha sa\u011flanmad\u0131<\/a><\/blockquote><iframe sandbox=\"allow-scripts\" security=\"restricted\" src=\"https:\/\/darkamazi.site\/archives\/1030950\/embed#?secret=fFs4ct2zCk\" width=\"600\" height=\"338\" title=\"&#8220;ABD: Rojava&#8217;da yerel se\u00e7imlerin &#8220;\u00f6zg\u00fcr ve adil&#8221; yap\u0131lmas\u0131n\u0131n ko\u015fullar\u0131 daha sa\u011flanmad\u0131&#8221; &#8212; Darka Mazi\" data-secret=\"fFs4ct2zCk\" frameborder=\"0\" marginwidth=\"0\" marginheight=\"0\" scrolling=\"no\" class=\"darka-embedded-content\"><\/iframe><script>\n\/*! This file is auto-generated *\/\n!function(d,l){\"use strict\";l.querySelector&&d.addEventListener&&\"undefined\"!=typeof URL&&(d.wp=d.wp||{},d.wp.receiveEmbedMessage||(d.wp.receiveEmbedMessage=function(e){var t=e.data;if((t||t.secret||t.message||t.value)&&!\/[^a-zA-Z0-9]\/.test(t.secret)){for(var s,r,n,a=l.querySelectorAll('iframe[data-secret=\"'+t.secret+'\"]'),o=l.querySelectorAll('blockquote[data-secret=\"'+t.secret+'\"]'),c=new RegExp(\"^https?:$\",\"i\"),i=0;i<o.length;i++)o[i].style.display=\"none\";for(i=0;i<a.length;i++)s=a[i],e.source===s.contentWindow&&(s.removeAttribute(\"style\"),\"height\"===t.message?(1e3<(r=parseInt(t.value,10))?r=1e3:~~r<200&&(r=200),s.height=r):\"link\"===t.message&&(r=new URL(s.getAttribute(\"src\")),n=new URL(t.value),c.test(n.protocol))&&n.host===r.host&&l.activeElement===s&&(d.top.location.href=t.value))}},d.addEventListener(\"message\",d.wp.receiveEmbedMessage,!1),l.addEventListener(\"DOMContentLoaded\",function(){for(var e,t,s=l.querySelectorAll(\"iframe.darka-embedded-content\"),r=0;r<s.length;r++)(t=(e=s[r]).getAttribute(\"data-secret\"))||(t=Math.random().toString(36).substring(2,12),e.src+=\"#?secret=\"+t,e.setAttribute(\"data-secret\",t)),e.contentWindow.postMessage({message:\"ready\",secret:t},\"*\")},!1)))}(window,document);\n\/\/# sourceURL=https:\/\/darkamazi.site\/other\/js\/wp-embed.min.js\n<\/script>\n","thumbnail_url":"https:\/\/darkamazi.site\/file\/2024\/09\/821461Image1-1.jpg","thumbnail_width":752,"thumbnail_height":472,"description":"ABD D\u0131\u015fi\u015fleri Bakanl\u0131\u011f\u0131, Rojava\u2019daki yerel se\u00e7imlere kar\u015f\u0131 tutumunu yineleyerek, se\u00e7imlerin \u201c\u00f6zg\u00fcr ve adil\u201d bir \u015fekilde yap\u0131lmas\u0131 i\u00e7in gerekli ko\u015fullar\u0131n sa\u011flanmad\u0131\u011f\u0131n\u0131 a\u00e7\u0131klad\u0131. ABD D\u0131\u015fi\u015fleri Bakanl\u0131\u011f\u0131 S\u00f6zc\u00fcs\u00fc Matthew Miller, \u201cAmerika Birle\u015fik Devletleri, Suriye&#8217;nin kuzey ve do\u011fusunda dahil olmak \u00fczere \u00f6zg\u00fcr, adil, \u015feffaf ve kapsay\u0131c\u0131 se\u00e7imler d\u00fczenlemek i\u00e7in gerekli ko\u015fullar\u0131n sa\u011flanmad\u0131\u011f\u0131n\u0131 de\u011ferlendiriyor\u201d \u015feklinde bir a\u00e7\u0131klama yapt\u0131. Miller, ABD&#8217;nin [&hellip;]"}