{"version":"1.0","provider_name":"Darka Mazi","provider_url":"https:\/\/darkamazi.site","title":"KDP Fraksiyonunun giri\u015fimleri sonu\u00e7 verdi: Kerk\u00fck ve tart\u0131\u015fmal\u0131 b\u00f6lgelerde se\u00e7imde 1957 nuf\u00fcs say\u0131m\u0131 esas al\u0131nacak - Darka Mazi","type":"rich","width":600,"height":338,"html":"<blockquote class=\"darka-embedded-content\" data-secret=\"hPDicsX6xC\"><a href=\"https:\/\/darkamazi.site\/archives\/1031684\">KDP Fraksiyonunun giri\u015fimleri sonu\u00e7 verdi: Kerk\u00fck ve tart\u0131\u015fmal\u0131 b\u00f6lgelerde se\u00e7imde 1957 nuf\u00fcs say\u0131m\u0131 esas al\u0131nacak<\/a><\/blockquote><iframe sandbox=\"allow-scripts\" security=\"restricted\" src=\"https:\/\/darkamazi.site\/archives\/1031684\/embed#?secret=hPDicsX6xC\" width=\"600\" height=\"338\" title=\"&#8220;KDP Fraksiyonunun giri\u015fimleri sonu\u00e7 verdi: Kerk\u00fck ve tart\u0131\u015fmal\u0131 b\u00f6lgelerde se\u00e7imde 1957 nuf\u00fcs say\u0131m\u0131 esas al\u0131nacak&#8221; &#8212; Darka Mazi\" data-secret=\"hPDicsX6xC\" frameborder=\"0\" marginwidth=\"0\" marginheight=\"0\" scrolling=\"no\" class=\"darka-embedded-content\"><\/iframe><script>\n\/*! This file is auto-generated *\/\n!function(d,l){\"use strict\";l.querySelector&&d.addEventListener&&\"undefined\"!=typeof URL&&(d.wp=d.wp||{},d.wp.receiveEmbedMessage||(d.wp.receiveEmbedMessage=function(e){var t=e.data;if((t||t.secret||t.message||t.value)&&!\/[^a-zA-Z0-9]\/.test(t.secret)){for(var s,r,n,a=l.querySelectorAll('iframe[data-secret=\"'+t.secret+'\"]'),o=l.querySelectorAll('blockquote[data-secret=\"'+t.secret+'\"]'),c=new RegExp(\"^https?:$\",\"i\"),i=0;i<o.length;i++)o[i].style.display=\"none\";for(i=0;i<a.length;i++)s=a[i],e.source===s.contentWindow&&(s.removeAttribute(\"style\"),\"height\"===t.message?(1e3<(r=parseInt(t.value,10))?r=1e3:~~r<200&&(r=200),s.height=r):\"link\"===t.message&&(r=new URL(s.getAttribute(\"src\")),n=new URL(t.value),c.test(n.protocol))&&n.host===r.host&&l.activeElement===s&&(d.top.location.href=t.value))}},d.addEventListener(\"message\",d.wp.receiveEmbedMessage,!1),l.addEventListener(\"DOMContentLoaded\",function(){for(var e,t,s=l.querySelectorAll(\"iframe.darka-embedded-content\"),r=0;r<s.length;r++)(t=(e=s[r]).getAttribute(\"data-secret\"))||(t=Math.random().toString(36).substring(2,12),e.src+=\"#?secret=\"+t,e.setAttribute(\"data-secret\",t)),e.contentWindow.postMessage({message:\"ready\",secret:t},\"*\")},!1)))}(window,document);\n\/\/# sourceURL=https:\/\/darkamazi.site\/other\/js\/wp-embed.min.js\n<\/script>\n","thumbnail_url":"https:\/\/darkamazi.site\/file\/2024\/11\/Kerkuk.jpg","thumbnail_width":710,"thumbnail_height":481,"description":"\u00a0Irak Bakanlar Kurulu, K\u00fcrdistan B\u00f6lgesi&#8217;nin n\u00fcfus say\u0131m\u0131na ili\u015fkin itirazlar\u0131n\u0131 karara ba\u011flad\u0131. Buna g\u00f6re n\u00fcfus say\u0131m\u0131nda vatanda\u015flar ikamet ettikleri yere g\u00f6re de\u011fil, do\u011fduklar\u0131 b\u00f6lgelere g\u00f6re kaydedilecek.Irak Bakanlar Kurulu, Kerk\u00fck n\u00fcfusu i\u00e7in 1957 y\u0131l\u0131nda yap\u0131lan n\u00fcfus say\u0131m\u0131n\u0131n temel al\u0131nmas\u0131na karar verdi. Irak meclisindeki KDP fraksiyonunun b\u00fcy\u00fck \u00e7abalar\u0131 ile de\u011fi\u015ftirilen karar ile K\u00fcrtlerin Saddam d\u00f6nemi demografiyi de\u011fi\u015ftirme projesinin [&hellip;]"}