{"version":"1.0","provider_name":"Darka Mazi","provider_url":"https:\/\/darkamazi.site","title":"Ahmet T\u00fcrk ve Devlet Bah\u00e7eli'nin kayyumlardan \u00f6nce g\u00f6r\u00fc\u015ft\u00fc\u011f\u00fc iddia edildi - Darka Mazi","type":"rich","width":600,"height":338,"html":"<blockquote class=\"darka-embedded-content\" data-secret=\"JpxPzoqJgC\"><a href=\"https:\/\/darkamazi.site\/archives\/1031692\">Ahmet T\u00fcrk ve Devlet Bah\u00e7eli&#8217;nin kayyumlardan \u00f6nce g\u00f6r\u00fc\u015ft\u00fc\u011f\u00fc iddia edildi<\/a><\/blockquote><iframe sandbox=\"allow-scripts\" security=\"restricted\" src=\"https:\/\/darkamazi.site\/archives\/1031692\/embed#?secret=JpxPzoqJgC\" width=\"600\" height=\"338\" title=\"&#8220;Ahmet T\u00fcrk ve Devlet Bah\u00e7eli&#8217;nin kayyumlardan \u00f6nce g\u00f6r\u00fc\u015ft\u00fc\u011f\u00fc iddia edildi&#8221; &#8212; Darka Mazi\" data-secret=\"JpxPzoqJgC\" frameborder=\"0\" marginwidth=\"0\" marginheight=\"0\" scrolling=\"no\" class=\"darka-embedded-content\"><\/iframe><script>\n\/*! This file is auto-generated *\/\n!function(d,l){\"use strict\";l.querySelector&&d.addEventListener&&\"undefined\"!=typeof URL&&(d.wp=d.wp||{},d.wp.receiveEmbedMessage||(d.wp.receiveEmbedMessage=function(e){var t=e.data;if((t||t.secret||t.message||t.value)&&!\/[^a-zA-Z0-9]\/.test(t.secret)){for(var s,r,n,a=l.querySelectorAll('iframe[data-secret=\"'+t.secret+'\"]'),o=l.querySelectorAll('blockquote[data-secret=\"'+t.secret+'\"]'),c=new RegExp(\"^https?:$\",\"i\"),i=0;i<o.length;i++)o[i].style.display=\"none\";for(i=0;i<a.length;i++)s=a[i],e.source===s.contentWindow&&(s.removeAttribute(\"style\"),\"height\"===t.message?(1e3<(r=parseInt(t.value,10))?r=1e3:~~r<200&&(r=200),s.height=r):\"link\"===t.message&&(r=new URL(s.getAttribute(\"src\")),n=new URL(t.value),c.test(n.protocol))&&n.host===r.host&&l.activeElement===s&&(d.top.location.href=t.value))}},d.addEventListener(\"message\",d.wp.receiveEmbedMessage,!1),l.addEventListener(\"DOMContentLoaded\",function(){for(var e,t,s=l.querySelectorAll(\"iframe.darka-embedded-content\"),r=0;r<s.length;r++)(t=(e=s[r]).getAttribute(\"data-secret\"))||(t=Math.random().toString(36).substring(2,12),e.src+=\"#?secret=\"+t,e.setAttribute(\"data-secret\",t)),e.contentWindow.postMessage({message:\"ready\",secret:t},\"*\")},!1)))}(window,document);\n\/\/# sourceURL=https:\/\/darkamazi.site\/other\/js\/wp-embed.min.js\n<\/script>\n","thumbnail_url":"https:\/\/darkamazi.site\/file\/2024\/11\/bahceli-ahmet-turk.jpg","thumbnail_width":900,"thumbnail_height":497,"description":"MHP Genel Ba\u015fkan\u0131 Devlet Bah\u00e7eli, Mardin B\u00fcy\u00fck\u015fehir Belediyesi&#8217;ne kayy\u0131m atanmas\u0131ndan bir hafta \u00f6nce, bir milletvekili arac\u0131l\u0131\u011f\u0131yla g\u00f6revinden al\u0131nan Ahmet T\u00fcrk&#8217;\u00fc arayarak k\u0131sa bir telefon g\u00f6r\u00fc\u015fmesi ger\u00e7ekle\u015ftirdi. CEGA Medya&#8217;dan Ferit Aslan&#8217;\u0131n haberine g\u00f6re; Bah\u00e7eli, g\u00f6r\u00fc\u015fme esnas\u0131nda T\u00fcrk&#8217;\u00fcn sa\u011fl\u0131\u011f\u0131n\u0131 sordu ve sonras\u0131nda da k\u0131sa bir sohbetle g\u00f6r\u00fc\u015fmeyi sona erdirdi. Devlet Bah\u00e7eli, d\u00fcn partisinin grup toplant\u0131s\u0131nda yapt\u0131\u011f\u0131 konu\u015fmada [&hellip;]"}