{"version":"1.0","provider_name":"Darka Mazi","provider_url":"https:\/\/darkamazi.site","title":"\u0130mral\u0131 Heyeti CHP Genel Ba\u015fkan\u0131 \u00d6zg\u00fcr \u00d6zel ile Meclis\u2019teki makam\u0131nda bir araya geldi. - Darka Mazi","type":"rich","width":600,"height":338,"html":"<blockquote class=\"darka-embedded-content\" data-secret=\"KAtraRELPq\"><a href=\"https:\/\/darkamazi.site\/archives\/1032478\">\u0130mral\u0131 Heyeti CHP Genel Ba\u015fkan\u0131 \u00d6zg\u00fcr \u00d6zel ile Meclis\u2019teki makam\u0131nda bir araya geldi.<\/a><\/blockquote><iframe sandbox=\"allow-scripts\" security=\"restricted\" src=\"https:\/\/darkamazi.site\/archives\/1032478\/embed#?secret=KAtraRELPq\" width=\"600\" height=\"338\" title=\"&#8220;\u0130mral\u0131 Heyeti CHP Genel Ba\u015fkan\u0131 \u00d6zg\u00fcr \u00d6zel ile Meclis\u2019teki makam\u0131nda bir araya geldi.&#8221; &#8212; Darka Mazi\" data-secret=\"KAtraRELPq\" frameborder=\"0\" marginwidth=\"0\" marginheight=\"0\" scrolling=\"no\" class=\"darka-embedded-content\"><\/iframe><script>\n\/*! This file is auto-generated *\/\n!function(d,l){\"use strict\";l.querySelector&&d.addEventListener&&\"undefined\"!=typeof URL&&(d.wp=d.wp||{},d.wp.receiveEmbedMessage||(d.wp.receiveEmbedMessage=function(e){var t=e.data;if((t||t.secret||t.message||t.value)&&!\/[^a-zA-Z0-9]\/.test(t.secret)){for(var s,r,n,a=l.querySelectorAll('iframe[data-secret=\"'+t.secret+'\"]'),o=l.querySelectorAll('blockquote[data-secret=\"'+t.secret+'\"]'),c=new RegExp(\"^https?:$\",\"i\"),i=0;i<o.length;i++)o[i].style.display=\"none\";for(i=0;i<a.length;i++)s=a[i],e.source===s.contentWindow&&(s.removeAttribute(\"style\"),\"height\"===t.message?(1e3<(r=parseInt(t.value,10))?r=1e3:~~r<200&&(r=200),s.height=r):\"link\"===t.message&&(r=new URL(s.getAttribute(\"src\")),n=new URL(t.value),c.test(n.protocol))&&n.host===r.host&&l.activeElement===s&&(d.top.location.href=t.value))}},d.addEventListener(\"message\",d.wp.receiveEmbedMessage,!1),l.addEventListener(\"DOMContentLoaded\",function(){for(var e,t,s=l.querySelectorAll(\"iframe.darka-embedded-content\"),r=0;r<s.length;r++)(t=(e=s[r]).getAttribute(\"data-secret\"))||(t=Math.random().toString(36).substring(2,12),e.src+=\"#?secret=\"+t,e.setAttribute(\"data-secret\",t)),e.contentWindow.postMessage({message:\"ready\",secret:t},\"*\")},!1)))}(window,document);\n\/\/# sourceURL=https:\/\/darkamazi.site\/other\/js\/wp-embed.min.js\n<\/script>\n","thumbnail_url":"https:\/\/darkamazi.site\/file\/2025\/01\/844302Image1.jpg","thumbnail_width":752,"thumbnail_height":472,"description":"DEM Parti heyeti, PKK lideri Abdullah \u00d6calan ile yapt\u0131\u011f\u0131 g\u00f6r\u00fc\u015fmenin ard\u0131ndan ba\u015flatt\u0131\u011f\u0131 siyasi partilere ziyaretlerini s\u00fcrd\u00fcr\u00fcyor. S\u0131rr\u0131 S\u00fcreyya \u00d6nder, Pervin Buldan ve Ahmet T\u00fcrk\u2019ten olu\u015fan heyet bu sabah CHP Genel Ba\u015fkan\u0131 \u00d6zg\u00fcr \u00d6zel ile Meclis\u2019teki makam\u0131nda bir araya geldi. \u00d6nder, Buldan ve T\u00fcrk, DEM Parti grubu ile ayn\u0131 katta bulunan CHP grubuna saat 10.30&#8217;da geldi. [&hellip;]"}