{"version":"1.0","provider_name":"Darka Mazi","provider_url":"https:\/\/darkamazi.site","title":"Ba\u015fbakan Mesrur Barzani, T\u00fcrkiye Cumhurba\u015fkan\u0131 Erdo\u011fan ile bir araya geldi - Darka Mazi","type":"rich","width":600,"height":338,"html":"<blockquote class=\"darka-embedded-content\" data-secret=\"LqqwFfntgT\"><a href=\"https:\/\/darkamazi.site\/archives\/1032484\">Ba\u015fbakan Mesrur Barzani, T\u00fcrkiye Cumhurba\u015fkan\u0131 Erdo\u011fan ile bir araya geldi<\/a><\/blockquote><iframe sandbox=\"allow-scripts\" security=\"restricted\" src=\"https:\/\/darkamazi.site\/archives\/1032484\/embed#?secret=LqqwFfntgT\" width=\"600\" height=\"338\" title=\"&#8220;Ba\u015fbakan Mesrur Barzani, T\u00fcrkiye Cumhurba\u015fkan\u0131 Erdo\u011fan ile bir araya geldi&#8221; &#8212; Darka Mazi\" data-secret=\"LqqwFfntgT\" frameborder=\"0\" marginwidth=\"0\" marginheight=\"0\" scrolling=\"no\" class=\"darka-embedded-content\"><\/iframe><script>\n\/*! This file is auto-generated *\/\n!function(d,l){\"use strict\";l.querySelector&&d.addEventListener&&\"undefined\"!=typeof URL&&(d.wp=d.wp||{},d.wp.receiveEmbedMessage||(d.wp.receiveEmbedMessage=function(e){var t=e.data;if((t||t.secret||t.message||t.value)&&!\/[^a-zA-Z0-9]\/.test(t.secret)){for(var s,r,n,a=l.querySelectorAll('iframe[data-secret=\"'+t.secret+'\"]'),o=l.querySelectorAll('blockquote[data-secret=\"'+t.secret+'\"]'),c=new RegExp(\"^https?:$\",\"i\"),i=0;i<o.length;i++)o[i].style.display=\"none\";for(i=0;i<a.length;i++)s=a[i],e.source===s.contentWindow&&(s.removeAttribute(\"style\"),\"height\"===t.message?(1e3<(r=parseInt(t.value,10))?r=1e3:~~r<200&&(r=200),s.height=r):\"link\"===t.message&&(r=new URL(s.getAttribute(\"src\")),n=new URL(t.value),c.test(n.protocol))&&n.host===r.host&&l.activeElement===s&&(d.top.location.href=t.value))}},d.addEventListener(\"message\",d.wp.receiveEmbedMessage,!1),l.addEventListener(\"DOMContentLoaded\",function(){for(var e,t,s=l.querySelectorAll(\"iframe.darka-embedded-content\"),r=0;r<s.length;r++)(t=(e=s[r]).getAttribute(\"data-secret\"))||(t=Math.random().toString(36).substring(2,12),e.src+=\"#?secret=\"+t,e.setAttribute(\"data-secret\",t)),e.contentWindow.postMessage({message:\"ready\",secret:t},\"*\")},!1)))}(window,document);\n\/\/# sourceURL=https:\/\/darkamazi.site\/other\/js\/wp-embed.min.js\n<\/script>\n","thumbnail_url":"https:\/\/darkamazi.site\/file\/2025\/01\/844370Highlighted-Image.jpg","thumbnail_width":2000,"thumbnail_height":750,"description":"Ba\u015fbakan Mesrur Barzani, resmi temaslar \u00e7er\u00e7evesinde gitti\u011fi T\u00fcrkiye\u2019nin ba\u015fkenti Ankara\u2019da T\u00fcrkiye Cumhurba\u015fkan\u0131 Recep Tayyip Erdo\u011fan ile bir araya geldi. Cumhurba\u015fkanl\u0131\u011f\u0131 K\u00fclliyesi&#8217;nde, bas\u0131na kapal\u0131 ger\u00e7ekle\u015ftirilen g\u00f6r\u00fc\u015fmede T\u00fcrkiye D\u0131\u015fi\u015fleri Bakan\u0131 Hakan Fidan da yer ald\u0131. G\u00f6r\u00fc\u015fmelerde iki \u00fclke aras\u0131ndaki ili\u015fkilerin geli\u015ftirilmesi, Irak ve b\u00f6lgedeki son durum ve \u00f6zellikle Suriye\u2019deki geli\u015fmelerin de\u011ferlendirilece\u011fi bildirilmi\u015fti. Ba\u015fbakan Mesrur Barzani, Erdo\u011fan\u2019dan \u00f6nce [&hellip;]"}