{"version":"1.0","provider_name":"Darka Mazi","provider_url":"https:\/\/darkamazi.site","title":"Erzurum'da sabaha kar\u015f\u0131 korkutan deprem - Darka Mazi","type":"rich","width":600,"height":338,"html":"<blockquote class=\"darka-embedded-content\" data-secret=\"Ch3AubZ65a\"><a href=\"https:\/\/darkamazi.site\/archives\/1032492\">Erzurum&#8217;da sabaha kar\u015f\u0131 korkutan deprem<\/a><\/blockquote><iframe sandbox=\"allow-scripts\" security=\"restricted\" src=\"https:\/\/darkamazi.site\/archives\/1032492\/embed#?secret=Ch3AubZ65a\" width=\"600\" height=\"338\" title=\"&#8220;Erzurum&#8217;da sabaha kar\u015f\u0131 korkutan deprem&#8221; &#8212; Darka Mazi\" data-secret=\"Ch3AubZ65a\" frameborder=\"0\" marginwidth=\"0\" marginheight=\"0\" scrolling=\"no\" class=\"darka-embedded-content\"><\/iframe><script>\n\/*! This file is auto-generated *\/\n!function(d,l){\"use strict\";l.querySelector&&d.addEventListener&&\"undefined\"!=typeof URL&&(d.wp=d.wp||{},d.wp.receiveEmbedMessage||(d.wp.receiveEmbedMessage=function(e){var t=e.data;if((t||t.secret||t.message||t.value)&&!\/[^a-zA-Z0-9]\/.test(t.secret)){for(var s,r,n,a=l.querySelectorAll('iframe[data-secret=\"'+t.secret+'\"]'),o=l.querySelectorAll('blockquote[data-secret=\"'+t.secret+'\"]'),c=new RegExp(\"^https?:$\",\"i\"),i=0;i<o.length;i++)o[i].style.display=\"none\";for(i=0;i<a.length;i++)s=a[i],e.source===s.contentWindow&&(s.removeAttribute(\"style\"),\"height\"===t.message?(1e3<(r=parseInt(t.value,10))?r=1e3:~~r<200&&(r=200),s.height=r):\"link\"===t.message&&(r=new URL(s.getAttribute(\"src\")),n=new URL(t.value),c.test(n.protocol))&&n.host===r.host&&l.activeElement===s&&(d.top.location.href=t.value))}},d.addEventListener(\"message\",d.wp.receiveEmbedMessage,!1),l.addEventListener(\"DOMContentLoaded\",function(){for(var e,t,s=l.querySelectorAll(\"iframe.darka-embedded-content\"),r=0;r<s.length;r++)(t=(e=s[r]).getAttribute(\"data-secret\"))||(t=Math.random().toString(36).substring(2,12),e.src+=\"#?secret=\"+t,e.setAttribute(\"data-secret\",t)),e.contentWindow.postMessage({message:\"ready\",secret:t},\"*\")},!1)))}(window,document);\n\/\/# sourceURL=https:\/\/darkamazi.site\/other\/js\/wp-embed.min.js\n<\/script>\n","thumbnail_url":"https:\/\/darkamazi.site\/file\/2025\/01\/844490Image1.jpg","thumbnail_width":752,"thumbnail_height":472,"description":"AFAD, Erzurum&#8217;un Pasinler il\u00e7esinde 4,5 b\u00fcy\u00fckl\u00fc\u011f\u00fcnde deprem meydana geldi\u011fini duyurdu. Sars\u0131nt\u0131n\u0131n \u00e7evre illerden de hissedildi\u011fi \u00f6\u011frenilirken, olumsuz bir durum ya\u015fanmad\u0131\u011f\u0131 bildirildi. Afet ve Acil Durum Y\u00f6netimi Ba\u015fkanl\u0131\u011f\u0131&#8217;n\u0131n (AFAD) internet sitesinde yer alan bilgiye g\u00f6re, saat 04.30&#8217;da merkez \u00fcss\u00fc Erzurum&#8217;un Pasinler il\u00e7esi olan 4,5 b\u00fcy\u00fckl\u00fc\u011f\u00fcnde sars\u0131nt\u0131 kaydedildi. Depremin 14,8 kilometre derinlikte meydana geldi\u011fi belirlenirken, sars\u0131nt\u0131n\u0131n \u00e7evre [&hellip;]"}