{"version":"1.0","provider_name":"Darka Mazi","provider_url":"https:\/\/darkamazi.site","title":"\ud83d\udccc\u0130ddia: Erdo\u011fan, AKP milletvekillerine, \"\u00d6calan da \u00e7\u0131kmak istemiyor, ev hapsi, mev hapsi yok\" dedi - Darka Mazi","type":"rich","width":600,"height":338,"html":"<blockquote class=\"darka-embedded-content\" data-secret=\"Emb5zAwi9X\"><a href=\"https:\/\/darkamazi.site\/archives\/1032575\">\ud83d\udccc\u0130ddia: Erdo\u011fan, AKP milletvekillerine, &#8220;\u00d6calan da \u00e7\u0131kmak istemiyor, ev hapsi, mev hapsi yok&#8221; dedi<\/a><\/blockquote><iframe sandbox=\"allow-scripts\" security=\"restricted\" src=\"https:\/\/darkamazi.site\/archives\/1032575\/embed#?secret=Emb5zAwi9X\" width=\"600\" height=\"338\" title=\"&#8220;\ud83d\udccc\u0130ddia: Erdo\u011fan, AKP milletvekillerine, &#8220;\u00d6calan da \u00e7\u0131kmak istemiyor, ev hapsi, mev hapsi yok&#8221; dedi&#8221; &#8212; Darka Mazi\" data-secret=\"Emb5zAwi9X\" frameborder=\"0\" marginwidth=\"0\" marginheight=\"0\" scrolling=\"no\" class=\"darka-embedded-content\"><\/iframe><script>\n\/*! This file is auto-generated *\/\n!function(d,l){\"use strict\";l.querySelector&&d.addEventListener&&\"undefined\"!=typeof URL&&(d.wp=d.wp||{},d.wp.receiveEmbedMessage||(d.wp.receiveEmbedMessage=function(e){var t=e.data;if((t||t.secret||t.message||t.value)&&!\/[^a-zA-Z0-9]\/.test(t.secret)){for(var s,r,n,a=l.querySelectorAll('iframe[data-secret=\"'+t.secret+'\"]'),o=l.querySelectorAll('blockquote[data-secret=\"'+t.secret+'\"]'),c=new RegExp(\"^https?:$\",\"i\"),i=0;i<o.length;i++)o[i].style.display=\"none\";for(i=0;i<a.length;i++)s=a[i],e.source===s.contentWindow&&(s.removeAttribute(\"style\"),\"height\"===t.message?(1e3<(r=parseInt(t.value,10))?r=1e3:~~r<200&&(r=200),s.height=r):\"link\"===t.message&&(r=new URL(s.getAttribute(\"src\")),n=new URL(t.value),c.test(n.protocol))&&n.host===r.host&&l.activeElement===s&&(d.top.location.href=t.value))}},d.addEventListener(\"message\",d.wp.receiveEmbedMessage,!1),l.addEventListener(\"DOMContentLoaded\",function(){for(var e,t,s=l.querySelectorAll(\"iframe.darka-embedded-content\"),r=0;r<s.length;r++)(t=(e=s[r]).getAttribute(\"data-secret\"))||(t=Math.random().toString(36).substring(2,12),e.src+=\"#?secret=\"+t,e.setAttribute(\"data-secret\",t)),e.contentWindow.postMessage({message:\"ready\",secret:t},\"*\")},!1)))}(window,document);\n\/\/# sourceURL=https:\/\/darkamazi.site\/other\/js\/wp-embed.min.js\n<\/script>\n","thumbnail_url":"https:\/\/darkamazi.site\/file\/2025\/01\/erdogan.jpg","thumbnail_width":900,"thumbnail_height":497,"description":"H\u00fcrriyet yazar\u0131 Abdulkadir Selvi, milletvekilleriyle kahvalt\u0131da bir araya gelen Cumhurba\u015fkan\u0131 ve AKP Genel Ba\u015fkan\u0131 Recep Tayyip Erdo\u011fan\u2019\u0131n, MHP Genel Ba\u015fkan\u0131 Devlet Bah\u00e7eli\u2019nin \u0130mral\u0131 ile ba\u015flatt\u0131\u011f\u0131 s\u00fcre\u00e7le ilgili sorular\u0131n\u0131 yan\u0131tlad\u0131\u011f\u0131n\u0131 s\u00f6yledi. Abd\u00fclkadir Selvi\u2019nin aktard\u0131\u011f\u0131na g\u00f6re, Erdo\u011fan, MHP liderinin \u201csilahlar\u0131 b\u0131rakacaklar\u0131n\u0131 a\u00e7\u0131klamas\u0131\u201d \u00e7a\u011fr\u0131s\u0131nda bulundu\u011fu PKK lideri Abdullah \u00d6calan\u2019\u0131n \u201cev hapsine \u00e7\u0131kaca\u011f\u0131\u201d s\u00f6ylentileri i\u00e7in \u201cEv hapsi, mev hapsi [&hellip;]"}