{"version":"1.0","provider_name":"Darka Mazi","provider_url":"https:\/\/darkamazi.site","title":"2012 \u00e7\u00f6z\u00fcm s\u00fcrecinin kilit adamlar\u0131ndan Yal\u00e7\u0131n Akdo\u011fan yeni s\u00fcreci, \u00d6calan ve PKK\u2019ye de\u011ferlendirdi: Apo \u00f6rg\u00fct \u00fczerinde etkilidir. Dinlemezlerse iyot gibi ortada kal\u0131rlar - Darka Mazi","type":"rich","width":600,"height":338,"html":"<blockquote class=\"darka-embedded-content\" data-secret=\"RavbtRiUgB\"><a href=\"https:\/\/darkamazi.site\/archives\/1032580\">2012 \u00e7\u00f6z\u00fcm s\u00fcrecinin kilit adamlar\u0131ndan Yal\u00e7\u0131n Akdo\u011fan yeni s\u00fcreci, \u00d6calan ve PKK\u2019ye de\u011ferlendirdi: Apo \u00f6rg\u00fct \u00fczerinde etkilidir. Dinlemezlerse iyot gibi ortada kal\u0131rlar<\/a><\/blockquote><iframe sandbox=\"allow-scripts\" security=\"restricted\" src=\"https:\/\/darkamazi.site\/archives\/1032580\/embed#?secret=RavbtRiUgB\" width=\"600\" height=\"338\" title=\"&#8220;2012 \u00e7\u00f6z\u00fcm s\u00fcrecinin kilit adamlar\u0131ndan Yal\u00e7\u0131n Akdo\u011fan yeni s\u00fcreci, \u00d6calan ve PKK\u2019ye de\u011ferlendirdi: Apo \u00f6rg\u00fct \u00fczerinde etkilidir. Dinlemezlerse iyot gibi ortada kal\u0131rlar&#8221; &#8212; Darka Mazi\" data-secret=\"RavbtRiUgB\" frameborder=\"0\" marginwidth=\"0\" marginheight=\"0\" scrolling=\"no\" class=\"darka-embedded-content\"><\/iframe><script>\n\/*! This file is auto-generated *\/\n!function(d,l){\"use strict\";l.querySelector&&d.addEventListener&&\"undefined\"!=typeof URL&&(d.wp=d.wp||{},d.wp.receiveEmbedMessage||(d.wp.receiveEmbedMessage=function(e){var t=e.data;if((t||t.secret||t.message||t.value)&&!\/[^a-zA-Z0-9]\/.test(t.secret)){for(var s,r,n,a=l.querySelectorAll('iframe[data-secret=\"'+t.secret+'\"]'),o=l.querySelectorAll('blockquote[data-secret=\"'+t.secret+'\"]'),c=new RegExp(\"^https?:$\",\"i\"),i=0;i<o.length;i++)o[i].style.display=\"none\";for(i=0;i<a.length;i++)s=a[i],e.source===s.contentWindow&&(s.removeAttribute(\"style\"),\"height\"===t.message?(1e3<(r=parseInt(t.value,10))?r=1e3:~~r<200&&(r=200),s.height=r):\"link\"===t.message&&(r=new URL(s.getAttribute(\"src\")),n=new URL(t.value),c.test(n.protocol))&&n.host===r.host&&l.activeElement===s&&(d.top.location.href=t.value))}},d.addEventListener(\"message\",d.wp.receiveEmbedMessage,!1),l.addEventListener(\"DOMContentLoaded\",function(){for(var e,t,s=l.querySelectorAll(\"iframe.darka-embedded-content\"),r=0;r<s.length;r++)(t=(e=s[r]).getAttribute(\"data-secret\"))||(t=Math.random().toString(36).substring(2,12),e.src+=\"#?secret=\"+t,e.setAttribute(\"data-secret\",t)),e.contentWindow.postMessage({message:\"ready\",secret:t},\"*\")},!1)))}(window,document);\n\/\/# sourceURL=https:\/\/darkamazi.site\/other\/js\/wp-embed.min.js\n<\/script>\n","thumbnail_url":"https:\/\/darkamazi.site\/file\/2025\/01\/Akdogan-Ocalan.jpg","thumbnail_width":620,"thumbnail_height":310,"description":"Devlet-\u0130mral\u0131 ve PKK g\u00f6r\u00fc\u015fmelerinde 2012 y\u0131l\u0131nda rol alan ve d\u00f6nemin Ba\u015fbakan Yard\u0131mc\u0131s\u0131 Yal\u00e7\u0131n Akdo\u011fan yeni s\u00fcrece d\u00f6n\u00fck a\u00e7\u0131klamalar yapt\u0131. Akdo\u011fan, Dolmabah\u00e7e mutabakat\u0131na da AKP ad\u0131na kat\u0131lan \u00f6nemli bir isimdi.\u00a0 Haber T\u00fcrk\u2019e konu\u015fan Akdo\u011fan\u2019\u0131n konu\u015fmas\u0131ndan \u00f6nemli ba\u015fl\u0131klar \u015funlar. \u201cDEVLET BEY\u2019\u0130N YAPTI\u011eI, PARAD\u0130GMA SEV\u0130YES\u0130NDE Y\u00dcKSEK S\u0130YASET\u201d Ben tabii arka aplanda neler yap\u0131ld\u0131\u011f\u0131n\u0131 bilmiyorum tabii. O g\u00fcnlerde \u015f\u00f6yle [&hellip;]"}