{"version":"1.0","provider_name":"Darka Mazi","provider_url":"https:\/\/darkamazi.site","title":"K\u00fcrdistan B\u00f6lgesi G\u00fcvenlik Konseyi: Akitu Bayram\u0131 sald\u0131rgan\u0131 Suriyeli bir I\u015e\u0130D yanl\u0131s\u0131 - Darka Mazi","type":"rich","width":600,"height":338,"html":"<blockquote class=\"darka-embedded-content\" data-secret=\"TJMt9UFWxj\"><a href=\"https:\/\/darkamazi.site\/archives\/1033504\">K\u00fcrdistan B\u00f6lgesi G\u00fcvenlik Konseyi: Akitu Bayram\u0131 sald\u0131rgan\u0131 Suriyeli bir  I\u015e\u0130D yanl\u0131s\u0131<\/a><\/blockquote><iframe sandbox=\"allow-scripts\" security=\"restricted\" src=\"https:\/\/darkamazi.site\/archives\/1033504\/embed#?secret=TJMt9UFWxj\" width=\"600\" height=\"338\" title=\"&#8220;K\u00fcrdistan B\u00f6lgesi G\u00fcvenlik Konseyi: Akitu Bayram\u0131 sald\u0131rgan\u0131 Suriyeli bir  I\u015e\u0130D yanl\u0131s\u0131&#8221; &#8212; Darka Mazi\" data-secret=\"TJMt9UFWxj\" frameborder=\"0\" marginwidth=\"0\" marginheight=\"0\" scrolling=\"no\" class=\"darka-embedded-content\"><\/iframe><script>\n\/*! This file is auto-generated *\/\n!function(d,l){\"use strict\";l.querySelector&&d.addEventListener&&\"undefined\"!=typeof URL&&(d.wp=d.wp||{},d.wp.receiveEmbedMessage||(d.wp.receiveEmbedMessage=function(e){var t=e.data;if((t||t.secret||t.message||t.value)&&!\/[^a-zA-Z0-9]\/.test(t.secret)){for(var s,r,n,a=l.querySelectorAll('iframe[data-secret=\"'+t.secret+'\"]'),o=l.querySelectorAll('blockquote[data-secret=\"'+t.secret+'\"]'),c=new RegExp(\"^https?:$\",\"i\"),i=0;i<o.length;i++)o[i].style.display=\"none\";for(i=0;i<a.length;i++)s=a[i],e.source===s.contentWindow&&(s.removeAttribute(\"style\"),\"height\"===t.message?(1e3<(r=parseInt(t.value,10))?r=1e3:~~r<200&&(r=200),s.height=r):\"link\"===t.message&&(r=new URL(s.getAttribute(\"src\")),n=new URL(t.value),c.test(n.protocol))&&n.host===r.host&&l.activeElement===s&&(d.top.location.href=t.value))}},d.addEventListener(\"message\",d.wp.receiveEmbedMessage,!1),l.addEventListener(\"DOMContentLoaded\",function(){for(var e,t,s=l.querySelectorAll(\"iframe.darka-embedded-content\"),r=0;r<s.length;r++)(t=(e=s[r]).getAttribute(\"data-secret\"))||(t=Math.random().toString(36).substring(2,12),e.src+=\"#?secret=\"+t,e.setAttribute(\"data-secret\",t)),e.contentWindow.postMessage({message:\"ready\",secret:t},\"*\")},!1)))}(window,document);\n\/\/# sourceURL=https:\/\/darkamazi.site\/other\/js\/wp-embed.min.js\n<\/script>\n","thumbnail_url":"https:\/\/darkamazi.site\/file\/2025\/04\/Asayis-4.gif","thumbnail_width":781,"thumbnail_height":439,"description":"K\u00fcrdistan B\u00f6lgesi G\u00fcvenlik Konseyi, Duhok\u2019ta Akitu Bayram\u0131 etkinli\u011fine sald\u0131ran ki\u015finin Suriyeli ve I\u015e\u0130D yanl\u0131s\u0131 oldu\u011funu duyurdu. D\u00fcn Duhok\u2019ta kutlanan Akitu Bayram\u0131 s\u0131ras\u0131nda bir ki\u015fi, sat\u0131rla iki ki\u015fiye sald\u0131rarak yaralad\u0131. K\u00fcrdistan B\u00f6lgesi G\u00fcvenlik Konseyi, sald\u0131r\u0131n\u0131n faili hakk\u0131nda a\u00e7\u0131klama yapt\u0131. Olay\u0131n ard\u0131ndan g\u00fcvenlik g\u00fc\u00e7lerinin sald\u0131rgan\u0131 yakalayarak g\u00f6zalt\u0131na ald\u0131\u011f\u0131 bilgisine yer verilen a\u00e7\u0131klamada, sald\u0131rgan\u0131n Suriyeli oldu\u011fu ve I\u015e\u0130D [&hellip;]"}