{"version":"1.0","provider_name":"Darka Mazi","provider_url":"https:\/\/darkamazi.site","title":"Mustafa Karasu\u2019dan provakatif ENKS \u00a0a\u00e7\u0131klamas\u0131: Mecbur kald\u0131klar\u0131 i\u00e7in birli\u011fe geldiler - Darka Mazi","type":"rich","width":600,"height":338,"html":"<blockquote class=\"darka-embedded-content\" data-secret=\"jobgkdkMLF\"><a href=\"https:\/\/darkamazi.site\/archives\/1033738\">Mustafa Karasu\u2019dan provakatif ENKS \u00a0a\u00e7\u0131klamas\u0131: Mecbur kald\u0131klar\u0131 i\u00e7in birli\u011fe geldiler<\/a><\/blockquote><iframe sandbox=\"allow-scripts\" security=\"restricted\" src=\"https:\/\/darkamazi.site\/archives\/1033738\/embed#?secret=jobgkdkMLF\" width=\"600\" height=\"338\" title=\"&#8220;Mustafa Karasu\u2019dan provakatif ENKS \u00a0a\u00e7\u0131klamas\u0131: Mecbur kald\u0131klar\u0131 i\u00e7in birli\u011fe geldiler&#8221; &#8212; Darka Mazi\" data-secret=\"jobgkdkMLF\" frameborder=\"0\" marginwidth=\"0\" marginheight=\"0\" scrolling=\"no\" class=\"darka-embedded-content\"><\/iframe><script>\n\/*! This file is auto-generated *\/\n!function(d,l){\"use strict\";l.querySelector&&d.addEventListener&&\"undefined\"!=typeof URL&&(d.wp=d.wp||{},d.wp.receiveEmbedMessage||(d.wp.receiveEmbedMessage=function(e){var t=e.data;if((t||t.secret||t.message||t.value)&&!\/[^a-zA-Z0-9]\/.test(t.secret)){for(var s,r,n,a=l.querySelectorAll('iframe[data-secret=\"'+t.secret+'\"]'),o=l.querySelectorAll('blockquote[data-secret=\"'+t.secret+'\"]'),c=new RegExp(\"^https?:$\",\"i\"),i=0;i<o.length;i++)o[i].style.display=\"none\";for(i=0;i<a.length;i++)s=a[i],e.source===s.contentWindow&&(s.removeAttribute(\"style\"),\"height\"===t.message?(1e3<(r=parseInt(t.value,10))?r=1e3:~~r<200&&(r=200),s.height=r):\"link\"===t.message&&(r=new URL(s.getAttribute(\"src\")),n=new URL(t.value),c.test(n.protocol))&&n.host===r.host&&l.activeElement===s&&(d.top.location.href=t.value))}},d.addEventListener(\"message\",d.wp.receiveEmbedMessage,!1),l.addEventListener(\"DOMContentLoaded\",function(){for(var e,t,s=l.querySelectorAll(\"iframe.darka-embedded-content\"),r=0;r<s.length;r++)(t=(e=s[r]).getAttribute(\"data-secret\"))||(t=Math.random().toString(36).substring(2,12),e.src+=\"#?secret=\"+t,e.setAttribute(\"data-secret\",t)),e.contentWindow.postMessage({message:\"ready\",secret:t},\"*\")},!1)))}(window,document);\n\/\/# sourceURL=https:\/\/darkamazi.site\/other\/js\/wp-embed.min.js\n<\/script>\n","thumbnail_url":"https:\/\/darkamazi.site\/file\/2025\/05\/Karasu.jpg","thumbnail_width":900,"thumbnail_height":497,"description":"KCK Y\u00fcr\u00fctme Konseyi \u00dcyesi Mustafa Karasu PKK\u2019nin Avrupa\u2019da yay\u0131n yapan Medya Haber televizyonuna bir r\u00f6portaj verdi. Karasu konu\u015fmas\u0131nda PKK\u2019nin silah b\u0131rakma meselesi de dahil olmak \u00fczere bir\u00e7ok konuda g\u00f6r\u00fc\u015f belirtti. Karasu a\u00e7\u0131klamas\u0131nda Rojava\u2019da yap\u0131lan K\u00fcrt Birli\u011fi Konferans\u0131n\u0131 da de\u011ferlendirdi ve ENKS hakk\u0131nda provakatif a\u00e7\u0131klamalarda bulundu. Medya Haber TV adl\u0131 yay\u0131n Karasu\u2019nun a\u00e7\u0131klamalar\u0131n\u0131 ilgin\u00e7 bir bi\u00e7imde [&hellip;]"}