{"version":"1.0","provider_name":"Darka Mazi","provider_url":"https:\/\/darkamazi.site","title":"\u015earbajer, UNESCO taraf\u0131ndan D\u00fcnya Miras\u0131 Listesi'ne dahil edilecek - Darka Mazi","type":"rich","width":600,"height":338,"html":"<blockquote class=\"darka-embedded-content\" data-secret=\"pjSN9A9ESD\"><a href=\"https:\/\/darkamazi.site\/archives\/1034830\">\u015earbajer, UNESCO taraf\u0131ndan D\u00fcnya Miras\u0131 Listesi&#8217;ne dahil edilecek<\/a><\/blockquote><iframe sandbox=\"allow-scripts\" security=\"restricted\" src=\"https:\/\/darkamazi.site\/archives\/1034830\/embed#?secret=pjSN9A9ESD\" width=\"600\" height=\"338\" title=\"&#8220;\u015earbajer, UNESCO taraf\u0131ndan D\u00fcnya Miras\u0131 Listesi&#8217;ne dahil edilecek&#8221; &#8212; Darka Mazi\" data-secret=\"pjSN9A9ESD\" frameborder=\"0\" marginwidth=\"0\" marginheight=\"0\" scrolling=\"no\" class=\"darka-embedded-content\"><\/iframe><script>\n\/*! This file is auto-generated *\/\n!function(d,l){\"use strict\";l.querySelector&&d.addEventListener&&\"undefined\"!=typeof URL&&(d.wp=d.wp||{},d.wp.receiveEmbedMessage||(d.wp.receiveEmbedMessage=function(e){var t=e.data;if((t||t.secret||t.message||t.value)&&!\/[^a-zA-Z0-9]\/.test(t.secret)){for(var s,r,n,a=l.querySelectorAll('iframe[data-secret=\"'+t.secret+'\"]'),o=l.querySelectorAll('blockquote[data-secret=\"'+t.secret+'\"]'),c=new RegExp(\"^https?:$\",\"i\"),i=0;i<o.length;i++)o[i].style.display=\"none\";for(i=0;i<a.length;i++)s=a[i],e.source===s.contentWindow&&(s.removeAttribute(\"style\"),\"height\"===t.message?(1e3<(r=parseInt(t.value,10))?r=1e3:~~r<200&&(r=200),s.height=r):\"link\"===t.message&&(r=new URL(s.getAttribute(\"src\")),n=new URL(t.value),c.test(n.protocol))&&n.host===r.host&&l.activeElement===s&&(d.top.location.href=t.value))}},d.addEventListener(\"message\",d.wp.receiveEmbedMessage,!1),l.addEventListener(\"DOMContentLoaded\",function(){for(var e,t,s=l.querySelectorAll(\"iframe.darka-embedded-content\"),r=0;r<s.length;r++)(t=(e=s[r]).getAttribute(\"data-secret\"))||(t=Math.random().toString(36).substring(2,12),e.src+=\"#?secret=\"+t,e.setAttribute(\"data-secret\",t)),e.contentWindow.postMessage({message:\"ready\",secret:t},\"*\")},!1)))}(window,document);\n\/\/# sourceURL=https:\/\/darkamazi.site\/other\/js\/wp-embed.min.js\n<\/script>\n","thumbnail_url":"https:\/\/darkamazi.site\/file\/2025\/08\/1755692493_kurdistan24.jpg","thumbnail_width":1920,"thumbnail_height":1080,"description":"S\u00fcleymaniye \u00dcniversitesinden yetkililerin, UNESCO\u2019nun talebi \u00fczerine \u015earbajer&#8217;in park olarak tan\u0131nmas\u0131 ve ard\u0131ndan jeopark olmas\u0131 i\u00e7in \u00e7al\u0131\u015fmalar\u0131n\u0131 s\u00fcrd\u00fcrd\u00fc\u011f\u00fc bildirildi.\u00a0 S\u00fcleymaniye Valisi Haval Ebubekir, 20 A\u011fustos 2025 \u00c7ar\u015famba g\u00fcn\u00fc Kurdistan24\u2019e yapt\u0131\u011f\u0131 a\u00e7\u0131klamada, \u015earbajer Jeopark\u0131 ile ilgili olarak S\u00fcleymaniye \u00dcniversitesi b\u00fcnyesinde ilgili t\u00fcm uzmanlar\u0131n yer ald\u0131\u011f\u0131 bir \u00fcst kurul olu\u015fturuldu\u011funu belirterek, proje i\u00e7in S\u00fcleymaniye Valili\u011fi ba\u015fkanl\u0131\u011f\u0131nda, \u015earbajer ve [&hellip;]"}