{"version":"1.0","provider_name":"Darka Mazi","provider_url":"https:\/\/darkamazi.site","title":"Cibranl\u0131 Halid Beg\u2019in hayat\u0131n\u0131 konu olan \u201cK\u00eerasek ji Agir\u201d belgeseli Amed\u2019de g\u00f6sterildi\u2026 - Darka Mazi","type":"rich","width":600,"height":338,"html":"<blockquote class=\"darka-embedded-content\" data-secret=\"HoWyugzlbk\"><a href=\"https:\/\/darkamazi.site\/archives\/1035592\">Cibranl\u0131 Halid Beg\u2019in hayat\u0131n\u0131 konu olan \u201cK\u00eerasek ji Agir\u201d belgeseli Amed\u2019de g\u00f6sterildi\u2026<\/a><\/blockquote><iframe sandbox=\"allow-scripts\" security=\"restricted\" src=\"https:\/\/darkamazi.site\/archives\/1035592\/embed#?secret=HoWyugzlbk\" width=\"600\" height=\"338\" title=\"&#8220;Cibranl\u0131 Halid Beg\u2019in hayat\u0131n\u0131 konu olan \u201cK\u00eerasek ji Agir\u201d belgeseli Amed\u2019de g\u00f6sterildi\u2026&#8221; &#8212; Darka Mazi\" data-secret=\"HoWyugzlbk\" frameborder=\"0\" marginwidth=\"0\" marginheight=\"0\" scrolling=\"no\" class=\"darka-embedded-content\"><\/iframe><script>\n\/*! This file is auto-generated *\/\n!function(d,l){\"use strict\";l.querySelector&&d.addEventListener&&\"undefined\"!=typeof URL&&(d.wp=d.wp||{},d.wp.receiveEmbedMessage||(d.wp.receiveEmbedMessage=function(e){var t=e.data;if((t||t.secret||t.message||t.value)&&!\/[^a-zA-Z0-9]\/.test(t.secret)){for(var s,r,n,a=l.querySelectorAll('iframe[data-secret=\"'+t.secret+'\"]'),o=l.querySelectorAll('blockquote[data-secret=\"'+t.secret+'\"]'),c=new RegExp(\"^https?:$\",\"i\"),i=0;i<o.length;i++)o[i].style.display=\"none\";for(i=0;i<a.length;i++)s=a[i],e.source===s.contentWindow&&(s.removeAttribute(\"style\"),\"height\"===t.message?(1e3<(r=parseInt(t.value,10))?r=1e3:~~r<200&&(r=200),s.height=r):\"link\"===t.message&&(r=new URL(s.getAttribute(\"src\")),n=new URL(t.value),c.test(n.protocol))&&n.host===r.host&&l.activeElement===s&&(d.top.location.href=t.value))}},d.addEventListener(\"message\",d.wp.receiveEmbedMessage,!1),l.addEventListener(\"DOMContentLoaded\",function(){for(var e,t,s=l.querySelectorAll(\"iframe.darka-embedded-content\"),r=0;r<s.length;r++)(t=(e=s[r]).getAttribute(\"data-secret\"))||(t=Math.random().toString(36).substring(2,12),e.src+=\"#?secret=\"+t,e.setAttribute(\"data-secret\",t)),e.contentWindow.postMessage({message:\"ready\",secret:t},\"*\")},!1)))}(window,document);\n\/\/# sourceURL=https:\/\/darkamazi.site\/other\/js\/wp-embed.min.js\n<\/script>\n","thumbnail_url":"https:\/\/darkamazi.site\/file\/2025\/11\/Duzeltilmis.jpg","thumbnail_width":1200,"thumbnail_height":800,"description":"20 y\u00fczy\u0131ldaki K\u00fcrt direni\u015f tarihinin \u00f6nemli isimlerinden Cibranl\u0131 Halid Beg\u2019in hayat\u0131n\u0131 ve m\u00fccadelesini anlatan belgesel Amed\u2019de g\u00f6sterildi. Cibranl\u0131 Halid Beg\u2019in hayat\u0131n\u0131 konu alan belgesel filimde Halid Beg\u2019in K\u00fcrt ulusal davas\u0131 i\u00e7in yapt\u0131\u011f\u0131 \u00e7al\u0131\u015fmalar, Azadi Hareketinin misyonu ve \u00e7al\u0131\u015fmalar\u0131, analistlerin, yazarlar\u0131n ve aile \u00fcyelerinin g\u00f6z\u00fcnden anlat\u0131ld\u0131. Diyarbak\u0131r Barosu Tahir El\u00e7i Salonu&#8217;nda g\u00f6sterilen &#8220;Ate\u015ften G\u00f6mlek&#8221; belgeselinin yap\u0131mc\u0131s\u0131 [&hellip;]"}