{"version":"1.0","provider_name":"Darka Mazi","provider_url":"https:\/\/darkamazi.site","title":"Hakan Fidan\u2019dan DSG a\u00e7\u0131klamas\u0131: T\u00fcrkiye\u2019nin ulusal g\u00fcvenli\u011fi i\u00e7in tehdit olu\u015fturmaktad\u0131r - Darka Mazi","type":"rich","width":600,"height":338,"html":"<blockquote class=\"darka-embedded-content\" data-secret=\"E3ZyDKHozC\"><a href=\"https:\/\/darkamazi.site\/archives\/1035740\">Hakan Fidan\u2019dan DSG a\u00e7\u0131klamas\u0131: T\u00fcrkiye\u2019nin ulusal g\u00fcvenli\u011fi i\u00e7in tehdit olu\u015fturmaktad\u0131r<\/a><\/blockquote><iframe sandbox=\"allow-scripts\" security=\"restricted\" src=\"https:\/\/darkamazi.site\/archives\/1035740\/embed#?secret=E3ZyDKHozC\" width=\"600\" height=\"338\" title=\"&#8220;Hakan Fidan\u2019dan DSG a\u00e7\u0131klamas\u0131: T\u00fcrkiye\u2019nin ulusal g\u00fcvenli\u011fi i\u00e7in tehdit olu\u015fturmaktad\u0131r&#8221; &#8212; Darka Mazi\" data-secret=\"E3ZyDKHozC\" frameborder=\"0\" marginwidth=\"0\" marginheight=\"0\" scrolling=\"no\" class=\"darka-embedded-content\"><\/iframe><script>\n\/*! This file is auto-generated *\/\n!function(d,l){\"use strict\";l.querySelector&&d.addEventListener&&\"undefined\"!=typeof URL&&(d.wp=d.wp||{},d.wp.receiveEmbedMessage||(d.wp.receiveEmbedMessage=function(e){var t=e.data;if((t||t.secret||t.message||t.value)&&!\/[^a-zA-Z0-9]\/.test(t.secret)){for(var s,r,n,a=l.querySelectorAll('iframe[data-secret=\"'+t.secret+'\"]'),o=l.querySelectorAll('blockquote[data-secret=\"'+t.secret+'\"]'),c=new RegExp(\"^https?:$\",\"i\"),i=0;i<o.length;i++)o[i].style.display=\"none\";for(i=0;i<a.length;i++)s=a[i],e.source===s.contentWindow&&(s.removeAttribute(\"style\"),\"height\"===t.message?(1e3<(r=parseInt(t.value,10))?r=1e3:~~r<200&&(r=200),s.height=r):\"link\"===t.message&&(r=new URL(s.getAttribute(\"src\")),n=new URL(t.value),c.test(n.protocol))&&n.host===r.host&&l.activeElement===s&&(d.top.location.href=t.value))}},d.addEventListener(\"message\",d.wp.receiveEmbedMessage,!1),l.addEventListener(\"DOMContentLoaded\",function(){for(var e,t,s=l.querySelectorAll(\"iframe.darka-embedded-content\"),r=0;r<s.length;r++)(t=(e=s[r]).getAttribute(\"data-secret\"))||(t=Math.random().toString(36).substring(2,12),e.src+=\"#?secret=\"+t,e.setAttribute(\"data-secret\",t)),e.contentWindow.postMessage({message:\"ready\",secret:t},\"*\")},!1)))}(window,document);\n\/\/# sourceURL=https:\/\/darkamazi.site\/other\/js\/wp-embed.min.js\n<\/script>\n","thumbnail_url":"https:\/\/darkamazi.site\/file\/2025\/11\/Hakan-Fidan.jpg","thumbnail_width":752,"thumbnail_height":472,"description":"T\u00fcrkiye D\u0131\u015fi\u015fleri Bakan\u0131 Hakan Fidan, \u201cSDG\u2019nin mevcut yap\u0131s\u0131, Suriye\u2019nin milli birli\u011fi kadar T\u00fcrkiye\u2019nin ulusal g\u00fcvenli\u011fi i\u00e7in de tehdit olu\u015fturmaktad\u0131r. \u0130srail\u2019in sald\u0131rganl\u0131\u011f\u0131, yay\u0131lmac\u0131 ve \u00f6zellikle Suriye\u2019nin g\u00fcneyine y\u00f6nelik istikrar bozucu faaliyetleri de Suriye i\u00e7in risk olu\u015fturmaktad\u0131r\u201d dedi. AK Parti Genel Merkezi\u2019nde Marmara B\u00f6lgesi milletvekilleri ile bir araya gelen T\u00fcrkiye D\u0131\u015fi\u015fleri Bakan\u0131 Fidan, milletvekillerinin \u00e7ok tarafl\u0131 platformlarda [&hellip;]"}