{"version":"1.0","provider_name":"Darka Mazi","provider_url":"https:\/\/darkamazi.site","title":"Jeopolitik S\u00fcreklilik Ve Ulusal Hedef: K\u00fcrt Milletinin Siyasal \u00d6zneli\u011fi Ve Birle\u015fik K\u00fcrdistan Perspektifi - Darka Mazi","type":"rich","width":600,"height":338,"html":"<blockquote class=\"darka-embedded-content\" data-secret=\"kVi4yrSlDk\"><a href=\"https:\/\/darkamazi.site\/archives\/1035786\">Jeopolitik S\u00fcreklilik Ve Ulusal Hedef: K\u00fcrt Milletinin Siyasal \u00d6zneli\u011fi Ve Birle\u015fik K\u00fcrdistan Perspektifi<\/a><\/blockquote><iframe sandbox=\"allow-scripts\" security=\"restricted\" src=\"https:\/\/darkamazi.site\/archives\/1035786\/embed#?secret=kVi4yrSlDk\" width=\"600\" height=\"338\" title=\"&#8220;Jeopolitik S\u00fcreklilik Ve Ulusal Hedef: K\u00fcrt Milletinin Siyasal \u00d6zneli\u011fi Ve Birle\u015fik K\u00fcrdistan Perspektifi&#8221; &#8212; Darka Mazi\" data-secret=\"kVi4yrSlDk\" frameborder=\"0\" marginwidth=\"0\" marginheight=\"0\" scrolling=\"no\" class=\"darka-embedded-content\"><\/iframe><script>\n\/*! This file is auto-generated *\/\n!function(d,l){\"use strict\";l.querySelector&&d.addEventListener&&\"undefined\"!=typeof URL&&(d.wp=d.wp||{},d.wp.receiveEmbedMessage||(d.wp.receiveEmbedMessage=function(e){var t=e.data;if((t||t.secret||t.message||t.value)&&!\/[^a-zA-Z0-9]\/.test(t.secret)){for(var s,r,n,a=l.querySelectorAll('iframe[data-secret=\"'+t.secret+'\"]'),o=l.querySelectorAll('blockquote[data-secret=\"'+t.secret+'\"]'),c=new RegExp(\"^https?:$\",\"i\"),i=0;i<o.length;i++)o[i].style.display=\"none\";for(i=0;i<a.length;i++)s=a[i],e.source===s.contentWindow&&(s.removeAttribute(\"style\"),\"height\"===t.message?(1e3<(r=parseInt(t.value,10))?r=1e3:~~r<200&&(r=200),s.height=r):\"link\"===t.message&&(r=new URL(s.getAttribute(\"src\")),n=new URL(t.value),c.test(n.protocol))&&n.host===r.host&&l.activeElement===s&&(d.top.location.href=t.value))}},d.addEventListener(\"message\",d.wp.receiveEmbedMessage,!1),l.addEventListener(\"DOMContentLoaded\",function(){for(var e,t,s=l.querySelectorAll(\"iframe.darka-embedded-content\"),r=0;r<s.length;r++)(t=(e=s[r]).getAttribute(\"data-secret\"))||(t=Math.random().toString(36).substring(2,12),e.src+=\"#?secret=\"+t,e.setAttribute(\"data-secret\",t)),e.contentWindow.postMessage({message:\"ready\",secret:t},\"*\")},!1)))}(window,document);\n\/\/# sourceURL=https:\/\/darkamazi.site\/other\/js\/wp-embed.min.js\n<\/script>\n","thumbnail_url":"https:\/\/darkamazi.site\/file\/2025\/11\/Husamettinpsd-3.jpg","thumbnail_width":900,"thumbnail_height":497,"description":"K\u00fcrt meselesi, yaln\u0131zca b\u00f6lgesel bir \u00e7at\u0131\u015fman\u0131n par\u00e7as\u0131 de\u011fil, uluslararas\u0131 sistemin kurulu\u015fundan beri s\u00fcregelen yap\u0131sal bir istikrars\u0131zl\u0131\u011f\u0131n merkezinde yer alan tarihsel, siyasal ve hukuksal bir sorundur. Modern devletler d\u00fczeninin Birinci D\u00fcnya Sava\u015f\u0131 sonras\u0131nda Orta Do\u011fu&#8217;ya dayatt\u0131\u011f\u0131 s\u0131n\u0131rlar, bu co\u011frafyan\u0131n kadim milletlerini par\u00e7alara ay\u0131rm\u0131\u015f; bu par\u00e7alanma en dramatik bi\u00e7imde K\u00fcrt milletinin kolektif varl\u0131\u011f\u0131nda somutla\u015fm\u0131\u015ft\u0131r. K\u00fcrtlerin ya\u015fad\u0131\u011f\u0131 d\u00f6rt [&hellip;]"}