{"version":"1.0","provider_name":"Darka Mazi","provider_url":"https:\/\/darkamazi.site","title":"K\u00fcrt ve Kurdistan Meselesi: Ba\u011f\u0131ms\u0131zl\u0131k, Ayd\u0131nlanma ve \u00d6zg\u00fcrl\u00fck Ba\u011flam\u0131nda Bir Siyasi Analiz! - Darka Mazi","type":"rich","width":600,"height":338,"html":"<blockquote class=\"darka-embedded-content\" data-secret=\"pGGiUqFWKy\"><a href=\"https:\/\/darkamazi.site\/archives\/1035841\">K\u00fcrt ve Kurdistan Meselesi: Ba\u011f\u0131ms\u0131zl\u0131k, Ayd\u0131nlanma ve \u00d6zg\u00fcrl\u00fck Ba\u011flam\u0131nda Bir Siyasi Analiz!<\/a><\/blockquote><iframe sandbox=\"allow-scripts\" security=\"restricted\" src=\"https:\/\/darkamazi.site\/archives\/1035841\/embed#?secret=pGGiUqFWKy\" width=\"600\" height=\"338\" title=\"&#8220;K\u00fcrt ve Kurdistan Meselesi: Ba\u011f\u0131ms\u0131zl\u0131k, Ayd\u0131nlanma ve \u00d6zg\u00fcrl\u00fck Ba\u011flam\u0131nda Bir Siyasi Analiz!&#8221; &#8212; Darka Mazi\" data-secret=\"pGGiUqFWKy\" frameborder=\"0\" marginwidth=\"0\" marginheight=\"0\" scrolling=\"no\" class=\"darka-embedded-content\"><\/iframe><script>\n\/*! This file is auto-generated *\/\n!function(d,l){\"use strict\";l.querySelector&&d.addEventListener&&\"undefined\"!=typeof URL&&(d.wp=d.wp||{},d.wp.receiveEmbedMessage||(d.wp.receiveEmbedMessage=function(e){var t=e.data;if((t||t.secret||t.message||t.value)&&!\/[^a-zA-Z0-9]\/.test(t.secret)){for(var s,r,n,a=l.querySelectorAll('iframe[data-secret=\"'+t.secret+'\"]'),o=l.querySelectorAll('blockquote[data-secret=\"'+t.secret+'\"]'),c=new RegExp(\"^https?:$\",\"i\"),i=0;i<o.length;i++)o[i].style.display=\"none\";for(i=0;i<a.length;i++)s=a[i],e.source===s.contentWindow&&(s.removeAttribute(\"style\"),\"height\"===t.message?(1e3<(r=parseInt(t.value,10))?r=1e3:~~r<200&&(r=200),s.height=r):\"link\"===t.message&&(r=new URL(s.getAttribute(\"src\")),n=new URL(t.value),c.test(n.protocol))&&n.host===r.host&&l.activeElement===s&&(d.top.location.href=t.value))}},d.addEventListener(\"message\",d.wp.receiveEmbedMessage,!1),l.addEventListener(\"DOMContentLoaded\",function(){for(var e,t,s=l.querySelectorAll(\"iframe.darka-embedded-content\"),r=0;r<s.length;r++)(t=(e=s[r]).getAttribute(\"data-secret\"))||(t=Math.random().toString(36).substring(2,12),e.src+=\"#?secret=\"+t,e.setAttribute(\"data-secret\",t)),e.contentWindow.postMessage({message:\"ready\",secret:t},\"*\")},!1)))}(window,document);\n\/\/# sourceURL=https:\/\/darkamazi.site\/other\/js\/wp-embed.min.js\n<\/script>\n","thumbnail_url":"https:\/\/darkamazi.site\/file\/2025\/12\/sheyhmus.jpg","thumbnail_width":900,"thumbnail_height":475,"description":"Kurd ve Kurdistan meselesi, tarihsel derinli\u011fi ve uluslararas\u0131 boyutlar\u0131yla modern d\u00fcnyan\u0131n en karma\u015f\u0131k ulusal m\u00fccadelelerinden birini temsil etmektedir. Kurd ve Kurdistan\u2019a \u00f6zg\u00fc \u00e7\u00f6z\u00fcm do\u011frultusunda, bu mesele \u00f6ncelikle bir ba\u011f\u0131ms\u0131zl\u0131k kavgas\u0131 olarak ele al\u0131nmas\u0131 gerekiyor. Kurdistan&#8217;da yakla\u015f\u0131k 220 y\u0131ld\u0131r s\u00fcren Kurd direni\u015fi, Kurd milletinin kendi kaderini tayin etme hakk\u0131 i\u00e7in verdi\u011fi bir m\u00fccadele olarak yorumlanmal\u0131d\u0131r. Bu [&hellip;]"}