{"version":"1.0","provider_name":"Darka Mazi","provider_url":"https:\/\/darkamazi.site","title":"PWK Genel Ba\u015fkan\u0131 Mustafa \u00d6z\u00e7elik: Ba\u015fkan Say\u0131n Mesud Barzani, K\u00fcrt milletinin ortak bir milli lideri ve onurudur - Darka Mazi","type":"rich","width":600,"height":338,"html":"<blockquote class=\"darka-embedded-content\" data-secret=\"9iF4tgKhtc\"><a href=\"https:\/\/darkamazi.site\/archives\/1035865\">PWK Genel Ba\u015fkan\u0131 Mustafa \u00d6z\u00e7elik: Ba\u015fkan Say\u0131n Mesud Barzani, K\u00fcrt milletinin ortak bir milli lideri ve onurudur<\/a><\/blockquote><iframe sandbox=\"allow-scripts\" security=\"restricted\" src=\"https:\/\/darkamazi.site\/archives\/1035865\/embed#?secret=9iF4tgKhtc\" width=\"600\" height=\"338\" title=\"&#8220;PWK Genel Ba\u015fkan\u0131 Mustafa \u00d6z\u00e7elik: Ba\u015fkan Say\u0131n Mesud Barzani, K\u00fcrt milletinin ortak bir milli lideri ve onurudur&#8221; &#8212; Darka Mazi\" data-secret=\"9iF4tgKhtc\" frameborder=\"0\" marginwidth=\"0\" marginheight=\"0\" scrolling=\"no\" class=\"darka-embedded-content\"><\/iframe><script>\n\/*! This file is auto-generated *\/\n!function(d,l){\"use strict\";l.querySelector&&d.addEventListener&&\"undefined\"!=typeof URL&&(d.wp=d.wp||{},d.wp.receiveEmbedMessage||(d.wp.receiveEmbedMessage=function(e){var t=e.data;if((t||t.secret||t.message||t.value)&&!\/[^a-zA-Z0-9]\/.test(t.secret)){for(var s,r,n,a=l.querySelectorAll('iframe[data-secret=\"'+t.secret+'\"]'),o=l.querySelectorAll('blockquote[data-secret=\"'+t.secret+'\"]'),c=new RegExp(\"^https?:$\",\"i\"),i=0;i<o.length;i++)o[i].style.display=\"none\";for(i=0;i<a.length;i++)s=a[i],e.source===s.contentWindow&&(s.removeAttribute(\"style\"),\"height\"===t.message?(1e3<(r=parseInt(t.value,10))?r=1e3:~~r<200&&(r=200),s.height=r):\"link\"===t.message&&(r=new URL(s.getAttribute(\"src\")),n=new URL(t.value),c.test(n.protocol))&&n.host===r.host&&l.activeElement===s&&(d.top.location.href=t.value))}},d.addEventListener(\"message\",d.wp.receiveEmbedMessage,!1),l.addEventListener(\"DOMContentLoaded\",function(){for(var e,t,s=l.querySelectorAll(\"iframe.darka-embedded-content\"),r=0;r<s.length;r++)(t=(e=s[r]).getAttribute(\"data-secret\"))||(t=Math.random().toString(36).substring(2,12),e.src+=\"#?secret=\"+t,e.setAttribute(\"data-secret\",t)),e.contentWindow.postMessage({message:\"ready\",secret:t},\"*\")},!1)))}(window,document);\n\/\/# sourceURL=https:\/\/darkamazi.site\/other\/js\/wp-embed.min.js\n<\/script>\n","thumbnail_url":"https:\/\/darkamazi.site\/file\/2025\/12\/Ozcelikt.jpg","thumbnail_width":1280,"thumbnail_height":720,"description":"K\u00fcrdistan Yurtseverler Partisi (PWK) Genel Ba\u015fkan\u0131 Mustafa \u00d6z\u00e7elik: Ba\u015fkan Say\u0131n Mesud Barzani\u2019ye Y\u00f6nelik Irk\u00e7\u0131 Sald\u0131r\u0131 ve S\u00f6ylemleri K\u0131n\u0131yoruz Ba\u015fkan Say\u0131n Mesud Barzani, 29 Kas\u0131m 2025 g\u00fcn\u00fc \u015e\u0131rnak\u2019\u0131n Cizre il\u00e7esinde, \u015e\u0131rnak \u00dcniversitesi\u2019nin organizasyonu ile d\u00fczenlenen 4. Uluslararas\u0131 Melay\u00ea Ciz\u00eer\u00ee Sempozyumu\u2019na kat\u0131ld\u0131. Ba\u015fkan Say\u0131n Mesud Barzani, \u015e\u0131rnak \u00dcniversitesi\u2019nin davetlisi olarak bu sempozyuma kat\u0131ld\u0131. PWK Genel Ba\u015fkan Yard\u0131mc\u0131lar\u0131 [&hellip;]"}