{"version":"1.0","provider_name":"Darka Mazi","provider_url":"https:\/\/darkamazi.site","title":"Ba\u015fkan Barzani'den DEM Parti'nin d\u00fczenledi\u011fi konferansa mesaj: Bar\u0131\u015f s\u00fcrecine hizmet edecek her t\u00fcrl\u00fc \u00e7abay\u0131 destekliyorum - Darka Mazi","type":"rich","width":600,"height":338,"html":"<blockquote class=\"darka-embedded-content\" data-secret=\"KekiEBLDlf\"><a href=\"https:\/\/darkamazi.site\/archives\/1035874\">Ba\u015fkan Barzani&#8217;den DEM Parti&#8217;nin d\u00fczenledi\u011fi konferansa mesaj: Bar\u0131\u015f s\u00fcrecine hizmet edecek her t\u00fcrl\u00fc \u00e7abay\u0131 destekliyorum<\/a><\/blockquote><iframe sandbox=\"allow-scripts\" security=\"restricted\" src=\"https:\/\/darkamazi.site\/archives\/1035874\/embed#?secret=KekiEBLDlf\" width=\"600\" height=\"338\" title=\"&#8220;Ba\u015fkan Barzani&#8217;den DEM Parti&#8217;nin d\u00fczenledi\u011fi konferansa mesaj: Bar\u0131\u015f s\u00fcrecine hizmet edecek her t\u00fcrl\u00fc \u00e7abay\u0131 destekliyorum&#8221; &#8212; Darka Mazi\" data-secret=\"KekiEBLDlf\" frameborder=\"0\" marginwidth=\"0\" marginheight=\"0\" scrolling=\"no\" class=\"darka-embedded-content\"><\/iframe><script>\n\/*! This file is auto-generated *\/\n!function(d,l){\"use strict\";l.querySelector&&d.addEventListener&&\"undefined\"!=typeof URL&&(d.wp=d.wp||{},d.wp.receiveEmbedMessage||(d.wp.receiveEmbedMessage=function(e){var t=e.data;if((t||t.secret||t.message||t.value)&&!\/[^a-zA-Z0-9]\/.test(t.secret)){for(var s,r,n,a=l.querySelectorAll('iframe[data-secret=\"'+t.secret+'\"]'),o=l.querySelectorAll('blockquote[data-secret=\"'+t.secret+'\"]'),c=new RegExp(\"^https?:$\",\"i\"),i=0;i<o.length;i++)o[i].style.display=\"none\";for(i=0;i<a.length;i++)s=a[i],e.source===s.contentWindow&&(s.removeAttribute(\"style\"),\"height\"===t.message?(1e3<(r=parseInt(t.value,10))?r=1e3:~~r<200&&(r=200),s.height=r):\"link\"===t.message&&(r=new URL(s.getAttribute(\"src\")),n=new URL(t.value),c.test(n.protocol))&&n.host===r.host&&l.activeElement===s&&(d.top.location.href=t.value))}},d.addEventListener(\"message\",d.wp.receiveEmbedMessage,!1),l.addEventListener(\"DOMContentLoaded\",function(){for(var e,t,s=l.querySelectorAll(\"iframe.darka-embedded-content\"),r=0;r<s.length;r++)(t=(e=s[r]).getAttribute(\"data-secret\"))||(t=Math.random().toString(36).substring(2,12),e.src+=\"#?secret=\"+t,e.setAttribute(\"data-secret\",t)),e.contentWindow.postMessage({message:\"ready\",secret:t},\"*\")},!1)))}(window,document);\n\/\/# sourceURL=https:\/\/darkamazi.site\/other\/js\/wp-embed.min.js\n<\/script>\n","thumbnail_url":"https:\/\/darkamazi.site\/file\/2025\/12\/FrqsdwQWYAI-HIN.jpeg","thumbnail_width":900,"thumbnail_height":497,"description":"DEM Parti&#8217;nin d\u00fczenledi\u011fi uluslararas\u0131 bar\u0131\u015f konferans\u0131na mesaj g\u00f6nderen Ba\u015fkan Mesud Barzani, bar\u0131\u015f s\u00fcrecine ili\u015fkin, \u201cT\u00fcm taraflar\u0131n ge\u00e7mi\u015fin hatalar\u0131ndan ders \u00e7\u0131karmas\u0131, her t\u00fcrl\u00fc zorluk ve geli\u015fmeye taze bir nefesle, berrak bir bak\u0131\u015f a\u00e7\u0131s\u0131yla, inan\u00e7 ve umutla kar\u015f\u0131l\u0131k vermesi gerek.\u201d dedi. DEM Parti\u2019nin, \u0130stanbul Bak\u0131rk\u00f6y&#8217;de bulunan Cem Karaca K\u00fclt\u00fcr Merkezi&#8217;nde d\u00fczenledi\u011fi \u201cUluslararas\u0131 Bar\u0131\u015f ve Demokratik Toplum Konferans\u0131\u201dna [&hellip;]"}