{"version":"1.0","provider_name":"Darka Mazi","provider_url":"https:\/\/darkamazi.site","title":"Gazeteci Kawa Germiyani 12 y\u0131l \u00f6nce YNK g\u00fc\u00e7leri taraf\u0131ndan katledildi\u2026 - Darka Mazi","type":"rich","width":600,"height":338,"html":"<blockquote class=\"darka-embedded-content\" data-secret=\"f3MXfrdzPb\"><a href=\"https:\/\/darkamazi.site\/archives\/1035877\">Gazeteci Kawa Germiyani 12 y\u0131l \u00f6nce YNK g\u00fc\u00e7leri taraf\u0131ndan katledildi\u2026<\/a><\/blockquote><iframe sandbox=\"allow-scripts\" security=\"restricted\" src=\"https:\/\/darkamazi.site\/archives\/1035877\/embed#?secret=f3MXfrdzPb\" width=\"600\" height=\"338\" title=\"&#8220;Gazeteci Kawa Germiyani 12 y\u0131l \u00f6nce YNK g\u00fc\u00e7leri taraf\u0131ndan katledildi\u2026&#8221; &#8212; Darka Mazi\" data-secret=\"f3MXfrdzPb\" frameborder=\"0\" marginwidth=\"0\" marginheight=\"0\" scrolling=\"no\" class=\"darka-embedded-content\"><\/iframe><script>\n\/*! This file is auto-generated *\/\n!function(d,l){\"use strict\";l.querySelector&&d.addEventListener&&\"undefined\"!=typeof URL&&(d.wp=d.wp||{},d.wp.receiveEmbedMessage||(d.wp.receiveEmbedMessage=function(e){var t=e.data;if((t||t.secret||t.message||t.value)&&!\/[^a-zA-Z0-9]\/.test(t.secret)){for(var s,r,n,a=l.querySelectorAll('iframe[data-secret=\"'+t.secret+'\"]'),o=l.querySelectorAll('blockquote[data-secret=\"'+t.secret+'\"]'),c=new RegExp(\"^https?:$\",\"i\"),i=0;i<o.length;i++)o[i].style.display=\"none\";for(i=0;i<a.length;i++)s=a[i],e.source===s.contentWindow&&(s.removeAttribute(\"style\"),\"height\"===t.message?(1e3<(r=parseInt(t.value,10))?r=1e3:~~r<200&&(r=200),s.height=r):\"link\"===t.message&&(r=new URL(s.getAttribute(\"src\")),n=new URL(t.value),c.test(n.protocol))&&n.host===r.host&&l.activeElement===s&&(d.top.location.href=t.value))}},d.addEventListener(\"message\",d.wp.receiveEmbedMessage,!1),l.addEventListener(\"DOMContentLoaded\",function(){for(var e,t,s=l.querySelectorAll(\"iframe.darka-embedded-content\"),r=0;r<s.length;r++)(t=(e=s[r]).getAttribute(\"data-secret\"))||(t=Math.random().toString(36).substring(2,12),e.src+=\"#?secret=\"+t,e.setAttribute(\"data-secret\",t)),e.contentWindow.postMessage({message:\"ready\",secret:t},\"*\")},!1)))}(window,document);\n\/\/# sourceURL=https:\/\/darkamazi.site\/other\/js\/wp-embed.min.js\n<\/script>\n","thumbnail_url":"https:\/\/darkamazi.site\/file\/2025\/12\/ynk.jpg","thumbnail_width":900,"thumbnail_height":497,"description":"Gazeteci Kawa Germiyan\u00ee\u2019nin katledilmesinin \u00fczerinden 12 \u00a0y\u0131l ge\u00e7ti. Kawa Germiyani\u2019nin ailesi 12 y\u0131lda yapt\u0131klar\u0131 a\u00e7\u0131klamada \u201cYNK \u00f6l\u00fcm emrini vereni \u00a0se\u00e7im d\u00f6neminde Kahraman ilan etti\u201d dedi. YNK hala gazetecileri b\u00fcy\u00fck bir bask\u0131 alt\u0131nda tutmaya devam ediyor. 5 Aral\u0131k 2013 gecesi Rayel dergisinin edit\u00f6r\u00fc ve sahibi ile Awene gazetesinin muhabiri Kawa Germiyan\u00ee, Kelar semtinde evinin \u00f6n\u00fcnde vurularak [&hellip;]"}