{"version":"1.0","provider_name":"Darka Mazi","provider_url":"https:\/\/darkamazi.site","title":"Ne Leyla Zana bir \u015fah\u0131st\u0131r ne hakaret edenler taraftard\u0131r;\u00a0 mesele K\u00fcrt d\u00fc\u015fmanl\u0131\u011f\u0131d\u0131r\u2026 - Darka Mazi","type":"rich","width":600,"height":338,"html":"<blockquote class=\"darka-embedded-content\" data-secret=\"HagJUUCsGA\"><a href=\"https:\/\/darkamazi.site\/archives\/1035997\">Ne Leyla Zana bir \u015fah\u0131st\u0131r ne hakaret edenler taraftard\u0131r;\u00a0 mesele K\u00fcrt d\u00fc\u015fmanl\u0131\u011f\u0131d\u0131r\u2026<\/a><\/blockquote><iframe sandbox=\"allow-scripts\" security=\"restricted\" src=\"https:\/\/darkamazi.site\/archives\/1035997\/embed#?secret=HagJUUCsGA\" width=\"600\" height=\"338\" title=\"&#8220;Ne Leyla Zana bir \u015fah\u0131st\u0131r ne hakaret edenler taraftard\u0131r;\u00a0 mesele K\u00fcrt d\u00fc\u015fmanl\u0131\u011f\u0131d\u0131r\u2026&#8221; &#8212; Darka Mazi\" data-secret=\"HagJUUCsGA\" frameborder=\"0\" marginwidth=\"0\" marginheight=\"0\" scrolling=\"no\" class=\"darka-embedded-content\"><\/iframe><script>\n\/*! This file is auto-generated *\/\n!function(d,l){\"use strict\";l.querySelector&&d.addEventListener&&\"undefined\"!=typeof URL&&(d.wp=d.wp||{},d.wp.receiveEmbedMessage||(d.wp.receiveEmbedMessage=function(e){var t=e.data;if((t||t.secret||t.message||t.value)&&!\/[^a-zA-Z0-9]\/.test(t.secret)){for(var s,r,n,a=l.querySelectorAll('iframe[data-secret=\"'+t.secret+'\"]'),o=l.querySelectorAll('blockquote[data-secret=\"'+t.secret+'\"]'),c=new RegExp(\"^https?:$\",\"i\"),i=0;i<o.length;i++)o[i].style.display=\"none\";for(i=0;i<a.length;i++)s=a[i],e.source===s.contentWindow&&(s.removeAttribute(\"style\"),\"height\"===t.message?(1e3<(r=parseInt(t.value,10))?r=1e3:~~r<200&&(r=200),s.height=r):\"link\"===t.message&&(r=new URL(s.getAttribute(\"src\")),n=new URL(t.value),c.test(n.protocol))&&n.host===r.host&&l.activeElement===s&&(d.top.location.href=t.value))}},d.addEventListener(\"message\",d.wp.receiveEmbedMessage,!1),l.addEventListener(\"DOMContentLoaded\",function(){for(var e,t,s=l.querySelectorAll(\"iframe.darka-embedded-content\"),r=0;r<s.length;r++)(t=(e=s[r]).getAttribute(\"data-secret\"))||(t=Math.random().toString(36).substring(2,12),e.src+=\"#?secret=\"+t,e.setAttribute(\"data-secret\",t)),e.contentWindow.postMessage({message:\"ready\",secret:t},\"*\")},!1)))}(window,document);\n\/\/# sourceURL=https:\/\/darkamazi.site\/other\/js\/wp-embed.min.js\n<\/script>\n","thumbnail_url":"https:\/\/darkamazi.site\/file\/2025\/12\/Leyla-Zana-site.jpg","thumbnail_width":900,"thumbnail_height":475,"description":"Bir anl\u0131k \u00f6fke de\u011fil\u2026 Bir gurubun ta\u015fk\u0131nl\u0131\u011f\u0131 hi\u00e7 de\u011fil\u2026 Bursaspor- Somaspor ma\u00e7\u0131nda t\u00fcrbinlerde Leyla Zana\u2019ya al\u00e7ak\u00e7a k\u00fcf\u00fcrler ve hakaretlerle tezah\u00fcratta bulundu. Olaydan sonra AKP i\u00e7indeki K\u00fcrt milletvekillerinden tutun MHP\u2019li vekillere kadar herkes olay\u0131 k\u0131nad\u0131. Hatta T\u00fcrk siyasetinin Milliyet\u00e7i isimlerinden Meral Ak\u015fener Leyla Zana\u2019y\u0131 aray\u0131p \u201conu destekledi\u011fini\u201d s\u00f6yledi\u2026 Oysa bu dil yeni de\u011fildi\u2026 Bu zihniyette yeni [&hellip;]"}