{"version":"1.0","provider_name":"Darka Mazi","provider_url":"https:\/\/darkamazi.site","title":"YNK\u2019de \u00fcrk\u00fcten olay: Kad\u0131n milletvekili istedi YNK b\u00fcrosu \u00a0kendi gazetecilerini ka\u00e7\u0131r\u0131p \u00f6ld\u00fcresiye d\u00f6vd\u00fc - Darka Mazi","type":"rich","width":600,"height":338,"html":"<blockquote class=\"darka-embedded-content\" data-secret=\"LRHSM3K4Lt\"><a href=\"https:\/\/darkamazi.site\/archives\/1036013\">YNK\u2019de \u00fcrk\u00fcten olay: Kad\u0131n milletvekili istedi YNK b\u00fcrosu \u00a0kendi gazetecilerini ka\u00e7\u0131r\u0131p \u00f6ld\u00fcresiye d\u00f6vd\u00fc<\/a><\/blockquote><iframe sandbox=\"allow-scripts\" security=\"restricted\" src=\"https:\/\/darkamazi.site\/archives\/1036013\/embed#?secret=LRHSM3K4Lt\" width=\"600\" height=\"338\" title=\"&#8220;YNK\u2019de \u00fcrk\u00fcten olay: Kad\u0131n milletvekili istedi YNK b\u00fcrosu \u00a0kendi gazetecilerini ka\u00e7\u0131r\u0131p \u00f6ld\u00fcresiye d\u00f6vd\u00fc&#8221; &#8212; Darka Mazi\" data-secret=\"LRHSM3K4Lt\" frameborder=\"0\" marginwidth=\"0\" marginheight=\"0\" scrolling=\"no\" class=\"darka-embedded-content\"><\/iframe><script>\n\/*! This file is auto-generated *\/\n!function(d,l){\"use strict\";l.querySelector&&d.addEventListener&&\"undefined\"!=typeof URL&&(d.wp=d.wp||{},d.wp.receiveEmbedMessage||(d.wp.receiveEmbedMessage=function(e){var t=e.data;if((t||t.secret||t.message||t.value)&&!\/[^a-zA-Z0-9]\/.test(t.secret)){for(var s,r,n,a=l.querySelectorAll('iframe[data-secret=\"'+t.secret+'\"]'),o=l.querySelectorAll('blockquote[data-secret=\"'+t.secret+'\"]'),c=new RegExp(\"^https?:$\",\"i\"),i=0;i<o.length;i++)o[i].style.display=\"none\";for(i=0;i<a.length;i++)s=a[i],e.source===s.contentWindow&&(s.removeAttribute(\"style\"),\"height\"===t.message?(1e3<(r=parseInt(t.value,10))?r=1e3:~~r<200&&(r=200),s.height=r):\"link\"===t.message&&(r=new URL(s.getAttribute(\"src\")),n=new URL(t.value),c.test(n.protocol))&&n.host===r.host&&l.activeElement===s&&(d.top.location.href=t.value))}},d.addEventListener(\"message\",d.wp.receiveEmbedMessage,!1),l.addEventListener(\"DOMContentLoaded\",function(){for(var e,t,s=l.querySelectorAll(\"iframe.darka-embedded-content\"),r=0;r<s.length;r++)(t=(e=s[r]).getAttribute(\"data-secret\"))||(t=Math.random().toString(36).substring(2,12),e.src+=\"#?secret=\"+t,e.setAttribute(\"data-secret\",t)),e.contentWindow.postMessage({message:\"ready\",secret:t},\"*\")},!1)))}(window,document);\n\/\/# sourceURL=https:\/\/darkamazi.site\/other\/js\/wp-embed.min.js\n<\/script>\n","thumbnail_url":"https:\/\/darkamazi.site\/file\/2025\/12\/shnyar.jpg","thumbnail_width":900,"thumbnail_height":475,"description":"Ge\u00e7ti\u011fimiz Pazar g\u00fcn\u00fc YNK\u2019nin Hewler b\u00fcrosu kendi \u00fcyeleri ve gazetecileri olan Miran Bak\u0131r\u2019\u0131 ka\u00e7\u0131r\u0131p \u00f6ld\u00fcresiye d\u00f6vd\u00fc. Gazeteci Bak\u0131r YNK \u00fcyesi ayr\u0131ca K\u00fcrdistan B\u00f6lgesi h\u00fck\u00fcmetinde YNK\u2019den do\u011fru h\u00fck\u00fcmete kat\u0131lan Pe\u015fmerge Bakan\u0131n de s\u00f6zc\u00fcs\u00fc. \u00a0YNK milletvekili \u015einyar Enver\u2019i ele\u015ftirdi\u011fi i\u00e7in g\u00f6z da\u011f\u0131 vermek i\u00e7in ka\u00e7\u0131r\u0131ld\u0131\u011f\u0131 belirtiliyor. 19 Aral\u0131k gecesi Hewler\u2019in bir mahallesinde Pe\u015fmerge Bakan\u0131n\u0131n Bas\u0131n sekreteri olan [&hellip;]"}