{"version":"1.0","provider_name":"Darka Mazi","provider_url":"https:\/\/darkamazi.site","title":"5 K\u00fcrt \u00f6rg\u00fct\u00fcnden Trump\u2019\u0131n \u0130ran a\u00e7\u0131klamas\u0131na destek ve Avrupa\u2019ya \u00e7a\u011fr\u0131: \u0130ran\u2019la ticari ili\u015fkiler i\u00e7in insanl\u0131k de\u011ferlerine s\u0131rt d\u00f6nmeyin - Darka Mazi","type":"rich","width":600,"height":338,"html":"<blockquote class=\"darka-embedded-content\" data-secret=\"mjDUKLBULG\"><a href=\"https:\/\/darkamazi.site\/archives\/1036101\">5 K\u00fcrt \u00f6rg\u00fct\u00fcnden Trump\u2019\u0131n \u0130ran a\u00e7\u0131klamas\u0131na destek ve Avrupa\u2019ya \u00e7a\u011fr\u0131: \u0130ran\u2019la ticari ili\u015fkiler i\u00e7in insanl\u0131k de\u011ferlerine s\u0131rt d\u00f6nmeyin<\/a><\/blockquote><iframe sandbox=\"allow-scripts\" security=\"restricted\" src=\"https:\/\/darkamazi.site\/archives\/1036101\/embed#?secret=mjDUKLBULG\" width=\"600\" height=\"338\" title=\"&#8220;5 K\u00fcrt \u00f6rg\u00fct\u00fcnden Trump\u2019\u0131n \u0130ran a\u00e7\u0131klamas\u0131na destek ve Avrupa\u2019ya \u00e7a\u011fr\u0131: \u0130ran\u2019la ticari ili\u015fkiler i\u00e7in insanl\u0131k de\u011ferlerine s\u0131rt d\u00f6nmeyin&#8221; &#8212; Darka Mazi\" data-secret=\"mjDUKLBULG\" frameborder=\"0\" marginwidth=\"0\" marginheight=\"0\" scrolling=\"no\" class=\"darka-embedded-content\"><\/iframe><script>\n\/*! This file is auto-generated *\/\n!function(d,l){\"use strict\";l.querySelector&&d.addEventListener&&\"undefined\"!=typeof URL&&(d.wp=d.wp||{},d.wp.receiveEmbedMessage||(d.wp.receiveEmbedMessage=function(e){var t=e.data;if((t||t.secret||t.message||t.value)&&!\/[^a-zA-Z0-9]\/.test(t.secret)){for(var s,r,n,a=l.querySelectorAll('iframe[data-secret=\"'+t.secret+'\"]'),o=l.querySelectorAll('blockquote[data-secret=\"'+t.secret+'\"]'),c=new RegExp(\"^https?:$\",\"i\"),i=0;i<o.length;i++)o[i].style.display=\"none\";for(i=0;i<a.length;i++)s=a[i],e.source===s.contentWindow&&(s.removeAttribute(\"style\"),\"height\"===t.message?(1e3<(r=parseInt(t.value,10))?r=1e3:~~r<200&&(r=200),s.height=r):\"link\"===t.message&&(r=new URL(s.getAttribute(\"src\")),n=new URL(t.value),c.test(n.protocol))&&n.host===r.host&&l.activeElement===s&&(d.top.location.href=t.value))}},d.addEventListener(\"message\",d.wp.receiveEmbedMessage,!1),l.addEventListener(\"DOMContentLoaded\",function(){for(var e,t,s=l.querySelectorAll(\"iframe.darka-embedded-content\"),r=0;r<s.length;r++)(t=(e=s[r]).getAttribute(\"data-secret\"))||(t=Math.random().toString(36).substring(2,12),e.src+=\"#?secret=\"+t,e.setAttribute(\"data-secret\",t)),e.contentWindow.postMessage({message:\"ready\",secret:t},\"*\")},!1)))}(window,document);\n\/\/# sourceURL=https:\/\/darkamazi.site\/other\/js\/wp-embed.min.js\n<\/script>\n","thumbnail_url":"https:\/\/darkamazi.site\/file\/2026\/01\/Iran-Kurd.jpg","thumbnail_width":900,"thumbnail_height":500,"description":"\u0130ran\u2019da g\u00f6steriler yo\u011funla\u015f\u0131rken 5 K\u00fcrt \u00f6rg\u00fct \u0130ran\u2019a kar\u015f\u0131 tutumunu a\u00e7\u0131klad\u0131. A\u00e7\u0131klamada Avrupa\u2019n\u0131n sessizli\u011fi ele\u015ftirilerken g\u00fcnl\u00fck olarak \u0130ran\u2019a kar\u015f\u0131 verdikleri m\u00fccadeleden geri ad\u0131m atmayacaklar\u0131n\u0131 belirttiler. K\u00fcrdistan \u00d6zg\u00fcrl\u00fck Partisi (PAK), K\u00fcrdistan Milli Ordusu (SMK), K\u00fcrdistan \u00d6zg\u00fcrl\u00fck Timleri (TAK), K\u00fcrdistan Kad\u0131n \u00d6zg\u00fcrl\u00fck Hareketi (Nina) ve K\u00fcrdistan Gen\u00e7lik \u00d6rg\u00fct\u00fc (RAK) toplu bir a\u00e7\u0131klama yay\u0131nlad\u0131. A\u00e7\u0131klaman\u0131n t\u00fcm metni a\u015fa\u011f\u0131da\u2026 \u00a0K\u00fcrdistan [&hellip;]"}