{"version":"1.0","provider_name":"Darka Mazi","provider_url":"https:\/\/darkamazi.site","title":"E\u015frefiye ve \u015eeyh Maksud \u00e7at\u0131\u015fmalar\u0131n\u0131n askeri ve siyasi sonu\u00e7lar\u0131 \u00fczerine\u2026 - Darka Mazi","type":"rich","width":600,"height":338,"html":"<blockquote class=\"darka-embedded-content\" data-secret=\"6CeWRVcB0c\"><a href=\"https:\/\/darkamazi.site\/archives\/1036173\">E\u015frefiye ve \u015eeyh Maksud \u00e7at\u0131\u015fmalar\u0131n\u0131n askeri ve siyasi sonu\u00e7lar\u0131 \u00fczerine\u2026<\/a><\/blockquote><iframe sandbox=\"allow-scripts\" security=\"restricted\" src=\"https:\/\/darkamazi.site\/archives\/1036173\/embed#?secret=6CeWRVcB0c\" width=\"600\" height=\"338\" title=\"&#8220;E\u015frefiye ve \u015eeyh Maksud \u00e7at\u0131\u015fmalar\u0131n\u0131n askeri ve siyasi sonu\u00e7lar\u0131 \u00fczerine\u2026&#8221; &#8212; Darka Mazi\" data-secret=\"6CeWRVcB0c\" frameborder=\"0\" marginwidth=\"0\" marginheight=\"0\" scrolling=\"no\" class=\"darka-embedded-content\"><\/iframe><script>\n\/*! This file is auto-generated *\/\n!function(d,l){\"use strict\";l.querySelector&&d.addEventListener&&\"undefined\"!=typeof URL&&(d.wp=d.wp||{},d.wp.receiveEmbedMessage||(d.wp.receiveEmbedMessage=function(e){var t=e.data;if((t||t.secret||t.message||t.value)&&!\/[^a-zA-Z0-9]\/.test(t.secret)){for(var s,r,n,a=l.querySelectorAll('iframe[data-secret=\"'+t.secret+'\"]'),o=l.querySelectorAll('blockquote[data-secret=\"'+t.secret+'\"]'),c=new RegExp(\"^https?:$\",\"i\"),i=0;i<o.length;i++)o[i].style.display=\"none\";for(i=0;i<a.length;i++)s=a[i],e.source===s.contentWindow&&(s.removeAttribute(\"style\"),\"height\"===t.message?(1e3<(r=parseInt(t.value,10))?r=1e3:~~r<200&&(r=200),s.height=r):\"link\"===t.message&&(r=new URL(s.getAttribute(\"src\")),n=new URL(t.value),c.test(n.protocol))&&n.host===r.host&&l.activeElement===s&&(d.top.location.href=t.value))}},d.addEventListener(\"message\",d.wp.receiveEmbedMessage,!1),l.addEventListener(\"DOMContentLoaded\",function(){for(var e,t,s=l.querySelectorAll(\"iframe.darka-embedded-content\"),r=0;r<s.length;r++)(t=(e=s[r]).getAttribute(\"data-secret\"))||(t=Math.random().toString(36).substring(2,12),e.src+=\"#?secret=\"+t,e.setAttribute(\"data-secret\",t)),e.contentWindow.postMessage({message:\"ready\",secret:t},\"*\")},!1)))}(window,document);\n\/\/# sourceURL=https:\/\/darkamazi.site\/other\/js\/wp-embed.min.js\n<\/script>\n","thumbnail_url":"https:\/\/darkamazi.site\/file\/2026\/01\/shikhmaqsod.jpg","thumbnail_width":900,"thumbnail_height":497,"description":"7 Ocak g\u00fcn\u00fc E\u015frefiye ve \u015eeyh Maksud\u2019da ba\u015flayan \u00e7at\u0131\u015fmalar ay\u0131n 11\u2019inde sabaha kar\u015f\u0131 yap\u0131lan a\u00e7\u0131klama ile sona geldi. D\u00f6rt g\u00fcnl\u00fck \u00e7at\u0131\u015fma i\u00e7inde iki mahalledeki K\u00fcrtler g\u00f6\u00e7e u\u011frad\u0131 ve b\u00fcy\u00fck ac\u0131larla kar\u015f\u0131 kar\u015f\u0131ya kald\u0131. K\u00fcrt halk\u0131n\u0131n o\u011fullar\u0131 ve k\u0131zlar\u0131 bu mahallelerde b\u00fcy\u00fck bir direni\u015f g\u00f6stererek \u015fehit d\u00fc\u015ft\u00fc. \u015eehitlerin ve halk\u0131n kahramanl\u0131\u011f\u0131n\u0131n \u00f6n\u00fcnde sayg\u0131 ile e\u011filiyorum. K\u00fcrtler [&hellip;]"}