{"version":"1.0","provider_name":"Darka Mazi","provider_url":"https:\/\/darkamazi.site","title":"Erbil Valili\u011fi Halep'teki olaylar nedeni ile \" Suriye \u00dcr\u00fcnleri Fuar\u0131n\u0131\" iptal etti - Darka Mazi","type":"rich","width":600,"height":338,"html":"<blockquote class=\"darka-embedded-content\" data-secret=\"7mjsR5D99z\"><a href=\"https:\/\/darkamazi.site\/archives\/1036176\">Erbil Valili\u011fi Halep&#8217;teki olaylar nedeni ile &#8221; Suriye \u00dcr\u00fcnleri Fuar\u0131n\u0131&#8221; iptal etti<\/a><\/blockquote><iframe sandbox=\"allow-scripts\" security=\"restricted\" src=\"https:\/\/darkamazi.site\/archives\/1036176\/embed#?secret=7mjsR5D99z\" width=\"600\" height=\"338\" title=\"&#8220;Erbil Valili\u011fi Halep&#8217;teki olaylar nedeni ile &#8221; Suriye \u00dcr\u00fcnleri Fuar\u0131n\u0131&#8221; iptal etti&#8221; &#8212; Darka Mazi\" data-secret=\"7mjsR5D99z\" frameborder=\"0\" marginwidth=\"0\" marginheight=\"0\" scrolling=\"no\" class=\"darka-embedded-content\"><\/iframe><script>\n\/*! This file is auto-generated *\/\n!function(d,l){\"use strict\";l.querySelector&&d.addEventListener&&\"undefined\"!=typeof URL&&(d.wp=d.wp||{},d.wp.receiveEmbedMessage||(d.wp.receiveEmbedMessage=function(e){var t=e.data;if((t||t.secret||t.message||t.value)&&!\/[^a-zA-Z0-9]\/.test(t.secret)){for(var s,r,n,a=l.querySelectorAll('iframe[data-secret=\"'+t.secret+'\"]'),o=l.querySelectorAll('blockquote[data-secret=\"'+t.secret+'\"]'),c=new RegExp(\"^https?:$\",\"i\"),i=0;i<o.length;i++)o[i].style.display=\"none\";for(i=0;i<a.length;i++)s=a[i],e.source===s.contentWindow&&(s.removeAttribute(\"style\"),\"height\"===t.message?(1e3<(r=parseInt(t.value,10))?r=1e3:~~r<200&&(r=200),s.height=r):\"link\"===t.message&&(r=new URL(s.getAttribute(\"src\")),n=new URL(t.value),c.test(n.protocol))&&n.host===r.host&&l.activeElement===s&&(d.top.location.href=t.value))}},d.addEventListener(\"message\",d.wp.receiveEmbedMessage,!1),l.addEventListener(\"DOMContentLoaded\",function(){for(var e,t,s=l.querySelectorAll(\"iframe.darka-embedded-content\"),r=0;r<s.length;r++)(t=(e=s[r]).getAttribute(\"data-secret\"))||(t=Math.random().toString(36).substring(2,12),e.src+=\"#?secret=\"+t,e.setAttribute(\"data-secret\",t)),e.contentWindow.postMessage({message:\"ready\",secret:t},\"*\")},!1)))}(window,document);\n\/\/# sourceURL=https:\/\/darkamazi.site\/other\/js\/wp-embed.min.js\n<\/script>\n","thumbnail_url":"https:\/\/darkamazi.site\/file\/2026\/01\/Fuar.jpg","thumbnail_width":1562,"thumbnail_height":878,"description":"Erbil Valisi Omid Xo\u015fnav, Suriye\u2019de ya\u015fanan geli\u015fmeler nedeniyle 26 Ocak\u2019ta d\u00fczenlenmesi planlanan Suriye \u00dcr\u00fcnleri Fuar\u0131\u2019n\u0131n tamamen iptal edildi\u011fini a\u00e7\u0131klad\u0131. R\u00fbdaw\u2019a konu\u015fan Vali Xo\u015fnav, 26 Ocak 2026\u2019da Erbil Uluslararas\u0131 Fuar Alan\u0131\u2019nda a\u00e7\u0131lmas\u0131 beklenen organizasyonun durduruldu\u011funu belirterek, \u201cSuriye\u2019deki son olaylar nedeniyle bu fuar\u0131n a\u00e7\u0131lmas\u0131na hi\u00e7bir \u015fekilde izin verilmeyecektir\u201d dedi. Gerek\u00e7e: Halep\u2019teki geli\u015fmeler Xo\u015fnav, iptal karar\u0131n\u0131n temel gerek\u00e7esinin [&hellip;]"}