{"version":"1.0","provider_name":"Darka Mazi","provider_url":"https:\/\/darkamazi.site","title":"Ne\u00e7irvan Barzani: Suriye\u2019deki K\u00fcrt halk\u0131n\u0131n haklar\u0131n\u0131 desteklemeye devam edece\u011fiz - Darka Mazi","type":"rich","width":600,"height":338,"html":"<blockquote class=\"darka-embedded-content\" data-secret=\"F4ID50m9cA\"><a href=\"https:\/\/darkamazi.site\/archives\/1036186\">Ne\u00e7irvan Barzani: Suriye\u2019deki K\u00fcrt halk\u0131n\u0131n haklar\u0131n\u0131 desteklemeye devam edece\u011fiz<\/a><\/blockquote><iframe sandbox=\"allow-scripts\" security=\"restricted\" src=\"https:\/\/darkamazi.site\/archives\/1036186\/embed#?secret=F4ID50m9cA\" width=\"600\" height=\"338\" title=\"&#8220;Ne\u00e7irvan Barzani: Suriye\u2019deki K\u00fcrt halk\u0131n\u0131n haklar\u0131n\u0131 desteklemeye devam edece\u011fiz&#8221; &#8212; Darka Mazi\" data-secret=\"F4ID50m9cA\" frameborder=\"0\" marginwidth=\"0\" marginheight=\"0\" scrolling=\"no\" class=\"darka-embedded-content\"><\/iframe><script>\n\/*! This file is auto-generated *\/\n!function(d,l){\"use strict\";l.querySelector&&d.addEventListener&&\"undefined\"!=typeof URL&&(d.wp=d.wp||{},d.wp.receiveEmbedMessage||(d.wp.receiveEmbedMessage=function(e){var t=e.data;if((t||t.secret||t.message||t.value)&&!\/[^a-zA-Z0-9]\/.test(t.secret)){for(var s,r,n,a=l.querySelectorAll('iframe[data-secret=\"'+t.secret+'\"]'),o=l.querySelectorAll('blockquote[data-secret=\"'+t.secret+'\"]'),c=new RegExp(\"^https?:$\",\"i\"),i=0;i<o.length;i++)o[i].style.display=\"none\";for(i=0;i<a.length;i++)s=a[i],e.source===s.contentWindow&&(s.removeAttribute(\"style\"),\"height\"===t.message?(1e3<(r=parseInt(t.value,10))?r=1e3:~~r<200&&(r=200),s.height=r):\"link\"===t.message&&(r=new URL(s.getAttribute(\"src\")),n=new URL(t.value),c.test(n.protocol))&&n.host===r.host&&l.activeElement===s&&(d.top.location.href=t.value))}},d.addEventListener(\"message\",d.wp.receiveEmbedMessage,!1),l.addEventListener(\"DOMContentLoaded\",function(){for(var e,t,s=l.querySelectorAll(\"iframe.darka-embedded-content\"),r=0;r<s.length;r++)(t=(e=s[r]).getAttribute(\"data-secret\"))||(t=Math.random().toString(36).substring(2,12),e.src+=\"#?secret=\"+t,e.setAttribute(\"data-secret\",t)),e.contentWindow.postMessage({message:\"ready\",secret:t},\"*\")},!1)))}(window,document);\n\/\/# sourceURL=https:\/\/darkamazi.site\/other\/js\/wp-embed.min.js\n<\/script>\n","thumbnail_url":"https:\/\/darkamazi.site\/file\/2026\/01\/Necirvan-Barzani.jpg","thumbnail_width":752,"thumbnail_height":472,"description":"K\u00fcrdistan B\u00f6lgesi Ba\u015fkan\u0131 Ne\u00e7irvan Barzani, b\u00f6lgede t\u0131rmanan askeri hareketlilik ve Suriye\u2019deki krizi g\u00f6r\u00fc\u015fmek \u00fczere Fransa\u2019n\u0131n Irak B\u00fcy\u00fckel\u00e7isi Patrick Durel ile bir araya geldi. Ne\u00e7irvan Barzani, Halep\u2019te \u00e7at\u0131\u015fmalar\u0131n durmas\u0131 i\u00e7in t\u00fcm akt\u00f6rlerle yo\u011fun bir diplomasi y\u00fcr\u00fctt\u00fcklerini a\u00e7\u0131klad\u0131. &#8220;Suriye\u2019deki t\u00fcm bile\u015fenlerin haklar\u0131n\u0131 destekliyoruz&#8221;\u00a0\u00a0 G\u00f6r\u00fc\u015fmede Suriye\u2019deki geli\u015fmeleri yak\u0131ndan takip ettiklerini belirten Ne\u00e7irvan Barzani, &#8220;K\u00fcrdistan B\u00f6lgesi olarak Suriye\u2019deki K\u00fcrt [&hellip;]"}