{"version":"1.0","provider_name":"Darka Mazi","provider_url":"https:\/\/darkamazi.site","title":"Ne\u00e7irvan Barzani: \"K\u00fcrtlerin haklar\u0131 Suriye\u2019nin gelecekteki anayasas\u0131nda g\u00fcvence alt\u0131na al\u0131nmal\u0131\" - Darka Mazi","type":"rich","width":600,"height":338,"html":"<blockquote class=\"darka-embedded-content\" data-secret=\"1krGuQ6UnG\"><a href=\"https:\/\/darkamazi.site\/archives\/1036252\">Ne\u00e7irvan Barzani: &#8220;K\u00fcrtlerin haklar\u0131 Suriye\u2019nin gelecekteki anayasas\u0131nda g\u00fcvence alt\u0131na al\u0131nmal\u0131&#8221;<\/a><\/blockquote><iframe sandbox=\"allow-scripts\" security=\"restricted\" src=\"https:\/\/darkamazi.site\/archives\/1036252\/embed#?secret=1krGuQ6UnG\" width=\"600\" height=\"338\" title=\"&#8220;Ne\u00e7irvan Barzani: &#8220;K\u00fcrtlerin haklar\u0131 Suriye\u2019nin gelecekteki anayasas\u0131nda g\u00fcvence alt\u0131na al\u0131nmal\u0131&#8221;&#8221; &#8212; Darka Mazi\" data-secret=\"1krGuQ6UnG\" frameborder=\"0\" marginwidth=\"0\" marginheight=\"0\" scrolling=\"no\" class=\"darka-embedded-content\"><\/iframe><script>\n\/*! This file is auto-generated *\/\n!function(d,l){\"use strict\";l.querySelector&&d.addEventListener&&\"undefined\"!=typeof URL&&(d.wp=d.wp||{},d.wp.receiveEmbedMessage||(d.wp.receiveEmbedMessage=function(e){var t=e.data;if((t||t.secret||t.message||t.value)&&!\/[^a-zA-Z0-9]\/.test(t.secret)){for(var s,r,n,a=l.querySelectorAll('iframe[data-secret=\"'+t.secret+'\"]'),o=l.querySelectorAll('blockquote[data-secret=\"'+t.secret+'\"]'),c=new RegExp(\"^https?:$\",\"i\"),i=0;i<o.length;i++)o[i].style.display=\"none\";for(i=0;i<a.length;i++)s=a[i],e.source===s.contentWindow&&(s.removeAttribute(\"style\"),\"height\"===t.message?(1e3<(r=parseInt(t.value,10))?r=1e3:~~r<200&&(r=200),s.height=r):\"link\"===t.message&&(r=new URL(s.getAttribute(\"src\")),n=new URL(t.value),c.test(n.protocol))&&n.host===r.host&&l.activeElement===s&&(d.top.location.href=t.value))}},d.addEventListener(\"message\",d.wp.receiveEmbedMessage,!1),l.addEventListener(\"DOMContentLoaded\",function(){for(var e,t,s=l.querySelectorAll(\"iframe.darka-embedded-content\"),r=0;r<s.length;r++)(t=(e=s[r]).getAttribute(\"data-secret\"))||(t=Math.random().toString(36).substring(2,12),e.src+=\"#?secret=\"+t,e.setAttribute(\"data-secret\",t)),e.contentWindow.postMessage({message:\"ready\",secret:t},\"*\")},!1)))}(window,document);\n\/\/# sourceURL=https:\/\/darkamazi.site\/other\/js\/wp-embed.min.js\n<\/script>\n","thumbnail_url":"https:\/\/darkamazi.site\/file\/2026\/01\/Aciklama.jpg","thumbnail_width":1200,"thumbnail_height":677,"description":"K\u00fcrdistan B\u00f6lgesi Ba\u015fkan\u0131 Ne\u00e7irvan Barzani, Suriye Arap Ordusu ile Demokratik Suriye G\u00fc\u00e7leri (DSG) aras\u0131nda t\u0131rmanan \u00e7at\u0131\u015fmalara ili\u015fkin yaz\u0131l\u0131 bir a\u00e7\u0131klama yay\u0131mlad\u0131. Barzani, \u00e7at\u0131\u015fmalar\u0131n durdurulmas\u0131 i\u00e7in arabuluculu\u011fa haz\u0131r olduklar\u0131n\u0131 vurgularken, Suriye\u2019nin gelece\u011finde K\u00fcrtlerin haklar\u0131n\u0131n anayasal g\u00fcvence alt\u0131na al\u0131nmas\u0131 gerekti\u011fini belirtti. Ba\u015fkan Ne\u00e7irvan Barzani, Suriye\u2019de ya\u015fanan askeri \u00e7at\u0131\u015fmalar\u0131 &#8220;b\u00fcy\u00fck bir endi\u015feyle&#8221; takip ettiklerini ifade etti. Sava\u015f\u0131n s\u00fcrmesinin [&hellip;]"}