{"version":"1.0","provider_name":"Darka Mazi","provider_url":"https:\/\/darkamazi.site","title":"G\u00fcney Bat\u0131 Kurdistan Kurdlerinin \u00a0hikayesi! - Darka Mazi","type":"rich","width":600,"height":338,"html":"<blockquote class=\"darka-embedded-content\" data-secret=\"mkTQeeJaWh\"><a href=\"https:\/\/darkamazi.site\/archives\/1036311\">G\u00fcney Bat\u0131 Kurdistan Kurdlerinin \u00a0hikayesi!<\/a><\/blockquote><iframe sandbox=\"allow-scripts\" security=\"restricted\" src=\"https:\/\/darkamazi.site\/archives\/1036311\/embed#?secret=mkTQeeJaWh\" width=\"600\" height=\"338\" title=\"&#8220;G\u00fcney Bat\u0131 Kurdistan Kurdlerinin \u00a0hikayesi!&#8221; &#8212; Darka Mazi\" data-secret=\"mkTQeeJaWh\" frameborder=\"0\" marginwidth=\"0\" marginheight=\"0\" scrolling=\"no\" class=\"darka-embedded-content\"><\/iframe><script>\n\/*! This file is auto-generated *\/\n!function(d,l){\"use strict\";l.querySelector&&d.addEventListener&&\"undefined\"!=typeof URL&&(d.wp=d.wp||{},d.wp.receiveEmbedMessage||(d.wp.receiveEmbedMessage=function(e){var t=e.data;if((t||t.secret||t.message||t.value)&&!\/[^a-zA-Z0-9]\/.test(t.secret)){for(var s,r,n,a=l.querySelectorAll('iframe[data-secret=\"'+t.secret+'\"]'),o=l.querySelectorAll('blockquote[data-secret=\"'+t.secret+'\"]'),c=new RegExp(\"^https?:$\",\"i\"),i=0;i<o.length;i++)o[i].style.display=\"none\";for(i=0;i<a.length;i++)s=a[i],e.source===s.contentWindow&&(s.removeAttribute(\"style\"),\"height\"===t.message?(1e3<(r=parseInt(t.value,10))?r=1e3:~~r<200&&(r=200),s.height=r):\"link\"===t.message&&(r=new URL(s.getAttribute(\"src\")),n=new URL(t.value),c.test(n.protocol))&&n.host===r.host&&l.activeElement===s&&(d.top.location.href=t.value))}},d.addEventListener(\"message\",d.wp.receiveEmbedMessage,!1),l.addEventListener(\"DOMContentLoaded\",function(){for(var e,t,s=l.querySelectorAll(\"iframe.darka-embedded-content\"),r=0;r<s.length;r++)(t=(e=s[r]).getAttribute(\"data-secret\"))||(t=Math.random().toString(36).substring(2,12),e.src+=\"#?secret=\"+t,e.setAttribute(\"data-secret\",t)),e.contentWindow.postMessage({message:\"ready\",secret:t},\"*\")},!1)))}(window,document);\n\/\/# sourceURL=https:\/\/darkamazi.site\/other\/js\/wp-embed.min.js\n<\/script>\n","thumbnail_url":"https:\/\/darkamazi.site\/file\/2026\/01\/sheyhmus-4.jpg","thumbnail_width":900,"thumbnail_height":475,"description":"\u00d6calan-PKK\u2019n\u0131n, G\u00fcneybat\u0131 K\u00fcrdistan (Rojava) K\u00fcrtlerinin iradesini gasp edip kontrol\u00fc ele ald\u0131\u011f\u0131 g\u00fcnden beri, K\u00fcrtlerin kendi topraklar\u0131ndaki talepleri tehlikeye girdi. \u00d6nce \u015funu s\u00f6ylediler: \u201cBuras\u0131 yaln\u0131zca Kurdlerin topra\u011f\u0131 de\u011fildir. Burada ya\u015fayan t\u00fcm milletlerin ortak vatan\u0131d\u0131r; bu nedenle biz bir K\u00fcrt mill\u00ee \u00f6rg\u00fct\u00fc de\u011filiz. Demokratik, ekolojik ve kad\u0131n \u00f6zg\u00fcrl\u00fck\u00e7\u00fc bir hareketiz. Mill\u00ee taleplere kar\u015f\u0131y\u0131z, milliyet\u00e7ilik felsefesine kar\u015f\u0131y\u0131z.\u201d(!) PKK\u2019n\u0131n [&hellip;]"}