{"version":"1.0","provider_name":"Darka Mazi","provider_url":"https:\/\/darkamazi.site","title":"Ba\u015fkan Barzani'den Kobani mesaj\u0131: Bu zafer, t\u00fcm K\u00fcrdistan halk\u0131n\u0131n zaferiydi - Darka Mazi","type":"rich","width":600,"height":338,"html":"<blockquote class=\"darka-embedded-content\" data-secret=\"MC68cz4mMf\"><a href=\"https:\/\/darkamazi.site\/archives\/1036328\">Ba\u015fkan Barzani&#8217;den Kobani mesaj\u0131: Bu zafer, t\u00fcm K\u00fcrdistan halk\u0131n\u0131n zaferiydi<\/a><\/blockquote><iframe sandbox=\"allow-scripts\" security=\"restricted\" src=\"https:\/\/darkamazi.site\/archives\/1036328\/embed#?secret=MC68cz4mMf\" width=\"600\" height=\"338\" title=\"&#8220;Ba\u015fkan Barzani&#8217;den Kobani mesaj\u0131: Bu zafer, t\u00fcm K\u00fcrdistan halk\u0131n\u0131n zaferiydi&#8221; &#8212; Darka Mazi\" data-secret=\"MC68cz4mMf\" frameborder=\"0\" marginwidth=\"0\" marginheight=\"0\" scrolling=\"no\" class=\"darka-embedded-content\"><\/iframe><script>\n\/*! This file is auto-generated *\/\n!function(d,l){\"use strict\";l.querySelector&&d.addEventListener&&\"undefined\"!=typeof URL&&(d.wp=d.wp||{},d.wp.receiveEmbedMessage||(d.wp.receiveEmbedMessage=function(e){var t=e.data;if((t||t.secret||t.message||t.value)&&!\/[^a-zA-Z0-9]\/.test(t.secret)){for(var s,r,n,a=l.querySelectorAll('iframe[data-secret=\"'+t.secret+'\"]'),o=l.querySelectorAll('blockquote[data-secret=\"'+t.secret+'\"]'),c=new RegExp(\"^https?:$\",\"i\"),i=0;i<o.length;i++)o[i].style.display=\"none\";for(i=0;i<a.length;i++)s=a[i],e.source===s.contentWindow&&(s.removeAttribute(\"style\"),\"height\"===t.message?(1e3<(r=parseInt(t.value,10))?r=1e3:~~r<200&&(r=200),s.height=r):\"link\"===t.message&&(r=new URL(s.getAttribute(\"src\")),n=new URL(t.value),c.test(n.protocol))&&n.host===r.host&&l.activeElement===s&&(d.top.location.href=t.value))}},d.addEventListener(\"message\",d.wp.receiveEmbedMessage,!1),l.addEventListener(\"DOMContentLoaded\",function(){for(var e,t,s=l.querySelectorAll(\"iframe.darka-embedded-content\"),r=0;r<s.length;r++)(t=(e=s[r]).getAttribute(\"data-secret\"))||(t=Math.random().toString(36).substring(2,12),e.src+=\"#?secret=\"+t,e.setAttribute(\"data-secret\",t)),e.contentWindow.postMessage({message:\"ready\",secret:t},\"*\")},!1)))}(window,document);\n\/\/# sourceURL=https:\/\/darkamazi.site\/other\/js\/wp-embed.min.js\n<\/script>\n","thumbnail_url":"https:\/\/darkamazi.site\/file\/2026\/01\/bayrakli-photo.jpg","thumbnail_width":1000,"thumbnail_height":506,"description":"Ba\u015fkan Mesud Barzani, Kobani&#8217;nin DA\u0130\u015e&#8217;ten kurtar\u0131lmas\u0131n\u0131n y\u0131l d\u00f6n\u00fcm\u00fcnde Pe\u015fmerge ve sava\u015f\u00e7\u0131lara tebriklerini ileterek, bu zaferi &#8220;insanl\u0131\u011f\u0131n ter\u00f6rizm ve karanl\u0131\u011fa kar\u015f\u0131 zaferi&#8221; olarak nitelendirdi. Mesud Barzani, bug\u00fcn (26 Ocak 2026 Pazartesi) Kobani\u2019nin DA\u0130\u015e\u2019ten kurtar\u0131lmas\u0131n\u0131n 11. y\u0131l d\u00f6n\u00fcm\u00fcnde bir mesaj\u0131 yay\u0131mlad\u0131. Barzani\u2019nin Ofisinin sosyal medya hesab\u0131ndan, K\u00fcrt\u00e7enin Kurmanci ve Sorani leh\u00e7eleri ile Arap\u00e7a yap\u0131lan payla\u015f\u0131mda, \u201cKobani&#8217;de ter\u00f6ristlerin [&hellip;]"}