{"version":"1.0","provider_name":"Darka Mazi","provider_url":"https:\/\/darkamazi.site","title":"Reber Ahmed: K\u00fcrdistan B\u00f6lgesi, hi\u00e7bir kom\u015fu \u00fclke i\u00e7in tehdit kayna\u011f\u0131 olmayacak - Darka Mazi","type":"rich","width":600,"height":338,"html":"<blockquote class=\"darka-embedded-content\" data-secret=\"ztALVmLaRt\"><a href=\"https:\/\/darkamazi.site\/archives\/1036502\">Reber Ahmed: K\u00fcrdistan B\u00f6lgesi, hi\u00e7bir kom\u015fu \u00fclke i\u00e7in tehdit kayna\u011f\u0131 olmayacak<\/a><\/blockquote><iframe sandbox=\"allow-scripts\" security=\"restricted\" src=\"https:\/\/darkamazi.site\/archives\/1036502\/embed#?secret=ztALVmLaRt\" width=\"600\" height=\"338\" title=\"&#8220;Reber Ahmed: K\u00fcrdistan B\u00f6lgesi, hi\u00e7bir kom\u015fu \u00fclke i\u00e7in tehdit kayna\u011f\u0131 olmayacak&#8221; &#8212; Darka Mazi\" data-secret=\"ztALVmLaRt\" frameborder=\"0\" marginwidth=\"0\" marginheight=\"0\" scrolling=\"no\" class=\"darka-embedded-content\"><\/iframe><script>\n\/*! This file is auto-generated *\/\n!function(d,l){\"use strict\";l.querySelector&&d.addEventListener&&\"undefined\"!=typeof URL&&(d.wp=d.wp||{},d.wp.receiveEmbedMessage||(d.wp.receiveEmbedMessage=function(e){var t=e.data;if((t||t.secret||t.message||t.value)&&!\/[^a-zA-Z0-9]\/.test(t.secret)){for(var s,r,n,a=l.querySelectorAll('iframe[data-secret=\"'+t.secret+'\"]'),o=l.querySelectorAll('blockquote[data-secret=\"'+t.secret+'\"]'),c=new RegExp(\"^https?:$\",\"i\"),i=0;i<o.length;i++)o[i].style.display=\"none\";for(i=0;i<a.length;i++)s=a[i],e.source===s.contentWindow&&(s.removeAttribute(\"style\"),\"height\"===t.message?(1e3<(r=parseInt(t.value,10))?r=1e3:~~r<200&&(r=200),s.height=r):\"link\"===t.message&&(r=new URL(s.getAttribute(\"src\")),n=new URL(t.value),c.test(n.protocol))&&n.host===r.host&&l.activeElement===s&&(d.top.location.href=t.value))}},d.addEventListener(\"message\",d.wp.receiveEmbedMessage,!1),l.addEventListener(\"DOMContentLoaded\",function(){for(var e,t,s=l.querySelectorAll(\"iframe.darka-embedded-content\"),r=0;r<s.length;r++)(t=(e=s[r]).getAttribute(\"data-secret\"))||(t=Math.random().toString(36).substring(2,12),e.src+=\"#?secret=\"+t,e.setAttribute(\"data-secret\",t)),e.contentWindow.postMessage({message:\"ready\",secret:t},\"*\")},!1)))}(window,document);\n\/\/# sourceURL=https:\/\/darkamazi.site\/other\/js\/wp-embed.min.js\n<\/script>\n","thumbnail_url":"https:\/\/darkamazi.site\/file\/2026\/02\/reber-ahmet.jpg","thumbnail_width":1562,"thumbnail_height":878,"description":"\u0130\u00e7i\u015fleri Bakan\u0131 Reber Ahmed, K\u00fcrdistan B\u00f6lgesi&#8217;nin hi\u00e7bir kom\u015fu \u00fclke i\u00e7in tehdit kayna\u011f\u0131 olmayaca\u011f\u0131n\u0131 vurgulad\u0131. K\u00fcrdistan B\u00f6lgesi \u0130\u00e7i\u015fleri Bakan\u0131, bug\u00fcn (22 \u015eubat 2026 Pazar) d\u00fczenledi\u011fi bas\u0131n toplant\u0131s\u0131nda b\u00f6lgedeki g\u00fcvenlik durumu ve ter\u00f6r tehdidi hakk\u0131nda a\u00e7\u0131klama yapt\u0131. \u0130\u00e7i\u015fleri Bakan\u0131, K\u00fcrdistan B\u00f6lgesi&#8217;nin istikrarl\u0131 politikas\u0131n\u0131 vurgulayarak, &#8220;K\u00fcrdistan B\u00f6lgesi,\u00a0hi\u00e7bir kom\u015fu \u00fclke i\u00e7in tehdit kayna\u011f\u0131 olmayacakt\u0131r.&#8221; dedi. Ahmed ayr\u0131ca K\u00fcrdistan B\u00f6lgesi&#8217;nin [&hellip;]"}