{"version":"1.0","provider_name":"Darka Mazi","provider_url":"https:\/\/darkamazi.site","title":"Irak devletinden K\u00fcrt demografisini de\u011fi\u015ftirmek i\u00e7in bir karar daha: Xaneqin \u015fehrinin s\u0131n\u0131rlar\u0131 k\u00fc\u00e7\u00fclt\u00fcl\u00fcyor, K\u00fcrt idari yap\u0131s\u0131 zay\u0131flat\u0131l\u0131yor - Darka Mazi","type":"rich","width":600,"height":338,"html":"<blockquote class=\"darka-embedded-content\" data-secret=\"Wh0jNvN5HL\"><a href=\"https:\/\/darkamazi.site\/archives\/1036512\">Irak devletinden K\u00fcrt demografisini de\u011fi\u015ftirmek i\u00e7in bir karar daha: Xaneqin \u015fehrinin s\u0131n\u0131rlar\u0131 k\u00fc\u00e7\u00fclt\u00fcl\u00fcyor, K\u00fcrt idari yap\u0131s\u0131 zay\u0131flat\u0131l\u0131yor<\/a><\/blockquote><iframe sandbox=\"allow-scripts\" security=\"restricted\" src=\"https:\/\/darkamazi.site\/archives\/1036512\/embed#?secret=Wh0jNvN5HL\" width=\"600\" height=\"338\" title=\"&#8220;Irak devletinden K\u00fcrt demografisini de\u011fi\u015ftirmek i\u00e7in bir karar daha: Xaneqin \u015fehrinin s\u0131n\u0131rlar\u0131 k\u00fc\u00e7\u00fclt\u00fcl\u00fcyor, K\u00fcrt idari yap\u0131s\u0131 zay\u0131flat\u0131l\u0131yor&#8221; &#8212; Darka Mazi\" data-secret=\"Wh0jNvN5HL\" frameborder=\"0\" marginwidth=\"0\" marginheight=\"0\" scrolling=\"no\" class=\"darka-embedded-content\"><\/iframe><script>\n\/*! This file is auto-generated *\/\n!function(d,l){\"use strict\";l.querySelector&&d.addEventListener&&\"undefined\"!=typeof URL&&(d.wp=d.wp||{},d.wp.receiveEmbedMessage||(d.wp.receiveEmbedMessage=function(e){var t=e.data;if((t||t.secret||t.message||t.value)&&!\/[^a-zA-Z0-9]\/.test(t.secret)){for(var s,r,n,a=l.querySelectorAll('iframe[data-secret=\"'+t.secret+'\"]'),o=l.querySelectorAll('blockquote[data-secret=\"'+t.secret+'\"]'),c=new RegExp(\"^https?:$\",\"i\"),i=0;i<o.length;i++)o[i].style.display=\"none\";for(i=0;i<a.length;i++)s=a[i],e.source===s.contentWindow&&(s.removeAttribute(\"style\"),\"height\"===t.message?(1e3<(r=parseInt(t.value,10))?r=1e3:~~r<200&&(r=200),s.height=r):\"link\"===t.message&&(r=new URL(s.getAttribute(\"src\")),n=new URL(t.value),c.test(n.protocol))&&n.host===r.host&&l.activeElement===s&&(d.top.location.href=t.value))}},d.addEventListener(\"message\",d.wp.receiveEmbedMessage,!1),l.addEventListener(\"DOMContentLoaded\",function(){for(var e,t,s=l.querySelectorAll(\"iframe.darka-embedded-content\"),r=0;r<s.length;r++)(t=(e=s[r]).getAttribute(\"data-secret\"))||(t=Math.random().toString(36).substring(2,12),e.src+=\"#?secret=\"+t,e.setAttribute(\"data-secret\",t)),e.contentWindow.postMessage({message:\"ready\",secret:t},\"*\")},!1)))}(window,document);\n\/\/# sourceURL=https:\/\/darkamazi.site\/other\/js\/wp-embed.min.js\n<\/script>\n","thumbnail_url":"https:\/\/darkamazi.site\/file\/2026\/02\/Xaneqin.jpg","thumbnail_width":1562,"thumbnail_height":878,"description":"Irak devleti K\u00fcrdistani b\u00f6lgelerin demografik ve idari yap\u0131s\u0131n\u0131 de\u011fi\u015ftirmek i\u00e7in yeni bir dizi karar ald\u0131. Buna g\u00f6re Xaneqin\u2019e ba\u011fl\u0131 nahiyeler il\u00e7e yap\u0131larak Diyala \u015fehrine ba\u011fland\u0131.\u00a0 Xaneqin\u2019deki siyasi taraflar ve K\u00fcrt aktivistler duruma tepki g\u00f6stererek karar\u0131n durdurulmas\u0131 i\u00e7in h\u00fck\u00fcmete 48 saat s\u00fcre tan\u0131d\u0131. Irak Planlama Bakanl\u0131\u011f\u0131, Gulala&#8217;n\u0131n (Celavla) il\u00e7e stat\u00fcs\u00fcne y\u00fckseltilmesine karar verdi. Planlama Bakan\u0131 Vekili [&hellip;]"}