{"version":"1.0","provider_name":"Darka Mazi","provider_url":"https:\/\/darkamazi.site","title":"\u0130ran devleti 2 K\u00fcrt gencine verilen idam cezas\u0131n\u0131 onaylad\u0131 - Darka Mazi","type":"rich","width":600,"height":338,"html":"<blockquote class=\"darka-embedded-content\" data-secret=\"r1z5COcVaa\"><a href=\"https:\/\/darkamazi.site\/archives\/1036525\">\u0130ran devleti 2 K\u00fcrt gencine verilen idam cezas\u0131n\u0131 onaylad\u0131<\/a><\/blockquote><iframe sandbox=\"allow-scripts\" security=\"restricted\" src=\"https:\/\/darkamazi.site\/archives\/1036525\/embed#?secret=r1z5COcVaa\" width=\"600\" height=\"338\" title=\"&#8220;\u0130ran devleti 2 K\u00fcrt gencine verilen idam cezas\u0131n\u0131 onaylad\u0131&#8221; &#8212; Darka Mazi\" data-secret=\"r1z5COcVaa\" frameborder=\"0\" marginwidth=\"0\" marginheight=\"0\" scrolling=\"no\" class=\"darka-embedded-content\"><\/iframe><script>\n\/*! This file is auto-generated *\/\n!function(d,l){\"use strict\";l.querySelector&&d.addEventListener&&\"undefined\"!=typeof URL&&(d.wp=d.wp||{},d.wp.receiveEmbedMessage||(d.wp.receiveEmbedMessage=function(e){var t=e.data;if((t||t.secret||t.message||t.value)&&!\/[^a-zA-Z0-9]\/.test(t.secret)){for(var s,r,n,a=l.querySelectorAll('iframe[data-secret=\"'+t.secret+'\"]'),o=l.querySelectorAll('blockquote[data-secret=\"'+t.secret+'\"]'),c=new RegExp(\"^https?:$\",\"i\"),i=0;i<o.length;i++)o[i].style.display=\"none\";for(i=0;i<a.length;i++)s=a[i],e.source===s.contentWindow&&(s.removeAttribute(\"style\"),\"height\"===t.message?(1e3<(r=parseInt(t.value,10))?r=1e3:~~r<200&&(r=200),s.height=r):\"link\"===t.message&&(r=new URL(s.getAttribute(\"src\")),n=new URL(t.value),c.test(n.protocol))&&n.host===r.host&&l.activeElement===s&&(d.top.location.href=t.value))}},d.addEventListener(\"message\",d.wp.receiveEmbedMessage,!1),l.addEventListener(\"DOMContentLoaded\",function(){for(var e,t,s=l.querySelectorAll(\"iframe.darka-embedded-content\"),r=0;r<s.length;r++)(t=(e=s[r]).getAttribute(\"data-secret\"))||(t=Math.random().toString(36).substring(2,12),e.src+=\"#?secret=\"+t,e.setAttribute(\"data-secret\",t)),e.contentWindow.postMessage({message:\"ready\",secret:t},\"*\")},!1)))}(window,document);\n\/\/# sourceURL=https:\/\/darkamazi.site\/other\/js\/wp-embed.min.js\n<\/script>\n","thumbnail_url":"https:\/\/darkamazi.site\/file\/2026\/02\/iran-idam-cezasi.jpg","thumbnail_width":900,"thumbnail_height":500,"description":"\u00a0\u0130ran Y\u00fcksek Mahkemesi, 2022\u2019de Jin, Jiyan, Azadi protestolar\u0131n\u0131n ard\u0131ndan tutuklanan Rojh\u0131lat\u2019\u0131n Bukan kentinden 2 K\u00fcrt tutuklu\u00a0\u00a0hakk\u0131nda Mahabad Devrim Mahkemesi taraf\u0131ndan verilen idam karar\u0131n\u0131 onad\u0131 Rojh\u0131lat merkezli insan haklar\u0131 \u00f6rg\u00fctleri, s\u00f6z konusu iki gencin idam cezas\u0131n\u0131n \u0130ran Y\u00fcksek Mahkemesi taraf\u0131ndan onayland\u0131\u011f\u0131n\u0131 duyurdu. Edinilen bilgilere g\u00f6re, \u015fu anda Bukan Merkez Cezaevi&#8217;nde tutulan Reuf \u015eeyh Marufi ve Muhammed [&hellip;]"}