{"version":"1.0","provider_name":"Darka Mazi","provider_url":"https:\/\/darkamazi.site","title":"Ba\u015fbakan Mesrur Barzani ile Alman heyeti Irak ve Suriye\u2019deki I\u015e\u0130D tehdidini g\u00f6r\u00fc\u015ft\u00fc - Darka Mazi","type":"rich","width":600,"height":338,"html":"<blockquote class=\"darka-embedded-content\" data-secret=\"JiaJ5ivS8t\"><a href=\"https:\/\/darkamazi.site\/archives\/1036531\">Ba\u015fbakan Mesrur Barzani ile Alman heyeti Irak ve Suriye\u2019deki I\u015e\u0130D tehdidini g\u00f6r\u00fc\u015ft\u00fc<\/a><\/blockquote><iframe sandbox=\"allow-scripts\" security=\"restricted\" src=\"https:\/\/darkamazi.site\/archives\/1036531\/embed#?secret=JiaJ5ivS8t\" width=\"600\" height=\"338\" title=\"&#8220;Ba\u015fbakan Mesrur Barzani ile Alman heyeti Irak ve Suriye\u2019deki I\u015e\u0130D tehdidini g\u00f6r\u00fc\u015ft\u00fc&#8221; &#8212; Darka Mazi\" data-secret=\"JiaJ5ivS8t\" frameborder=\"0\" marginwidth=\"0\" marginheight=\"0\" scrolling=\"no\" class=\"darka-embedded-content\"><\/iframe><script>\n\/*! This file is auto-generated *\/\n!function(d,l){\"use strict\";l.querySelector&&d.addEventListener&&\"undefined\"!=typeof URL&&(d.wp=d.wp||{},d.wp.receiveEmbedMessage||(d.wp.receiveEmbedMessage=function(e){var t=e.data;if((t||t.secret||t.message||t.value)&&!\/[^a-zA-Z0-9]\/.test(t.secret)){for(var s,r,n,a=l.querySelectorAll('iframe[data-secret=\"'+t.secret+'\"]'),o=l.querySelectorAll('blockquote[data-secret=\"'+t.secret+'\"]'),c=new RegExp(\"^https?:$\",\"i\"),i=0;i<o.length;i++)o[i].style.display=\"none\";for(i=0;i<a.length;i++)s=a[i],e.source===s.contentWindow&&(s.removeAttribute(\"style\"),\"height\"===t.message?(1e3<(r=parseInt(t.value,10))?r=1e3:~~r<200&&(r=200),s.height=r):\"link\"===t.message&&(r=new URL(s.getAttribute(\"src\")),n=new URL(t.value),c.test(n.protocol))&&n.host===r.host&&l.activeElement===s&&(d.top.location.href=t.value))}},d.addEventListener(\"message\",d.wp.receiveEmbedMessage,!1),l.addEventListener(\"DOMContentLoaded\",function(){for(var e,t,s=l.querySelectorAll(\"iframe.darka-embedded-content\"),r=0;r<s.length;r++)(t=(e=s[r]).getAttribute(\"data-secret\"))||(t=Math.random().toString(36).substring(2,12),e.src+=\"#?secret=\"+t,e.setAttribute(\"data-secret\",t)),e.contentWindow.postMessage({message:\"ready\",secret:t},\"*\")},!1)))}(window,document);\n\/\/# sourceURL=https:\/\/darkamazi.site\/other\/js\/wp-embed.min.js\n<\/script>\n","thumbnail_url":"https:\/\/darkamazi.site\/file\/2026\/02\/2-1.jpg","thumbnail_width":1562,"thumbnail_height":878,"description":"K\u00fcrdistan B\u00f6lgesi Ba\u015fbakan\u0131 Mesrur \u200b\u200bBarzani ve\u00a0Almanya D\u0131\u015fi\u015fleri Bakan Yard\u0131mc\u0131s\u0131 Giza Andreas von Geyr, \u00e7e\u015fitli alanlarda ikili ili\u015fkilerin g\u00fc\u00e7lendirilmesinin \u00f6nemini vurgulad\u0131. Mesrur \u200b\u200bBarzani, bug\u00fcn (25 \u015eubat 2026 \u00c7ar\u015famba) D\u0131\u015fi\u015fleri Bakan Yard\u0131mc\u0131s\u0131 Giza Andreas von Geyr ba\u015fkanl\u0131\u011f\u0131ndaki Alman heyetini kabul etti. Almanya&#8217;n\u0131n Ba\u011fdat B\u00fcy\u00fckel\u00e7isi Daniel Kreber&#8217;in de kat\u0131ld\u0131\u011f\u0131 g\u00f6r\u00fc\u015fmede, \u00e7e\u015fitli alanlarda ikili ili\u015fkilerin g\u00fc\u00e7lendirilmesinin \u00f6nemi konusunda mutab\u0131k [&hellip;]"}