{"version":"1.0","provider_name":"Darka Mazi","provider_url":"https:\/\/darkamazi.site","title":"Abdullah \u00d6calan\u2019\u0131n mesaj\u0131: Da\u011f Fare do\u011furdu, hi\u00e7 K\u00fcrt ve K\u00fcrdistan demeden \u201cK\u00fcrt sorununun \u00e7\u00f6z\u00fcm\u00fc\u201d \u00fczerine konu\u015ftu - Darka Mazi","type":"rich","width":600,"height":338,"html":"<blockquote class=\"darka-embedded-content\" data-secret=\"G97JItILpI\"><a href=\"https:\/\/darkamazi.site\/archives\/1036571\">Abdullah \u00d6calan\u2019\u0131n mesaj\u0131: Da\u011f Fare do\u011furdu, hi\u00e7 K\u00fcrt ve K\u00fcrdistan demeden \u201cK\u00fcrt sorununun \u00e7\u00f6z\u00fcm\u00fc\u201d \u00fczerine konu\u015ftu<\/a><\/blockquote><iframe sandbox=\"allow-scripts\" security=\"restricted\" src=\"https:\/\/darkamazi.site\/archives\/1036571\/embed#?secret=G97JItILpI\" width=\"600\" height=\"338\" title=\"&#8220;Abdullah \u00d6calan\u2019\u0131n mesaj\u0131: Da\u011f Fare do\u011furdu, hi\u00e7 K\u00fcrt ve K\u00fcrdistan demeden \u201cK\u00fcrt sorununun \u00e7\u00f6z\u00fcm\u00fc\u201d \u00fczerine konu\u015ftu&#8221; &#8212; Darka Mazi\" data-secret=\"G97JItILpI\" frameborder=\"0\" marginwidth=\"0\" marginheight=\"0\" scrolling=\"no\" class=\"darka-embedded-content\"><\/iframe><script>\n\/*! This file is auto-generated *\/\n!function(d,l){\"use strict\";l.querySelector&&d.addEventListener&&\"undefined\"!=typeof URL&&(d.wp=d.wp||{},d.wp.receiveEmbedMessage||(d.wp.receiveEmbedMessage=function(e){var t=e.data;if((t||t.secret||t.message||t.value)&&!\/[^a-zA-Z0-9]\/.test(t.secret)){for(var s,r,n,a=l.querySelectorAll('iframe[data-secret=\"'+t.secret+'\"]'),o=l.querySelectorAll('blockquote[data-secret=\"'+t.secret+'\"]'),c=new RegExp(\"^https?:$\",\"i\"),i=0;i<o.length;i++)o[i].style.display=\"none\";for(i=0;i<a.length;i++)s=a[i],e.source===s.contentWindow&&(s.removeAttribute(\"style\"),\"height\"===t.message?(1e3<(r=parseInt(t.value,10))?r=1e3:~~r<200&&(r=200),s.height=r):\"link\"===t.message&&(r=new URL(s.getAttribute(\"src\")),n=new URL(t.value),c.test(n.protocol))&&n.host===r.host&&l.activeElement===s&&(d.top.location.href=t.value))}},d.addEventListener(\"message\",d.wp.receiveEmbedMessage,!1),l.addEventListener(\"DOMContentLoaded\",function(){for(var e,t,s=l.querySelectorAll(\"iframe.darka-embedded-content\"),r=0;r<s.length;r++)(t=(e=s[r]).getAttribute(\"data-secret\"))||(t=Math.random().toString(36).substring(2,12),e.src+=\"#?secret=\"+t,e.setAttribute(\"data-secret\",t)),e.contentWindow.postMessage({message:\"ready\",secret:t},\"*\")},!1)))}(window,document);\n\/\/# sourceURL=https:\/\/darkamazi.site\/other\/js\/wp-embed.min.js\n<\/script>\n","thumbnail_url":"https:\/\/darkamazi.site\/file\/2026\/02\/Ocalan-bizim-photo.jpg","thumbnail_width":900,"thumbnail_height":500,"description":"Feshedilen PKK\u2019nin lideri Abdullah \u00d6calan bu g\u00fcn 27 \u015eubat g\u00fcn\u00fc bir mesaj yay\u0131nlad\u0131. DEM Parti\u2019nin birka\u00e7 g\u00fcnd\u00fcr toplumu \u00f6nemli mesaj olarak motive etti\u011fi mesaj bu g\u00fcn okundu. Abdullah \u00d6calan\u2019\u0131n mesaj\u0131nda ge\u00e7mi\u015fi a\u015fan bir \u015fey yoktu. \u00d6zel bir yeni \u00e7a\u011fr\u0131 yapmad\u0131. Fakat t\u00fcm ge\u00e7mi\u015f s\u00fcreci \u201cnegatif\u201d olarak de\u011ferlendirerek \u015fiddetten t\u00fcmden ar\u0131nmadan s\u00f6z etti. 625 kelimelik mektupta [&hellip;]"}