{"version":"1.0","provider_name":"Darka Mazi","provider_url":"https:\/\/darkamazi.site","title":"PDKI Lideri Mustafa Hicri ya\u015fanan s\u00fcreci de\u011ferlendirdi: \u00a0\u201cKurulacak K\u00fcrdistan\u2019da herkesin haklar\u0131 koruncakt\u0131r\u201d - Darka Mazi","type":"rich","width":600,"height":338,"html":"<blockquote class=\"darka-embedded-content\" data-secret=\"hvBUFwidjl\"><a href=\"https:\/\/darkamazi.site\/archives\/1036611\">PDKI Lideri Mustafa Hicri ya\u015fanan s\u00fcreci de\u011ferlendirdi: \u00a0\u201cKurulacak K\u00fcrdistan\u2019da herkesin haklar\u0131 koruncakt\u0131r\u201d<\/a><\/blockquote><iframe sandbox=\"allow-scripts\" security=\"restricted\" src=\"https:\/\/darkamazi.site\/archives\/1036611\/embed#?secret=hvBUFwidjl\" width=\"600\" height=\"338\" title=\"&#8220;PDKI Lideri Mustafa Hicri ya\u015fanan s\u00fcreci de\u011ferlendirdi: \u00a0\u201cKurulacak K\u00fcrdistan\u2019da herkesin haklar\u0131 koruncakt\u0131r\u201d&#8221; &#8212; Darka Mazi\" data-secret=\"hvBUFwidjl\" frameborder=\"0\" marginwidth=\"0\" marginheight=\"0\" scrolling=\"no\" class=\"darka-embedded-content\"><\/iframe><script>\n\/*! This file is auto-generated *\/\n!function(d,l){\"use strict\";l.querySelector&&d.addEventListener&&\"undefined\"!=typeof URL&&(d.wp=d.wp||{},d.wp.receiveEmbedMessage||(d.wp.receiveEmbedMessage=function(e){var t=e.data;if((t||t.secret||t.message||t.value)&&!\/[^a-zA-Z0-9]\/.test(t.secret)){for(var s,r,n,a=l.querySelectorAll('iframe[data-secret=\"'+t.secret+'\"]'),o=l.querySelectorAll('blockquote[data-secret=\"'+t.secret+'\"]'),c=new RegExp(\"^https?:$\",\"i\"),i=0;i<o.length;i++)o[i].style.display=\"none\";for(i=0;i<a.length;i++)s=a[i],e.source===s.contentWindow&&(s.removeAttribute(\"style\"),\"height\"===t.message?(1e3<(r=parseInt(t.value,10))?r=1e3:~~r<200&&(r=200),s.height=r):\"link\"===t.message&&(r=new URL(s.getAttribute(\"src\")),n=new URL(t.value),c.test(n.protocol))&&n.host===r.host&&l.activeElement===s&&(d.top.location.href=t.value))}},d.addEventListener(\"message\",d.wp.receiveEmbedMessage,!1),l.addEventListener(\"DOMContentLoaded\",function(){for(var e,t,s=l.querySelectorAll(\"iframe.darka-embedded-content\"),r=0;r<s.length;r++)(t=(e=s[r]).getAttribute(\"data-secret\"))||(t=Math.random().toString(36).substring(2,12),e.src+=\"#?secret=\"+t,e.setAttribute(\"data-secret\",t)),e.contentWindow.postMessage({message:\"ready\",secret:t},\"*\")},!1)))}(window,document);\n\/\/# sourceURL=https:\/\/darkamazi.site\/other\/js\/wp-embed.min.js\n<\/script>\n","thumbnail_url":"https:\/\/darkamazi.site\/file\/2026\/03\/pjak.jpg","thumbnail_width":900,"thumbnail_height":475,"description":"PDKI lideri Mustafa Hicri videolu bir mesaj yay\u0131nlad\u0131. Mesajda Do\u011fu K\u00fcrdistanl\u0131 partilerin kurdu\u011fu ittifak\u0131n g\u00f6revleri de\u011ferlendirildi ve halktan destek istendi. PDKI lideri Mustafa Hicri ya\u015fanan s\u00fcre\u00e7 ve Do\u011fu K\u00fcrdistan\u2019daki siyasi yap\u0131lar\u0131n kurdu\u011fu ittifak\u0131n g\u00f6revlerine d\u00f6n\u00fck \u00f6nemli a\u00e7\u0131klamalar yapt\u0131. \u00a0Hicri a\u00e7\u0131klamada K\u00fcrdistan halk\u0131n\u0131n kendini korumas\u0131n\u0131 ve gelece\u011fe umutlu bakmas\u0131n\u0131 isteyerek \u201cOnlarca y\u0131ld\u0131r verilen m\u00fccadeleye denk bir [&hellip;]"}