{"version":"1.0","provider_name":"Darka Mazi","provider_url":"https:\/\/darkamazi.site","title":"Ne\u00e7irvan Barzani ile Macron telefonda g\u00f6r\u00fc\u015ft\u00fc: 'Uluslararas\u0131 \u00e7abalar yo\u011funla\u015fmal\u0131' - Darka Mazi","type":"rich","width":600,"height":338,"html":"<blockquote class=\"darka-embedded-content\" data-secret=\"bo2DiBChWg\"><a href=\"https:\/\/darkamazi.site\/archives\/1036645\">Ne\u00e7irvan Barzani ile Macron telefonda g\u00f6r\u00fc\u015ft\u00fc: &#8216;Uluslararas\u0131 \u00e7abalar yo\u011funla\u015fmal\u0131&#8217;<\/a><\/blockquote><iframe sandbox=\"allow-scripts\" security=\"restricted\" src=\"https:\/\/darkamazi.site\/archives\/1036645\/embed#?secret=bo2DiBChWg\" width=\"600\" height=\"338\" title=\"&#8220;Ne\u00e7irvan Barzani ile Macron telefonda g\u00f6r\u00fc\u015ft\u00fc: &#8216;Uluslararas\u0131 \u00e7abalar yo\u011funla\u015fmal\u0131&#8217;&#8221; &#8212; Darka Mazi\" data-secret=\"bo2DiBChWg\" frameborder=\"0\" marginwidth=\"0\" marginheight=\"0\" scrolling=\"no\" class=\"darka-embedded-content\"><\/iframe><script>\n\/*! This file is auto-generated *\/\n!function(d,l){\"use strict\";l.querySelector&&d.addEventListener&&\"undefined\"!=typeof URL&&(d.wp=d.wp||{},d.wp.receiveEmbedMessage||(d.wp.receiveEmbedMessage=function(e){var t=e.data;if((t||t.secret||t.message||t.value)&&!\/[^a-zA-Z0-9]\/.test(t.secret)){for(var s,r,n,a=l.querySelectorAll('iframe[data-secret=\"'+t.secret+'\"]'),o=l.querySelectorAll('blockquote[data-secret=\"'+t.secret+'\"]'),c=new RegExp(\"^https?:$\",\"i\"),i=0;i<o.length;i++)o[i].style.display=\"none\";for(i=0;i<a.length;i++)s=a[i],e.source===s.contentWindow&&(s.removeAttribute(\"style\"),\"height\"===t.message?(1e3<(r=parseInt(t.value,10))?r=1e3:~~r<200&&(r=200),s.height=r):\"link\"===t.message&&(r=new URL(s.getAttribute(\"src\")),n=new URL(t.value),c.test(n.protocol))&&n.host===r.host&&l.activeElement===s&&(d.top.location.href=t.value))}},d.addEventListener(\"message\",d.wp.receiveEmbedMessage,!1),l.addEventListener(\"DOMContentLoaded\",function(){for(var e,t,s=l.querySelectorAll(\"iframe.darka-embedded-content\"),r=0;r<s.length;r++)(t=(e=s[r]).getAttribute(\"data-secret\"))||(t=Math.random().toString(36).substring(2,12),e.src+=\"#?secret=\"+t,e.setAttribute(\"data-secret\",t)),e.contentWindow.postMessage({message:\"ready\",secret:t},\"*\")},!1)))}(window,document);\n\/\/# sourceURL=https:\/\/darkamazi.site\/other\/js\/wp-embed.min.js\n<\/script>\n","thumbnail_url":"https:\/\/darkamazi.site\/file\/2026\/03\/necirvan-barzani-macron.jpg","thumbnail_width":1562,"thumbnail_height":878,"description":"K\u00fcrdistan B\u00f6lgesi Ba\u015fkan\u0131 Ne\u00e7irvan Barzani ile Fransa Cumhurba\u015fkan\u0131 Emmanuel Macron aras\u0131nda kritik bir telefon diplomasisi trafi\u011fi ya\u015fand\u0131. Bug\u00fcn ger\u00e7ekle\u015fen g\u00f6r\u00fc\u015fmede, Ortado\u011fu\u2019daki son geli\u015fmeler ve s\u00fcregelen sava\u015f\u0131n b\u00f6lge \u00fczerindeki y\u0131k\u0131c\u0131 etkileri masaya yat\u0131r\u0131ld\u0131. \u00c7at\u0131\u015fmalar\u0131n geni\u015fleme riskine kar\u015f\u0131 &#8220;derin endi\u015fe&#8221;\u00a0\u00a0\u00a0\u00a0\u00a0\u00a0\u00a0\u00a0\u00a0\u00a0\u00a0\u00a0\u00a0\u00a0\u00a0 K\u00fcrdistan B\u00f6lgesi Ba\u015fkanl\u0131\u011f\u0131 taraf\u0131ndan yap\u0131lan resmi a\u00e7\u0131klamaya g\u00f6re, her iki lider de gerilimin t\u0131rmanmas\u0131ndan duyduklar\u0131 &#8220;derin endi\u015feyi&#8221; [&hellip;]"}