{"version":"1.0","provider_name":"Darka Mazi","provider_url":"https:\/\/darkamazi.site","title":"Ba\u015fkan Barzani'den K\u00fcrdistan'a yap\u0131lan sald\u0131r\u0131la d\u00f6n\u00fck a\u00e7\u0131klama: \"Herkes iyi bilmelidir ki, sabr\u0131n da bir s\u0131n\u0131r\u0131 vard\u0131r\u201d - Darka Mazi","type":"rich","width":600,"height":338,"html":"<blockquote class=\"darka-embedded-content\" data-secret=\"WLKbAIQX7w\"><a href=\"https:\/\/darkamazi.site\/archives\/1036657\">Ba\u015fkan Barzani&#8217;den K\u00fcrdistan&#8217;a yap\u0131lan sald\u0131r\u0131la d\u00f6n\u00fck a\u00e7\u0131klama: &#8220;Herkes iyi bilmelidir ki, sabr\u0131n da bir s\u0131n\u0131r\u0131 vard\u0131r\u201d<\/a><\/blockquote><iframe sandbox=\"allow-scripts\" security=\"restricted\" src=\"https:\/\/darkamazi.site\/archives\/1036657\/embed#?secret=WLKbAIQX7w\" width=\"600\" height=\"338\" title=\"&#8220;Ba\u015fkan Barzani&#8217;den K\u00fcrdistan&#8217;a yap\u0131lan sald\u0131r\u0131la d\u00f6n\u00fck a\u00e7\u0131klama: &#8220;Herkes iyi bilmelidir ki, sabr\u0131n da bir s\u0131n\u0131r\u0131 vard\u0131r\u201d&#8221; &#8212; Darka Mazi\" data-secret=\"WLKbAIQX7w\" frameborder=\"0\" marginwidth=\"0\" marginheight=\"0\" scrolling=\"no\" class=\"darka-embedded-content\"><\/iframe><script>\n\/*! This file is auto-generated *\/\n!function(d,l){\"use strict\";l.querySelector&&d.addEventListener&&\"undefined\"!=typeof URL&&(d.wp=d.wp||{},d.wp.receiveEmbedMessage||(d.wp.receiveEmbedMessage=function(e){var t=e.data;if((t||t.secret||t.message||t.value)&&!\/[^a-zA-Z0-9]\/.test(t.secret)){for(var s,r,n,a=l.querySelectorAll('iframe[data-secret=\"'+t.secret+'\"]'),o=l.querySelectorAll('blockquote[data-secret=\"'+t.secret+'\"]'),c=new RegExp(\"^https?:$\",\"i\"),i=0;i<o.length;i++)o[i].style.display=\"none\";for(i=0;i<a.length;i++)s=a[i],e.source===s.contentWindow&&(s.removeAttribute(\"style\"),\"height\"===t.message?(1e3<(r=parseInt(t.value,10))?r=1e3:~~r<200&&(r=200),s.height=r):\"link\"===t.message&&(r=new URL(s.getAttribute(\"src\")),n=new URL(t.value),c.test(n.protocol))&&n.host===r.host&&l.activeElement===s&&(d.top.location.href=t.value))}},d.addEventListener(\"message\",d.wp.receiveEmbedMessage,!1),l.addEventListener(\"DOMContentLoaded\",function(){for(var e,t,s=l.querySelectorAll(\"iframe.darka-embedded-content\"),r=0;r<s.length;r++)(t=(e=s[r]).getAttribute(\"data-secret\"))||(t=Math.random().toString(36).substring(2,12),e.src+=\"#?secret=\"+t,e.setAttribute(\"data-secret\",t)),e.contentWindow.postMessage({message:\"ready\",secret:t},\"*\")},!1)))}(window,document);\n\/\/# sourceURL=https:\/\/darkamazi.site\/other\/js\/wp-embed.min.js\n<\/script>\n","thumbnail_url":"https:\/\/darkamazi.site\/file\/2026\/03\/serok-barzani-yeni-photo.jpg","thumbnail_width":1562,"thumbnail_height":878,"description":"Ba\u015fkan Mesud Barzani, K\u00fcrdistan B\u00f6lgesi&#8217;ne y\u00f6nelik son d\u00f6nemde artan sald\u0131r\u0131lara ili\u015fkin sert bir a\u00e7\u0131klama yay\u0131nlad\u0131. K\u00fcrdistan halk\u0131n\u0131n hi\u00e7bir zaman sava\u015ftan yana olmad\u0131\u011f\u0131n\u0131, her zaman bar\u0131\u015f ve birlikte ya\u015fam\u0131 arzulad\u0131\u011f\u0131n\u0131 belirten Ba\u015fkan Barzani, sava\u015f\u0131n sadece y\u0131k\u0131m ve felaket getirdi\u011fini vurgulad\u0131. Barzani ayr\u0131ca, &#8220;Direni\u015f&#8221; (Mukavemet) ad\u0131 alt\u0131nda sivil alanlar\u0131n hedef al\u0131nmas\u0131n\u0131n kabul edilemez oldu\u011funu ifade ederek, &#8220;Herkes [&hellip;]"}