{"version":"1.0","provider_name":"Darka Mazi","provider_url":"https:\/\/darkamazi.site","title":"Duran Kalkan\u2019\u0131n yeni meddahl\u0131k performans\u0131: \u00a0\u00d6calan-Devlet aras\u0131ndaki son anla\u015fmay\u0131 s\u00fcslemek - Darka Mazi","type":"rich","width":600,"height":338,"html":"<blockquote class=\"darka-embedded-content\" data-secret=\"7bH45hyW4k\"><a href=\"https:\/\/darkamazi.site\/archives\/1036686\">Duran Kalkan\u2019\u0131n yeni meddahl\u0131k performans\u0131: \u00a0\u00d6calan-Devlet aras\u0131ndaki son anla\u015fmay\u0131 s\u00fcslemek<\/a><\/blockquote><iframe sandbox=\"allow-scripts\" security=\"restricted\" src=\"https:\/\/darkamazi.site\/archives\/1036686\/embed#?secret=7bH45hyW4k\" width=\"600\" height=\"338\" title=\"&#8220;Duran Kalkan\u2019\u0131n yeni meddahl\u0131k performans\u0131: \u00a0\u00d6calan-Devlet aras\u0131ndaki son anla\u015fmay\u0131 s\u00fcslemek&#8221; &#8212; Darka Mazi\" data-secret=\"7bH45hyW4k\" frameborder=\"0\" marginwidth=\"0\" marginheight=\"0\" scrolling=\"no\" class=\"darka-embedded-content\"><\/iframe><script>\n\/*! This file is auto-generated *\/\n!function(d,l){\"use strict\";l.querySelector&&d.addEventListener&&\"undefined\"!=typeof URL&&(d.wp=d.wp||{},d.wp.receiveEmbedMessage||(d.wp.receiveEmbedMessage=function(e){var t=e.data;if((t||t.secret||t.message||t.value)&&!\/[^a-zA-Z0-9]\/.test(t.secret)){for(var s,r,n,a=l.querySelectorAll('iframe[data-secret=\"'+t.secret+'\"]'),o=l.querySelectorAll('blockquote[data-secret=\"'+t.secret+'\"]'),c=new RegExp(\"^https?:$\",\"i\"),i=0;i<o.length;i++)o[i].style.display=\"none\";for(i=0;i<a.length;i++)s=a[i],e.source===s.contentWindow&&(s.removeAttribute(\"style\"),\"height\"===t.message?(1e3<(r=parseInt(t.value,10))?r=1e3:~~r<200&&(r=200),s.height=r):\"link\"===t.message&&(r=new URL(s.getAttribute(\"src\")),n=new URL(t.value),c.test(n.protocol))&&n.host===r.host&&l.activeElement===s&&(d.top.location.href=t.value))}},d.addEventListener(\"message\",d.wp.receiveEmbedMessage,!1),l.addEventListener(\"DOMContentLoaded\",function(){for(var e,t,s=l.querySelectorAll(\"iframe.darka-embedded-content\"),r=0;r<s.length;r++)(t=(e=s[r]).getAttribute(\"data-secret\"))||(t=Math.random().toString(36).substring(2,12),e.src+=\"#?secret=\"+t,e.setAttribute(\"data-secret\",t)),e.contentWindow.postMessage({message:\"ready\",secret:t},\"*\")},!1)))}(window,document);\n\/\/# sourceURL=https:\/\/darkamazi.site\/other\/js\/wp-embed.min.js\n<\/script>\n","thumbnail_url":"https:\/\/darkamazi.site\/file\/2026\/03\/apo-bahceli-kalkan.jpg","thumbnail_width":900,"thumbnail_height":500,"description":"PKK\u2019nin kurucu \u00fcyesi Duran Kalkan\u2019\u0131n 11 Mart g\u00fcn\u00fc PKK\u2019nin Avrupa\u2019da yay\u0131n yapan Medya Haber kanal\u0131nda bir r\u00f6portaj\u0131 yay\u0131nland\u0131. \u0130ran sava\u015f\u0131 vb kritik g\u00fcndemler nedeni ile herkes r\u00f6portajda acaba ne var diye de merak etti. Oysa ki, \u00d6calan\u2019\u0131n 2026 y\u0131l\u0131nda devreye girmesi ile beraber PKK y\u00f6neticisi Bay\u0131k ve Kalkan gibi isimlerin a\u00e7\u0131klamalar\u0131n\u0131n pek bir \u00f6nemi kalmad\u0131. [&hellip;]"}