{"version":"1.0","provider_name":"Darka Mazi","provider_url":"https:\/\/darkamazi.site","title":"\u015eam'dan Rojava a\u00e7\u0131klamas\u0131: \u00d6zerk Y\u00f6netim, kantonlar ve Asayi\u015f kalmayacak - Darka Mazi","type":"rich","width":600,"height":338,"html":"<blockquote class=\"darka-embedded-content\" data-secret=\"c7eYAVpWvh\"><a href=\"https:\/\/darkamazi.site\/archives\/1037676\">\u015eam&#8217;dan Rojava a\u00e7\u0131klamas\u0131: \u00d6zerk Y\u00f6netim, kantonlar ve Asayi\u015f kalmayacak<\/a><\/blockquote><iframe sandbox=\"allow-scripts\" security=\"restricted\" src=\"https:\/\/darkamazi.site\/archives\/1037676\/embed#?secret=c7eYAVpWvh\" width=\"600\" height=\"338\" title=\"&#8220;\u015eam&#8217;dan Rojava a\u00e7\u0131klamas\u0131: \u00d6zerk Y\u00f6netim, kantonlar ve Asayi\u015f kalmayacak&#8221; &#8212; Darka Mazi\" data-secret=\"c7eYAVpWvh\" frameborder=\"0\" marginwidth=\"0\" marginheight=\"0\" scrolling=\"no\" class=\"darka-embedded-content\"><\/iframe><script>\n\/*! This file is auto-generated *\/\n!function(d,l){\"use strict\";l.querySelector&&d.addEventListener&&\"undefined\"!=typeof URL&&(d.wp=d.wp||{},d.wp.receiveEmbedMessage||(d.wp.receiveEmbedMessage=function(e){var t=e.data;if((t||t.secret||t.message||t.value)&&!\/[^a-zA-Z0-9]\/.test(t.secret)){for(var s,r,n,a=l.querySelectorAll('iframe[data-secret=\"'+t.secret+'\"]'),o=l.querySelectorAll('blockquote[data-secret=\"'+t.secret+'\"]'),c=new RegExp(\"^https?:$\",\"i\"),i=0;i<o.length;i++)o[i].style.display=\"none\";for(i=0;i<a.length;i++)s=a[i],e.source===s.contentWindow&&(s.removeAttribute(\"style\"),\"height\"===t.message?(1e3<(r=parseInt(t.value,10))?r=1e3:~~r<200&&(r=200),s.height=r):\"link\"===t.message&&(r=new URL(s.getAttribute(\"src\")),n=new URL(t.value),c.test(n.protocol))&&n.host===r.host&&l.activeElement===s&&(d.top.location.href=t.value))}},d.addEventListener(\"message\",d.wp.receiveEmbedMessage,!1),l.addEventListener(\"DOMContentLoaded\",function(){for(var e,t,s=l.querySelectorAll(\"iframe.darka-embedded-content\"),r=0;r<s.length;r++)(t=(e=s[r]).getAttribute(\"data-secret\"))||(t=Math.random().toString(36).substring(2,12),e.src+=\"#?secret=\"+t,e.setAttribute(\"data-secret\",t)),e.contentWindow.postMessage({message:\"ready\",secret:t},\"*\")},!1)))}(window,document);\n\/\/# sourceURL=https:\/\/darkamazi.site\/other\/js\/wp-embed.min.js\n<\/script>\n","thumbnail_url":"https:\/\/darkamazi.site\/file\/2026\/04\/Welat-MEdya.jpg","thumbnail_width":1920,"thumbnail_height":1080,"description":"Suriye Devlet Ba\u015fkanl\u0131\u011f\u0131 Ekibi S\u00f6zc\u00fcs\u00fc Ahmed Hilali, DSG ile \u015eam aras\u0131nda var\u0131lan anla\u015fman\u0131n uygulanmas\u0131yla birlikte b\u00f6lgedeki kantonlar\u0131n, \u00d6zerk Y\u00f6netim yap\u0131s\u0131n\u0131n ve Asayi\u015f g\u00fc\u00e7lerinin tamamen la\u011fvedilece\u011fini s\u00f6yledi. Demokratik Suriye G\u00fc\u00e7leri (DSG) ile Suriye ordusu aras\u0131ndaki entegrasyon s\u00fcrecini \u015eam y\u00f6netimi ad\u0131na y\u00fcr\u00fcten heyetten Rojava&#8217;n\u0131n idari ve g\u00fcvenlik stat\u00fcs\u00fcne ili\u015fkin \u00e7arp\u0131c\u0131 a\u00e7\u0131klamalar geldi. Suriye resmi televizyonuna konu\u015fan Devlet [&hellip;]"}