{"version":"1.0","provider_name":"Darka Mazi","provider_url":"https:\/\/darkamazi.site","title":"Zorunlu Entegrasyondan Anayasal Tan\u0131nmaya: Rojava Sonras\u0131 K\u00fcrt Siyasi Hareketinin Hukuki Zemin Aray\u0131\u015f\u0131 - Darka Mazi","type":"rich","width":600,"height":338,"html":"<blockquote class=\"darka-embedded-content\" data-secret=\"IsKxycmyam\"><a href=\"https:\/\/darkamazi.site\/archives\/1039211\">Zorunlu Entegrasyondan Anayasal Tan\u0131nmaya: Rojava Sonras\u0131 K\u00fcrt Siyasi Hareketinin Hukuki Zemin Aray\u0131\u015f\u0131<\/a><\/blockquote><iframe sandbox=\"allow-scripts\" security=\"restricted\" src=\"https:\/\/darkamazi.site\/archives\/1039211\/embed#?secret=IsKxycmyam\" width=\"600\" height=\"338\" title=\"&#8220;Zorunlu Entegrasyondan Anayasal Tan\u0131nmaya: Rojava Sonras\u0131 K\u00fcrt Siyasi Hareketinin Hukuki Zemin Aray\u0131\u015f\u0131&#8221; &#8212; Darka Mazi\" data-secret=\"IsKxycmyam\" frameborder=\"0\" marginwidth=\"0\" marginheight=\"0\" scrolling=\"no\" class=\"darka-embedded-content\"><\/iframe><script>\n\/*! This file is auto-generated *\/\n!function(d,l){\"use strict\";l.querySelector&&d.addEventListener&&\"undefined\"!=typeof URL&&(d.wp=d.wp||{},d.wp.receiveEmbedMessage||(d.wp.receiveEmbedMessage=function(e){var t=e.data;if((t||t.secret||t.message||t.value)&&!\/[^a-zA-Z0-9]\/.test(t.secret)){for(var s,r,n,a=l.querySelectorAll('iframe[data-secret=\"'+t.secret+'\"]'),o=l.querySelectorAll('blockquote[data-secret=\"'+t.secret+'\"]'),c=new RegExp(\"^https?:$\",\"i\"),i=0;i<o.length;i++)o[i].style.display=\"none\";for(i=0;i<a.length;i++)s=a[i],e.source===s.contentWindow&&(s.removeAttribute(\"style\"),\"height\"===t.message?(1e3<(r=parseInt(t.value,10))?r=1e3:~~r<200&&(r=200),s.height=r):\"link\"===t.message&&(r=new URL(s.getAttribute(\"src\")),n=new URL(t.value),c.test(n.protocol))&&n.host===r.host&&l.activeElement===s&&(d.top.location.href=t.value))}},d.addEventListener(\"message\",d.wp.receiveEmbedMessage,!1),l.addEventListener(\"DOMContentLoaded\",function(){for(var e,t,s=l.querySelectorAll(\"iframe.darka-embedded-content\"),r=0;r<s.length;r++)(t=(e=s[r]).getAttribute(\"data-secret\"))||(t=Math.random().toString(36).substring(2,12),e.src+=\"#?secret=\"+t,e.setAttribute(\"data-secret\",t)),e.contentWindow.postMessage({message:\"ready\",secret:t},\"*\")},!1)))}(window,document);\n\/\/# sourceURL=https:\/\/darkamazi.site\/other\/js\/wp-embed.min.js\n<\/script>\n","thumbnail_url":"https:\/\/darkamazi.site\/file\/2026\/08\/Yasar-Bazencir-3.jpg","thumbnail_width":900,"thumbnail_height":500,"description":"Giri\u015f \u201cS\u0131n\u0131rlar\u0131 \u00c7izilmi\u015f \u00d6zerklikten S\u0131n\u0131rlar\u0131n Silinmesine: Korsikadan Rojava&#8217;ya\u201d ba\u015fl\u0131kl\u0131 \u00f6nceki \u00e7al\u0131\u015fma, Korsika ve Rojava \u00f6zerklik modellerini kar\u015f\u0131la\u015ft\u0131rarak, birincisinin anayasal tan\u0131nmaya, ikincisinin ise askeri dengeye dayand\u0131\u011f\u0131 ve bu fark\u0131n, denge bozuldu\u011funda Rojava yap\u0131s\u0131n\u0131n neden h\u0131zla \u00e7\u00f6z\u00fcld\u00fc\u011f\u00fcn\u00fc a\u00e7\u0131klad\u0131\u011f\u0131 tezini ileri s\u00fcrm\u00fc\u015ft\u00fc. O \u00e7al\u0131\u015fma, \u015fu a\u00e7\u0131k soruyla sona eriyordu: K\u00fcrt siyasi hareketi, zorunlu entegrasyon sonras\u0131nda hak aray\u0131\u015f\u0131n\u0131 Korsika [&hellip;]"}