{"version":"1.0","provider_name":"Darka Mazi","provider_url":"https:\/\/darkamazi.site","title":"PKK\u2019li Erdal Avc\u0131, Akademisyen Yektan T\u00fcrky\u0131lmaz\u2019\u0131 \u00f6l\u00fcmle tehdit etti\u2026 - Darka Mazi","type":"rich","width":600,"height":338,"html":"<blockquote class=\"darka-embedded-content\" data-secret=\"vJiXIf3YRV\"><a href=\"https:\/\/darkamazi.site\/archives\/1039224\">PKK\u2019li Erdal Avc\u0131, Akademisyen Yektan T\u00fcrky\u0131lmaz\u2019\u0131 \u00f6l\u00fcmle tehdit etti\u2026<\/a><\/blockquote><iframe sandbox=\"allow-scripts\" security=\"restricted\" src=\"https:\/\/darkamazi.site\/archives\/1039224\/embed#?secret=vJiXIf3YRV\" width=\"600\" height=\"338\" title=\"&#8220;PKK\u2019li Erdal Avc\u0131, Akademisyen Yektan T\u00fcrky\u0131lmaz\u2019\u0131 \u00f6l\u00fcmle tehdit etti\u2026&#8221; &#8212; Darka Mazi\" data-secret=\"vJiXIf3YRV\" frameborder=\"0\" marginwidth=\"0\" marginheight=\"0\" scrolling=\"no\" class=\"darka-embedded-content\"><\/iframe><script>\n\/*! This file is auto-generated *\/\n!function(d,l){\"use strict\";l.querySelector&&d.addEventListener&&\"undefined\"!=typeof URL&&(d.wp=d.wp||{},d.wp.receiveEmbedMessage||(d.wp.receiveEmbedMessage=function(e){var t=e.data;if((t||t.secret||t.message||t.value)&&!\/[^a-zA-Z0-9]\/.test(t.secret)){for(var s,r,n,a=l.querySelectorAll('iframe[data-secret=\"'+t.secret+'\"]'),o=l.querySelectorAll('blockquote[data-secret=\"'+t.secret+'\"]'),c=new RegExp(\"^https?:$\",\"i\"),i=0;i<o.length;i++)o[i].style.display=\"none\";for(i=0;i<a.length;i++)s=a[i],e.source===s.contentWindow&&(s.removeAttribute(\"style\"),\"height\"===t.message?(1e3<(r=parseInt(t.value,10))?r=1e3:~~r<200&&(r=200),s.height=r):\"link\"===t.message&&(r=new URL(s.getAttribute(\"src\")),n=new URL(t.value),c.test(n.protocol))&&n.host===r.host&&l.activeElement===s&&(d.top.location.href=t.value))}},d.addEventListener(\"message\",d.wp.receiveEmbedMessage,!1),l.addEventListener(\"DOMContentLoaded\",function(){for(var e,t,s=l.querySelectorAll(\"iframe.darka-embedded-content\"),r=0;r<s.length;r++)(t=(e=s[r]).getAttribute(\"data-secret\"))||(t=Math.random().toString(36).substring(2,12),e.src+=\"#?secret=\"+t,e.setAttribute(\"data-secret\",t)),e.contentWindow.postMessage({message:\"ready\",secret:t},\"*\")},!1)))}(window,document);\n\/\/# sourceURL=https:\/\/darkamazi.site\/other\/js\/wp-embed.min.js\n<\/script>\n","thumbnail_url":"https:\/\/darkamazi.site\/file\/2026\/09\/yektan-turkyilmaz.jpg","thumbnail_width":900,"thumbnail_height":500,"description":"PKK\u2019nin sosyal medyada K\u00fcrdistani \u00e7izgideki K\u00fcrtlere kar\u015f\u0131 ba\u015flatt\u0131\u011f\u0131 cad\u0131 av\u0131 devam ediyor. Son bir y\u0131l i\u00e7inde onlarca isimi direk ula\u015farak veya sosyal medyadan tehdit eden PKK\u2019li guruplar son aylarda faliyetlerini h\u0131zland\u0131rd\u0131. Son olarak Akademisyen Yektan T\u00fcrky\u0131lmaz PKK\u2019li isimler taraf\u0131ndan a\u00e7\u0131k bi\u00e7imde tehdit edildi. Yapt\u0131\u011f\u0131 Akademik \u00e7al\u0131\u015fmalar\u0131 ve K\u00fcrdistani g\u00fcndeme sundu\u011fu entelekt\u00fcel katk\u0131lar\u0131 ile tan\u0131nan Yektan [&hellip;]"}