{"version":"1.0","provider_name":"Darka Mazi","provider_url":"https:\/\/darkamazi.site","title":"Haseke Vali Yard\u0131mc\u0131s\u0131 Hilali: Suriye g\u00fc\u00e7leri Kam\u0131\u015flo, Derik ve t\u00fcm il genelinde konu\u015flanacak - Darka Mazi","type":"rich","width":600,"height":338,"html":"<blockquote class=\"darka-embedded-content\" data-secret=\"7QEN6IfYaa\"><a href=\"https:\/\/darkamazi.site\/archives\/1039227\">Haseke Vali Yard\u0131mc\u0131s\u0131 Hilali: Suriye g\u00fc\u00e7leri Kam\u0131\u015flo, Derik ve t\u00fcm il genelinde konu\u015flanacak<\/a><\/blockquote><iframe sandbox=\"allow-scripts\" security=\"restricted\" src=\"https:\/\/darkamazi.site\/archives\/1039227\/embed#?secret=7QEN6IfYaa\" width=\"600\" height=\"338\" title=\"&#8220;Haseke Vali Yard\u0131mc\u0131s\u0131 Hilali: Suriye g\u00fc\u00e7leri Kam\u0131\u015flo, Derik ve t\u00fcm il genelinde konu\u015flanacak&#8221; &#8212; Darka Mazi\" data-secret=\"7QEN6IfYaa\" frameborder=\"0\" marginwidth=\"0\" marginheight=\"0\" scrolling=\"no\" class=\"darka-embedded-content\"><\/iframe><script>\n\/*! This file is auto-generated *\/\n!function(d,l){\"use strict\";l.querySelector&&d.addEventListener&&\"undefined\"!=typeof URL&&(d.wp=d.wp||{},d.wp.receiveEmbedMessage||(d.wp.receiveEmbedMessage=function(e){var t=e.data;if((t||t.secret||t.message||t.value)&&!\/[^a-zA-Z0-9]\/.test(t.secret)){for(var s,r,n,a=l.querySelectorAll('iframe[data-secret=\"'+t.secret+'\"]'),o=l.querySelectorAll('blockquote[data-secret=\"'+t.secret+'\"]'),c=new RegExp(\"^https?:$\",\"i\"),i=0;i<o.length;i++)o[i].style.display=\"none\";for(i=0;i<a.length;i++)s=a[i],e.source===s.contentWindow&&(s.removeAttribute(\"style\"),\"height\"===t.message?(1e3<(r=parseInt(t.value,10))?r=1e3:~~r<200&&(r=200),s.height=r):\"link\"===t.message&&(r=new URL(s.getAttribute(\"src\")),n=new URL(t.value),c.test(n.protocol))&&n.host===r.host&&l.activeElement===s&&(d.top.location.href=t.value))}},d.addEventListener(\"message\",d.wp.receiveEmbedMessage,!1),l.addEventListener(\"DOMContentLoaded\",function(){for(var e,t,s=l.querySelectorAll(\"iframe.darka-embedded-content\"),r=0;r<s.length;r++)(t=(e=s[r]).getAttribute(\"data-secret\"))||(t=Math.random().toString(36).substring(2,12),e.src+=\"#?secret=\"+t,e.setAttribute(\"data-secret\",t)),e.contentWindow.postMessage({message:\"ready\",secret:t},\"*\")},!1)))}(window,document);\n\/\/# sourceURL=https:\/\/darkamazi.site\/other\/js\/wp-embed.min.js\n<\/script>\n","thumbnail_url":"https:\/\/darkamazi.site\/file\/2026\/09\/Haseki-vali-yardimcisi.jpg","thumbnail_width":900,"thumbnail_height":473,"description":"\u00a0Haseke\u00a0Vali\u00a0Yard\u0131mc\u0131s\u0131\u00a0Ahmed\u00a0Hilali,\u00a0kente\u00a0giren\u00a0Suriye\u00a0h\u00fck\u00fcmet\u00a0g\u00fc\u00e7lerinin\u00a0Kam\u0131\u015flo\u00a0ve\u00a0Derik\u00a0dahil\u00a0olmak\u00a0\u00fczere\u00a0t\u00fcm\u00a0Haseke\u00a0vilayetine\u00a0yay\u0131laca\u011f\u0131n\u0131\u00a0a\u00e7\u0131klad\u0131.\u00a0Hilali\u00a0ayr\u0131ca,\u00a0b\u00f6lgedeki\u00a0kronik\u00a0elektrik\u00a0sorununun\u00a0k\u0131sa\u00a0s\u00fcrede\u00a0\u00e7\u00f6z\u00fclece\u011fini\u00a0s\u00f6yledi. Vali\u00a0Yard\u0131mc\u0131s\u0131\u00a0Ahmed\u00a0Hilali,\u00a0b\u00f6lgedeki\u00a0yeni\u00a0g\u00fcvenlik\u00a0yap\u0131lanmas\u0131\u00a0ve\u00a0temel\u00a0hizmetlerdeki\u00a0aksamalara\u00a0ili\u015fkin\u00a0R\u00fbdaw\u00a0muhabiri\u00a0Vivian\u00a0Fettah\u2019\u0131n\u00a0sorular\u0131n\u0131\u00a0yan\u0131tlad\u0131. Kente\u00a0yeni\u00a0giren\u00a0g\u00fcvenlik\u00a0g\u00fc\u00e7lerinin\u00a0stat\u00fcs\u00fcne\u00a0de\u011finen\u00a0Hilali,\u00a0bu\u00a0g\u00fc\u00e7lerin\u00a0Suriye\u00a0\u0130\u00e7i\u015fleri\u00a0Bakanl\u0131\u011f\u0131\u00a0\u015femsiyesi\u00a0alt\u0131nda\u00a0hareket\u00a0etti\u011fini\u00a0belirtti. Vali\u00a0Yard\u0131mc\u0131s\u0131,\u00a0bu\u00a0durumun\u00a0&#8220;ola\u011fan\u00fcst\u00fc\u00a0bir\u00a0geli\u015fme\u00a0de\u011fil,\u00a0bir\u00a0ihtiya\u00e7&#8221;\u00a0oldu\u011funu\u00a0vurgulad\u0131. \u201cAsayi\u015f\u00a0\u00fcyeleri\u00a0de\u00a0bu\u00a0g\u00fcc\u00fcn\u00a0i\u00e7inde\u00a0yer\u00a0al\u0131yor\u201d Suriye\u00a0g\u00fc\u00e7lerinin\u00a0hangi\u00a0b\u00f6lgelerde\u00a0g\u00f6rev\u00a0yapaca\u011f\u0131na\u00a0dair\u00a0detay\u00a0veren\u00a0Ahmed\u00a0Hilali,\u00a0\u015funlar\u0131\u00a0s\u00f6yledi: &#8220;Haseke,\u00a0Suriye\u2019nin\u00a0di\u011fer\u00a0t\u00fcm\u00a0vilayetleri\u00a0gibi\u00a0hareket\u00a0etmektedir.\u00a0B\u00f6lgeye\u00a0intikal\u00a0eden\u00a0bu\u00a0birimleri,\u00a0\u0130\u00e7i\u015fleri\u00a0Bakanl\u0131\u011f\u0131\u2019na\u00a0ba\u011fl\u0131\u00a0asayi\u015f\u00a0ve\u00a0g\u00fcvenlik\u00a0g\u00fc\u00e7leri\u00a0olarak\u00a0tan\u0131ml\u0131yoruz.\u00a0Bu\u00a0g\u00fcc\u00fcn\u00a0bir\u00a0k\u0131sm\u0131,\u00a0daha\u00a0\u00f6nce\u00a0devlet\u00a0kurumlar\u0131na\u00a0entegre\u00a0olan\u00a0Asayi\u015f\u00a0(\u00d6zerk\u00a0Y\u00f6netim\u2019e\u00a0ba\u011fl\u0131\u00a0emniyet\u00a0birimi)\u00a0\u00fcyelerinden\u00a0olu\u015fuyor.\u00a0Bu\u00a0yeni\u00a0bir\u00a0durum\u00a0de\u011fil;\u00a0sadece\u00a0vilayetin\u00a0daha\u00a0fazla\u00a0g\u00fcvenlik\u00a0g\u00fcc\u00fcne\u00a0ihtiyac\u0131\u00a0vard\u0131.\u00a0Bu\u00a0g\u00fc\u00e7ler\u00a0ara\u00e7\u00a0ve\u00a0silahlar\u0131yla\u00a0sahaya\u00a0indiler;\u00a0Kam\u0131\u015flo,\u00a0Derik\u00a0ve\u00a0t\u00fcm\u00a0Haseke\u00a0genelinde\u00a0devriye\u00a0ve\u00a0g\u00fcvenlik\u00a0g\u00f6revlerini\u00a0y\u00fcr\u00fctecekler.&#8221; \u201cElektrik\u00a0sorunu\u00a0\u00e7\u00f6z\u00fcme\u00a0kavu\u015facak\u201d Haseke\u00a0genelinde\u00a0ya\u015fanan\u00a0ve\u00a0hayat\u0131\u00a0durma\u00a0noktas\u0131na\u00a0getiren\u00a0elektrik\u00a0kesintilerine\u00a0de\u00a0de\u011finen\u00a0Hilali,\u00a0altyap\u0131\u00a0\u00e7al\u0131\u015fmalar\u0131n\u0131n\u00a0h\u0131zlanaca\u011f\u0131n\u0131\u00a0belirtti. Mevcut\u00a0enerji\u00a0krizinin\u00a0nedenlerine\u00a0dikkat\u00a0\u00e7eken\u00a0Vali\u00a0Yard\u0131mc\u0131s\u0131,\u00a0&#8220;Daha\u00a0\u00f6nce\u00a0elektrik\u00a0kurumu\u00a0ba\u011f\u0131ms\u0131z\u00a0ve\u00a0merkezi\u00a0bir\u00a0y\u00f6netimden\u00a0uzakt\u0131,\u00a0bu\u00a0da\u00a0durumu\u00a0k\u00f6t\u00fcle\u015ftiriyordu.\u00a0Ancak\u00a0yap\u0131lan\u00a0yeni\u00a0m\u00fcdahaleler\u00a0ve\u00a0merkezi\u00a0y\u00f6netimin\u00a0devreye\u00a0girmesiyle\u00a0durum\u00a0iyile\u015fecek.\u00a0Elektrik\u00a0sorununu\u00a0\u00e7ok\u00a0k\u0131sa\u00a0bir\u00a0s\u00fcre\u00a0i\u00e7inde\u00a0tamamen\u00a0\u00e7\u00f6z\u00fcme\u00a0kavu\u015fturaca\u011f\u0131z&#8221;\u00a0ifadelerini\u00a0kulland\u0131."}