{"version":"1.0","provider_name":"Darka Mazi","provider_url":"https:\/\/darkamazi.site","title":"Mustafa Karasu: T\u00fcrkiye\u2019ye gitmek istiyoruz\u2026 - Darka Mazi","type":"rich","width":600,"height":338,"html":"<blockquote class=\"darka-embedded-content\" data-secret=\"FqiBnVgq3N\"><a href=\"https:\/\/darkamazi.site\/archives\/1039235\">Mustafa Karasu: T\u00fcrkiye\u2019ye gitmek istiyoruz\u2026<\/a><\/blockquote><iframe sandbox=\"allow-scripts\" security=\"restricted\" src=\"https:\/\/darkamazi.site\/archives\/1039235\/embed#?secret=FqiBnVgq3N\" width=\"600\" height=\"338\" title=\"&#8220;Mustafa Karasu: T\u00fcrkiye\u2019ye gitmek istiyoruz\u2026&#8221; &#8212; Darka Mazi\" data-secret=\"FqiBnVgq3N\" frameborder=\"0\" marginwidth=\"0\" marginheight=\"0\" scrolling=\"no\" class=\"darka-embedded-content\"><\/iframe><script>\n\/*! This file is auto-generated *\/\n!function(d,l){\"use strict\";l.querySelector&&d.addEventListener&&\"undefined\"!=typeof URL&&(d.wp=d.wp||{},d.wp.receiveEmbedMessage||(d.wp.receiveEmbedMessage=function(e){var t=e.data;if((t||t.secret||t.message||t.value)&&!\/[^a-zA-Z0-9]\/.test(t.secret)){for(var s,r,n,a=l.querySelectorAll('iframe[data-secret=\"'+t.secret+'\"]'),o=l.querySelectorAll('blockquote[data-secret=\"'+t.secret+'\"]'),c=new RegExp(\"^https?:$\",\"i\"),i=0;i<o.length;i++)o[i].style.display=\"none\";for(i=0;i<a.length;i++)s=a[i],e.source===s.contentWindow&&(s.removeAttribute(\"style\"),\"height\"===t.message?(1e3<(r=parseInt(t.value,10))?r=1e3:~~r<200&&(r=200),s.height=r):\"link\"===t.message&&(r=new URL(s.getAttribute(\"src\")),n=new URL(t.value),c.test(n.protocol))&&n.host===r.host&&l.activeElement===s&&(d.top.location.href=t.value))}},d.addEventListener(\"message\",d.wp.receiveEmbedMessage,!1),l.addEventListener(\"DOMContentLoaded\",function(){for(var e,t,s=l.querySelectorAll(\"iframe.darka-embedded-content\"),r=0;r<s.length;r++)(t=(e=s[r]).getAttribute(\"data-secret\"))||(t=Math.random().toString(36).substring(2,12),e.src+=\"#?secret=\"+t,e.setAttribute(\"data-secret\",t)),e.contentWindow.postMessage({message:\"ready\",secret:t},\"*\")},!1)))}(window,document);\n\/\/# sourceURL=https:\/\/darkamazi.site\/other\/js\/wp-embed.min.js\n<\/script>\n","thumbnail_url":"https:\/\/darkamazi.site\/file\/2026\/09\/Kerasu-medya-haber-info.jpg","thumbnail_width":900,"thumbnail_height":497,"description":"PKK y\u00f6neticilerinden Mustafa Karasu PKK\u2019nin Avrupa\u2019da yay\u0131n yapan Medya Haber adl\u0131 televizyonuna konu\u015ftu. Mustafa Karasu konu\u015fmas\u0131nda \u201c T\u00fcrkiye\u2019ye gidip demokratik siyaset yapmak istiyoruz. T\u00fcrkiye\u2019deki demokrasi m\u00fccadelesinin par\u00e7as\u0131 olmak istiyoruz.\u201d \u0130fadelerini kulland\u0131. PKK y\u00f6neticilerinden Mustafa Karasu bug\u00fcn yay\u0131nlanan r\u00f6portaj\u0131nda devlet ve PKK aras\u0131ndaki \u00e7\u00f6z\u00fcm s\u00fcreci, Abdullah \u00d6calan ile g\u00f6r\u00fc\u015fmeler ve g\u00f6r\u00fc\u015fme notlar\u0131 ve daha pek \u00e7ok [&hellip;]"}