{"version":"1.0","provider_name":"Darka Mazi","provider_url":"https:\/\/darkamazi.site","title":"Feti Y\u0131ld\u0131zdan \u00e7\u00f6z\u00fcm s\u00fcreci a\u00e7\u0131klamas\u0131: Hep birlikte T\u00fcrk milletiyiz - Darka Mazi","type":"rich","width":600,"height":338,"html":"<blockquote class=\"darka-embedded-content\" data-secret=\"rRKDNYHwdw\"><a href=\"https:\/\/darkamazi.site\/archives\/1039239\">Feti Y\u0131ld\u0131zdan \u00e7\u00f6z\u00fcm s\u00fcreci a\u00e7\u0131klamas\u0131: Hep birlikte T\u00fcrk milletiyiz<\/a><\/blockquote><iframe sandbox=\"allow-scripts\" security=\"restricted\" src=\"https:\/\/darkamazi.site\/archives\/1039239\/embed#?secret=rRKDNYHwdw\" width=\"600\" height=\"338\" title=\"&#8220;Feti Y\u0131ld\u0131zdan \u00e7\u00f6z\u00fcm s\u00fcreci a\u00e7\u0131klamas\u0131: Hep birlikte T\u00fcrk milletiyiz&#8221; &#8212; Darka Mazi\" data-secret=\"rRKDNYHwdw\" frameborder=\"0\" marginwidth=\"0\" marginheight=\"0\" scrolling=\"no\" class=\"darka-embedded-content\"><\/iframe><script>\n\/*! This file is auto-generated *\/\n!function(d,l){\"use strict\";l.querySelector&&d.addEventListener&&\"undefined\"!=typeof URL&&(d.wp=d.wp||{},d.wp.receiveEmbedMessage||(d.wp.receiveEmbedMessage=function(e){var t=e.data;if((t||t.secret||t.message||t.value)&&!\/[^a-zA-Z0-9]\/.test(t.secret)){for(var s,r,n,a=l.querySelectorAll('iframe[data-secret=\"'+t.secret+'\"]'),o=l.querySelectorAll('blockquote[data-secret=\"'+t.secret+'\"]'),c=new RegExp(\"^https?:$\",\"i\"),i=0;i<o.length;i++)o[i].style.display=\"none\";for(i=0;i<a.length;i++)s=a[i],e.source===s.contentWindow&&(s.removeAttribute(\"style\"),\"height\"===t.message?(1e3<(r=parseInt(t.value,10))?r=1e3:~~r<200&&(r=200),s.height=r):\"link\"===t.message&&(r=new URL(s.getAttribute(\"src\")),n=new URL(t.value),c.test(n.protocol))&&n.host===r.host&&l.activeElement===s&&(d.top.location.href=t.value))}},d.addEventListener(\"message\",d.wp.receiveEmbedMessage,!1),l.addEventListener(\"DOMContentLoaded\",function(){for(var e,t,s=l.querySelectorAll(\"iframe.darka-embedded-content\"),r=0;r<s.length;r++)(t=(e=s[r]).getAttribute(\"data-secret\"))||(t=Math.random().toString(36).substring(2,12),e.src+=\"#?secret=\"+t,e.setAttribute(\"data-secret\",t)),e.contentWindow.postMessage({message:\"ready\",secret:t},\"*\")},!1)))}(window,document);\n\/\/# sourceURL=https:\/\/darkamazi.site\/other\/js\/wp-embed.min.js\n<\/script>\n","thumbnail_url":"https:\/\/darkamazi.site\/file\/2026\/09\/Fethi-Yildiz.jpg","thumbnail_width":1280,"thumbnail_height":730,"description":"MHP\u00a0Genel\u00a0Ba\u015fkan\u00a0Yard\u0131mc\u0131s\u0131\u00a0Feti\u00a0Y\u0131ld\u0131z,\u00a0PKK\u2019nin\u00a0tasiye\u00a0edilmesi\u00a0i\u00e7in\u00a0ba\u015flat\u0131lan\u00a0s\u00fcrecin\u00a0bir\u00a0&#8220;devlet\u00a0politikas\u0131&#8221;\u00a0oldu\u011fu\u00a0vurgulan\u0131rken,\u00a0bu\u00a0s\u00fcre\u00e7te\u00a0\u201ctoplumsal\u00a0karga\u015fa\u00a0yaratmak\u00a0isteyen\u00a0odaklara\u201d\u00a0kar\u015f\u0131\u00a0uyar\u0131da\u00a0bulundu. Feti\u00a0Y\u0131ld\u0131z\u00a0konuya\u00a0dair\u00a0X\u00a0hesab\u0131ndan\u00a0payla\u015f\u0131mda\u00a0bulundu. Y\u0131ld\u0131z\u00a0payla\u015f\u0131m\u0131nda,\u00a0T\u00fcrkiye\u2019nin\u00a0\u015fiddet\u00a0ortam\u0131ndan\u00a0kurtulma\u00a0f\u0131rsat\u0131n\u0131n\u00a0&#8220;ihanet\u00a0\u015febekelerini&#8221;\u00a0rahats\u0131z\u00a0etti\u011fini\u00a0s\u00f6yledi\u00a0ve\u00a0&#8220;Muhataplar\u0131\u00a0bilsin\u00a0ki\u00a0\u015fer\u00a0cephesinde\u00a0kurulmaya\u00a0\u00e7al\u0131\u015f\u0131lan\u00a0tuzaklar\u0131n\u00a0fark\u0131nday\u0131z.\u00a0Ter\u00f6rs\u00fcz\u00a0T\u00fcrkiye\u2019den\u00a0geriye\u00a0d\u00f6n\u00fc\u015f\u00a0olmayacakt\u0131r&#8221;\u00a0ifadelerini\u00a0kulland\u0131. Feti\u00a0Y\u0131ld\u0131z\u2019\u0131n\u00a0payla\u015f\u0131m\u0131\u00a0\u015f\u00f6yle: \u201cLiderimiz\u00a0Say\u0131n\u00a0Devlet\u00a0Bah\u00e7eli, \u201cDezenformasyonla\u00a0ve\u00a0alg\u0131\u00a0operasyonlar\u0131yla\u00a0T\u00fcrk\u00a0milletinin\u00a0kutlu\u00a0y\u00fcr\u00fcy\u00fc\u015f\u00fcn\u00fc\u00a0durdurmaya,\u00a0toplumsal\u00a0m\u00fchendislik\u00a0hesaplar\u0131yla\u00a0T\u00fcrkiye&#8217;yi\u00a0karga\u015fa\u00a0ve\u00a0kaos\u00a0iklimine\u00a0sokmaya,\u00a0\u00fclkemizin\u00a0rotas\u0131n\u0131\u00a0de\u011fi\u015ftirmeye\u00a0kimsenin\u00a0g\u00fcc\u00fc\u00a0yetmeyecektir. Ter\u00f6rs\u00fcz\u00a0T\u00fcrkiye\u2019den\u00a0geriye\u00a0d\u00f6n\u00fc\u015f\u00a0olmayacakt\u0131r. Muhataplar\u0131\u00a0bilsin\u00a0ki\u00a0\u015fer\u00a0cephesinde\u00a0kurulmaya\u00a0\u00e7al\u0131\u015f\u0131lan\u00a0tuzaklar\u0131n\u00a0fark\u0131nday\u0131z. T\u00fcrkiye\u2019nin\u00a0yakla\u015f\u0131k\u00a0elli\u00a0y\u0131ld\u0131r\u00a0m\u00fccadele\u00a0etti\u011fi,\u00a0bir\u00e7ok\u00a0insan\u0131m\u0131z\u0131n\u00a0can\u0131na\u00a0ve\u00a0mal\u0131na\u00a0sebep\u00a0olan\u00a0ter\u00f6rden\u00a0ilelebet\u00a0kurtulma\u00a0f\u0131rsat\u0131\u00a0ihanet\u00a0\u015febekelerini\u00a0rahats\u0131z\u00a0etmektedir. Karde\u015fli\u011fimizin\u00a0g\u00fc\u00e7lendirilmesi,\u00a0demokrasinin\u00a0geli\u015fmesi\u00a0ve\u00a0\u00fclkemizin\u00a0y\u00fckseli\u015finin\u00a0\u00f6n\u00fcndeki\u00a0engellerin\u00a0kald\u0131r\u0131lmas\u0131\u00a0T\u00fcrkiye\u00a0has\u0131mlar\u0131n\u0131n\u00a0uykular\u0131n\u0131\u00a0ka\u00e7\u0131rmaktad\u0131r. Ter\u00f6r,\u00a0\u015fiddet\u00a0ve\u00a0b\u00f6l\u00fcc\u00fcl\u00fc\u011f\u00fcn\u00a0zihinlerden\u00a0de\u00a0silinmesinden,\u00a0birlik\u00a0ve\u00a0beraberli\u011fin\u00a0k\u00f6k\u00a0salmas\u0131ndan\u00a0rahats\u0131z\u00a0olanlar\u00a0s\u00f6zde\u00a0ara\u015ft\u0131rmalar\u00a0\u00fczerinden\u00a0toplumu\u00a0enfekte\u00a0etmeye\u00a0\u00e7al\u0131\u015fsa\u00a0da\u00a0milletimizin\u00a0feraseti\u00a0kirli\u00a0oyunlar\u0131\u00a0bozacak\u00a0g\u00fc\u00e7tedir. Ter\u00f6r\u00fcn\u00a0tamamen\u00a0tasfiye\u00a0edildi\u011fi\u00a0bir\u00a0T\u00fcrkiye\u00a0\u00f6ng\u00f6r\u00fclebilirli\u011fi\u00a0ve\u00a0yat\u0131r\u0131mc\u0131\u00a0g\u00fcvenini\u00a0art\u0131racak,\u00a0\u00fcretim\u00a0kapasitesini\u00a0g\u00fc\u00e7lendirecek\u00a0ve\u00a0b\u00f6lgesel\u00a0ticaret\u00a0a\u011flar\u0131n\u0131n\u00a0merkezinde\u00a0vatanda\u015flar\u0131m\u0131z\u0131n\u00a0refah\u0131n\u0131\u00a0art\u0131racakt\u0131r. T\u00fcrkiye\u2019nin\u00a0ter\u00f6r\u00a0meselesini;\u00a0i\u00e7\u00a0cephesini\u00a0kuvvetlendirmi\u015f,\u00a0milli\u00a0birli\u011fini,\u00a0siyasi\u00a0ve\u00a0ekonomik\u00a0istikrar\u0131n\u0131\u00a0sa\u011flam\u0131\u015f\u00a0olarak,\u00a0milli\u00a0iradesi\u00a0i\u00e7inde\u00a0\u00e7\u00f6z\u00fcme\u00a0kavu\u015fturmas\u0131,\u00a0temel\u00a0arzumuz\u00a0ve\u00a0hedefimizdir. O\u00a0sebeple\u00a0gerginlik\u00a0ve\u00a0kutupla\u015fmalara,\u00a0toplumsal\u00a0olaylara\u00a0sebebiyet\u00a0verebilecek\u00a0giri\u015fimlerden\u00a0ka\u00e7\u0131n\u0131lmas\u0131n\u0131\u00a0hayati\u00a0\u00f6nemde\u00a0g\u00f6r\u00fcyoruz. Emperyalizmin\u00a0etnik,\u00a0dini,\u00a0mezhep\u00a0temelli\u00a0ayr\u0131\u015ft\u0131r\u0131c\u0131l\u0131k\u00a0ve\u00a0kaosu\u00a0s\u00fcreklile\u015ftirerek\u00a0siyasi,\u00a0sosyal\u00a0ve\u00a0ekonomik\u00a0istikrars\u0131zl\u0131k\u00a0\u00fcretme\u00a0\u00e7abas\u0131\u00a0bilinmektedir. Ter\u00f6rs\u00fcz\u00a0T\u00fcrkiye,\u00a0b\u00f6lgemizdeki\u00a0benzer\u00a0tahriklere\u00a0ve\u00a0\u00e7at\u0131\u015fmalara\u00a0kar\u015f\u0131\u00a0da\u00a0b\u00f6lgesel\u00a0istikrar\u00a0ve\u00a0bar\u0131\u015f\u0131\u00a0hedeflemektedir. Milletimiz\u00a0ter\u00f6rs\u00fcz\u00a0T\u00fcrkiye\u2019nin\u00a0yan\u0131nda\u00a0duruyor\u00a0ve\u00a0ter\u00f6r\u00fcn\u00a0b\u00fct\u00fcn\u00a0unsurlar\u0131yla\u00a0g\u00fcndemimizden\u00a0\u00e7\u0131kmas\u0131n\u0131\u00a0istiyor. Ter\u00f6r\u00fcn\u00a0zehirli\u00a0havas\u0131n\u0131n\u00a0siyasi\u00a0iklimimizden\u00a0temizlenmesini,\u00a0ayr\u0131k\u00a0otlar\u0131n\u0131n\u00a0g\u00fcven\u00a0ve\u00a0huzur\u00a0topra\u011f\u0131m\u0131zdan\u00a0s\u00f6k\u00fcl\u00fcp\u00a0at\u0131lmas\u0131n\u0131\u00a0diliyor. Demokrasi,\u00a0hukuk\u00a0devleti,\u00a0refah\u00a0ve\u00a0g\u00fcven\u00a0ikliminin\u00a0peki\u015ferek\u00a0hi\u00e7bir\u00a0ayr\u0131m\u00a0g\u00f6zetmeksizin\u00a0t\u00fcm\u00a0vatanda\u015flar\u0131m\u0131z\u0131\u00a0ku\u015fatmas\u0131n\u0131\u00a0ve\u00a0kucaklamas\u0131n\u0131\u00a0arzu\u00a0ediyor. \u0130nan\u0131yoruz\u00a0ki\u00a0millet\u00e7e\u00a0provokasyonlara\u00a0gelmeyecek,\u00a0bir\u00a0devlet\u00a0politikas\u0131\u00a0olan\u00a0ter\u00f6rs\u00fcz\u00a0T\u00fcrkiye\u00a0hedefi,\u00a0T\u00fcrk\u00a0siyasetinin\u00a0ba\u015far\u0131s\u0131,\u00a0in\u015fallah\u00a0da\u00a0topyek\u00fcn\u00a0milletimizin\u00a0eseri\u00a0olacakt\u0131r. Hep\u00a0birlikte\u00a0T\u00fcrk\u00a0milletiyiz,\u00a0hepimiz\u00a0T\u00fcrkiye\u00a0Cumhuriyeti\u2019yiz.\u201d"}