{"version":"1.0","provider_name":"Darka Mazi","provider_url":"https:\/\/darkamazi.site","title":"Cemil Bay\u0131k \u0130mral\u0131\u2019ya Gitti: PKK\u2019de Yeni D\u00f6nem ve Dengeler - Darka Mazi","type":"rich","width":600,"height":338,"html":"<blockquote class=\"darka-embedded-content\" data-secret=\"3tWBsCxedZ\"><a href=\"https:\/\/darkamazi.site\/archives\/1039245\">Cemil Bay\u0131k \u0130mral\u0131\u2019ya Gitti: PKK\u2019de Yeni D\u00f6nem ve Dengeler<\/a><\/blockquote><iframe sandbox=\"allow-scripts\" security=\"restricted\" src=\"https:\/\/darkamazi.site\/archives\/1039245\/embed#?secret=3tWBsCxedZ\" width=\"600\" height=\"338\" title=\"&#8220;Cemil Bay\u0131k \u0130mral\u0131\u2019ya Gitti: PKK\u2019de Yeni D\u00f6nem ve Dengeler&#8221; &#8212; Darka Mazi\" data-secret=\"3tWBsCxedZ\" frameborder=\"0\" marginwidth=\"0\" marginheight=\"0\" scrolling=\"no\" class=\"darka-embedded-content\"><\/iframe><script>\n\/*! This file is auto-generated *\/\n!function(d,l){\"use strict\";l.querySelector&&d.addEventListener&&\"undefined\"!=typeof URL&&(d.wp=d.wp||{},d.wp.receiveEmbedMessage||(d.wp.receiveEmbedMessage=function(e){var t=e.data;if((t||t.secret||t.message||t.value)&&!\/[^a-zA-Z0-9]\/.test(t.secret)){for(var s,r,n,a=l.querySelectorAll('iframe[data-secret=\"'+t.secret+'\"]'),o=l.querySelectorAll('blockquote[data-secret=\"'+t.secret+'\"]'),c=new RegExp(\"^https?:$\",\"i\"),i=0;i<o.length;i++)o[i].style.display=\"none\";for(i=0;i<a.length;i++)s=a[i],e.source===s.contentWindow&&(s.removeAttribute(\"style\"),\"height\"===t.message?(1e3<(r=parseInt(t.value,10))?r=1e3:~~r<200&&(r=200),s.height=r):\"link\"===t.message&&(r=new URL(s.getAttribute(\"src\")),n=new URL(t.value),c.test(n.protocol))&&n.host===r.host&&l.activeElement===s&&(d.top.location.href=t.value))}},d.addEventListener(\"message\",d.wp.receiveEmbedMessage,!1),l.addEventListener(\"DOMContentLoaded\",function(){for(var e,t,s=l.querySelectorAll(\"iframe.darka-embedded-content\"),r=0;r<s.length;r++)(t=(e=s[r]).getAttribute(\"data-secret\"))||(t=Math.random().toString(36).substring(2,12),e.src+=\"#?secret=\"+t,e.setAttribute(\"data-secret\",t)),e.contentWindow.postMessage({message:\"ready\",secret:t},\"*\")},!1)))}(window,document);\n\/\/# sourceURL=https:\/\/darkamazi.site\/other\/js\/wp-embed.min.js\n<\/script>\n","thumbnail_url":"https:\/\/darkamazi.site\/file\/2026\/09\/baik-ocalan.jpg","thumbnail_width":900,"thumbnail_height":497,"description":"PKK y\u00f6neticilerinden Cemil Bay\u0131k\u2019\u0131n \u0130mral\u0131\u2019ya giderek Abdullah \u00d6calan ile g\u00f6r\u00fc\u015ft\u00fc\u011f\u00fc bildirildi. Darka Mazi\u2019nin g\u00fcvenlik kaynaklar\u0131na dayand\u0131rd\u0131\u011f\u0131 ve YNK kaynaklar\u0131nca da teyit edilen bilgilere g\u00f6re, KCK E\u015f Ba\u015fkan\u0131 ve PKK\u2019nin kurucu \u00fcyelerinden Cemil Bay\u0131k, A\u011fustos ay\u0131n\u0131n ilk haftas\u0131nda S\u00fcleymaniye Havaliman\u0131\u2019ndan kalkan bir u\u00e7akla T\u00fcrkiye\u2019ye ge\u00e7ti. Yan\u0131ndaki iki ki\u015fiyle birlikte \u0130mral\u0131\u2019da iki g\u00fcn kalan Bay\u0131k\u2019\u0131n bu ziyaretiyle, [&hellip;]"}