{"id":226,"date":"2019-08-15T21:36:03","date_gmt":"2019-08-15T18:36:03","guid":{"rendered":"https:\/\/darkamazi.site\/?page_id=226"},"modified":"2026-04-07T18:32:46","modified_gmt":"2026-04-07T15:32:46","slug":"kurdistan","status":"publish","type":"page","link":"https:\/\/darkamazi.site\/kurdistan","title":{"rendered":"Kurdistan"},"content":{"rendered":"<div class=\"wpb-content-wrapper\"><p>[darkamazi_row][darkamazi_column]<div  class=\"jeg_slider_wrapper jeg_slider_type_1_wrapper epic_module__0_69f71026a3b48  \">\n                    <div class=\"jeg_slider_type_1 jeg_slider slider-carousel\" data-autoplay=\"\" data-delay=\"3000\">\n                        <div class=\"jeg_slide_item\">\n                    \n                    <a href=\"https:\/\/darkamazi.site\/archives\/1038012\" class=\"jeg_slide_img\"><div class=\"thumbnail-container size-500 \"><img loading=\"lazy\" decoding=\"async\" width=\"750\" height=\"375\" src=\"https:\/\/darkamazi.site\/ext\/epic-news-element\/assets\/img\/jeg-empty.png\" class=\"attachment-epic-750x375 size-epic-750x375 owl-lazy\" alt=\"Ba\u015fbakan Barzani Irak Ba\u015fbakan aday\u0131 Zeydi ile g\u00f6r\u00fc\u015ft\u00fc: Masada H\u00fck\u00fcmet kurma s\u00fcreci var\" data-src=\"https:\/\/darkamazi.site\/file\/2026\/05\/PM-Serok-750x375.jpg\" \/><\/div><\/a>\n                    <div class=\"jeg_slide_caption\">\n                        <div class=\"jeg_caption_container\">\n                            <div class=\"jeg_post_category\">\n                                <a href=\"https:\/\/darkamazi.site\/archives\/category\/kurdistan\" class=\"category-kurdistan\">Kurdistan<\/a>\n                            <\/div>\n                            <h2 class=\"jeg_post_title\">\n                                <a href=\"https:\/\/darkamazi.site\/archives\/1038012\" >Ba\u015fbakan Barzani Irak Ba\u015fbakan aday\u0131 Zeydi ile g\u00f6r\u00fc\u015ft\u00fc: Masada H\u00fck\u00fcmet kurma s\u00fcreci var<\/a>\n                            <\/h2>\n                            <div class=\"jeg_post_meta\"><span class=\"jeg_meta_date\">May 2, 2026<\/span><\/div>\n                        <\/div>\n                    <\/div>\n                <\/div><div class=\"jeg_slide_item\">\n                    \n                    <a href=\"https:\/\/darkamazi.site\/archives\/1038008\" class=\"jeg_slide_img\"><div class=\"thumbnail-container size-500 \"><img loading=\"lazy\" decoding=\"async\" width=\"750\" height=\"375\" src=\"https:\/\/darkamazi.site\/ext\/epic-news-element\/assets\/img\/jeg-empty.png\" class=\"attachment-epic-750x375 size-epic-750x375 owl-lazy\" alt=\"HSD&#039;nin d\u00f6rt tugay\u0131 resmen \u015eam g\u00fc\u00e7lerine kat\u0131ld\u0131\" data-src=\"https:\/\/darkamazi.site\/file\/2026\/05\/HSD-750x375.jpg\" \/><\/div><\/a>\n                    <div class=\"jeg_slide_caption\">\n                        <div class=\"jeg_caption_container\">\n                            <div class=\"jeg_post_category\">\n                                <a href=\"https:\/\/darkamazi.site\/archives\/category\/kurdistan\" class=\"category-kurdistan\">Kurdistan<\/a>\n                            <\/div>\n                            <h2 class=\"jeg_post_title\">\n                                <a href=\"https:\/\/darkamazi.site\/archives\/1038008\" >Sipan Hamo Suriye ile entegrasyon s\u00fcrecini de\u011ferlendirdi:<\/a>\n                            <\/h2>\n                            <div class=\"jeg_post_meta\"><span class=\"jeg_meta_date\">May 2, 2026<\/span><\/div>\n                        <\/div>\n                    <\/div>\n                <\/div><div class=\"jeg_slide_item\">\n                    \n                    <a href=\"https:\/\/darkamazi.site\/archives\/1038005\" class=\"jeg_slide_img\"><div class=\"thumbnail-container size-500 \"><img loading=\"lazy\" decoding=\"async\" width=\"750\" height=\"375\" src=\"https:\/\/darkamazi.site\/ext\/epic-news-element\/assets\/img\/jeg-empty.png\" class=\"attachment-epic-750x375 size-epic-750x375 owl-lazy\" alt=\"PWK: 1 May\u0131s D\u00fcnya \u0130\u015f\u00e7i ve Emek\u00e7ilerine Kutlu Olsun!\" data-src=\"https:\/\/darkamazi.site\/file\/2026\/05\/PWK-750x375.jpg\" \/><\/div><\/a>\n                    <div class=\"jeg_slide_caption\">\n                        <div class=\"jeg_caption_container\">\n                            <div class=\"jeg_post_category\">\n                                <a href=\"https:\/\/darkamazi.site\/archives\/category\/kurdistan\" class=\"category-kurdistan\">Kurdistan<\/a>\n                            <\/div>\n                            <h2 class=\"jeg_post_title\">\n                                <a href=\"https:\/\/darkamazi.site\/archives\/1038005\" >PWK: 1 May\u0131s D\u00fcnya \u0130\u015f\u00e7i ve Emek\u00e7ilerine Kutlu Olsun!<\/a>\n                            <\/h2>\n                            <div class=\"jeg_post_meta\"><span class=\"jeg_meta_date\">May 1, 2026<\/span><\/div>\n                        <\/div>\n                    <\/div>\n                <\/div><div class=\"jeg_slide_item\">\n                    \n                    <a href=\"https:\/\/darkamazi.site\/archives\/1037989\" class=\"jeg_slide_img\"><div class=\"thumbnail-container size-500 \"><img loading=\"lazy\" decoding=\"async\" width=\"750\" height=\"375\" src=\"https:\/\/darkamazi.site\/ext\/epic-news-element\/assets\/img\/jeg-empty.png\" class=\"attachment-epic-750x375 size-epic-750x375 owl-lazy\" alt=\"Ba\u011f\u0131ms\u0131z \u0130nsan Haklar\u0131 Komisyonu: S\u00fcleymaniye Asayi\u015fi Lahor ve Polat Cengi karde\u015fleri ziyaret etmemizi engelliyor\" data-src=\"https:\/\/darkamazi.site\/file\/2026\/04\/Lahor-and-polat-750x375.jpg\" \/><\/div><\/a>\n                    <div class=\"jeg_slide_caption\">\n                        <div class=\"jeg_caption_container\">\n                            <div class=\"jeg_post_category\">\n                                <a href=\"https:\/\/darkamazi.site\/archives\/category\/kurdistan\" class=\"category-kurdistan\">Kurdistan<\/a>\n                            <\/div>\n                            <h2 class=\"jeg_post_title\">\n                                <a href=\"https:\/\/darkamazi.site\/archives\/1037989\" >Ba\u011f\u0131ms\u0131z \u0130nsan Haklar\u0131 Komisyonu: S\u00fcleymaniye Asayi\u015fi Lahor ve Polat Cengi karde\u015fleri ziyaret etmemizi engelliyor<\/a>\n                            <\/h2>\n                            <div class=\"jeg_post_meta\"><span class=\"jeg_meta_date\">April 29, 2026<\/span><\/div>\n                        <\/div>\n                    <\/div>\n                <\/div><div class=\"jeg_slide_item\">\n                    \n                    <a href=\"https:\/\/darkamazi.site\/archives\/1037983\" class=\"jeg_slide_img\"><div class=\"thumbnail-container size-500 \"><img loading=\"lazy\" decoding=\"async\" width=\"750\" height=\"375\" src=\"https:\/\/darkamazi.site\/ext\/epic-news-element\/assets\/img\/jeg-empty.png\" class=\"attachment-epic-750x375 size-epic-750x375 owl-lazy\" alt=\"Ba\u015fbakan Mesrur Barzani, He\u015fdi \u015eabi Lideri Feyyad ile g\u00f6r\u00fc\u015ft\u00fc\" data-src=\"https:\/\/darkamazi.site\/file\/2026\/04\/PM-Serok-and-Feyyaz-750x375.jpg\" \/><\/div><\/a>\n                    <div class=\"jeg_slide_caption\">\n                        <div class=\"jeg_caption_container\">\n                            <div class=\"jeg_post_category\">\n                                <a href=\"https:\/\/darkamazi.site\/archives\/category\/kurdistan\" class=\"category-kurdistan\">Kurdistan<\/a>\n                            <\/div>\n                            <h2 class=\"jeg_post_title\">\n                                <a href=\"https:\/\/darkamazi.site\/archives\/1037983\" >Ba\u015fbakan Mesrur Barzani, He\u015fdi \u015eabi Lideri Feyyad ile g\u00f6r\u00fc\u015ft\u00fc<\/a>\n                            <\/h2>\n                            <div class=\"jeg_post_meta\"><span class=\"jeg_meta_date\">April 29, 2026<\/span><\/div>\n                        <\/div>\n                    <\/div>\n                <\/div><div class=\"jeg_slide_item\">\n                    \n                    <a href=\"https:\/\/darkamazi.site\/archives\/1037980\" class=\"jeg_slide_img\"><div class=\"thumbnail-container size-500 \"><img loading=\"lazy\" decoding=\"async\" width=\"750\" height=\"375\" src=\"https:\/\/darkamazi.site\/ext\/epic-news-element\/assets\/img\/jeg-empty.png\" class=\"attachment-epic-750x375 size-epic-750x375 owl-lazy\" alt=\"K\u00fcrdistan B\u00f6lge Ba\u015fkan&#039;\u0131 Ne\u00e7irvan Barzani resmi temaslar i\u00e7in BAE\u2019de: B\u00f6lgesel istikrar masada\" data-src=\"https:\/\/darkamazi.site\/file\/2026\/04\/Bolge-Baskani-750x375.jpg\" \/><\/div><\/a>\n                    <div class=\"jeg_slide_caption\">\n                        <div class=\"jeg_caption_container\">\n                            <div class=\"jeg_post_category\">\n                                <a href=\"https:\/\/darkamazi.site\/archives\/category\/kurdistan\" class=\"category-kurdistan\">Kurdistan<\/a>\n                            <\/div>\n                            <h2 class=\"jeg_post_title\">\n                                <a href=\"https:\/\/darkamazi.site\/archives\/1037980\" >K\u00fcrdistan B\u00f6lge Ba\u015fkan&#8217;\u0131 Ne\u00e7irvan Barzani resmi temaslar i\u00e7in BAE\u2019de: B\u00f6lgesel istikrar masada<\/a>\n                            <\/h2>\n                            <div class=\"jeg_post_meta\"><span class=\"jeg_meta_date\">April 29, 2026<\/span><\/div>\n                        <\/div>\n                    <\/div>\n                <\/div><div class=\"jeg_slide_item\">\n                    \n                    <a href=\"https:\/\/darkamazi.site\/archives\/1037970\" class=\"jeg_slide_img\"><div class=\"thumbnail-container size-500 \"><img loading=\"lazy\" decoding=\"async\" width=\"750\" height=\"375\" src=\"https:\/\/darkamazi.site\/ext\/epic-news-element\/assets\/img\/jeg-empty.png\" class=\"attachment-epic-750x375 size-epic-750x375 owl-lazy\" alt=\"YNK\u2019nin Kerk\u00fck\u2019teki valilik ihanetinin sonu\u00e7lar\u0131n\u0131 Devlet Bah\u00e7eli itiraf etti: Kerk\u00fck\u2019te yeni bir d\u00fczen kuruluyor\" data-src=\"https:\/\/darkamazi.site\/file\/2026\/04\/bahceli-750x375.jpg\" \/><\/div><\/a>\n                    <div class=\"jeg_slide_caption\">\n                        <div class=\"jeg_caption_container\">\n                            <div class=\"jeg_post_category\">\n                                <a href=\"https:\/\/darkamazi.site\/archives\/category\/kurdistan\" class=\"category-kurdistan\">Kurdistan<\/a>\n                            <\/div>\n                            <h2 class=\"jeg_post_title\">\n                                <a href=\"https:\/\/darkamazi.site\/archives\/1037970\" >YNK\u2019nin Kerk\u00fck\u2019teki valilik ihanetinin sonu\u00e7lar\u0131n\u0131 Devlet Bah\u00e7eli itiraf etti: Kerk\u00fck\u2019te yeni bir d\u00fczen kuruluyor<\/a>\n                            <\/h2>\n                            <div class=\"jeg_post_meta\"><span class=\"jeg_meta_date\">April 28, 2026<\/span><\/div>\n                        <\/div>\n                    <\/div>\n                <\/div>\n                    <\/div>\n                    <div class=\"jeg_slider_thumbnail_wrapper\">\n                        <div class=\"jeg_slider_thumbnail slider-carousel\">\n                            <div  class=\"jeg_slide_thumbnail_item post-1038012 post type-post status-publish format-standard has-post-thumbnail hentry category-kurdistan tag-onemli\"><a href=\"https:\/\/darkamazi.site\/archives\/1038012\"><div class=\"thumbnail-container size-715 \"><img loading=\"lazy\" decoding=\"async\" width=\"120\" height=\"86\" src=\"https:\/\/darkamazi.site\/ext\/epic-news-element\/assets\/img\/jeg-empty.png\" class=\"attachment-epic-120x86 size-epic-120x86 owl-lazy\" alt=\"Ba\u015fbakan Barzani Irak Ba\u015fbakan aday\u0131 Zeydi ile g\u00f6r\u00fc\u015ft\u00fc: Masada H\u00fck\u00fcmet kurma s\u00fcreci var\" data-src=\"https:\/\/darkamazi.site\/file\/2026\/05\/PM-Serok-120x86.jpg\" \/><\/div><\/a><\/div><div  class=\"jeg_slide_thumbnail_item post-1038008 post type-post status-publish format-standard has-post-thumbnail hentry category-kurdistan\"><a href=\"https:\/\/darkamazi.site\/archives\/1038008\"><div class=\"thumbnail-container size-715 \"><img loading=\"lazy\" decoding=\"async\" width=\"120\" height=\"86\" src=\"https:\/\/darkamazi.site\/ext\/epic-news-element\/assets\/img\/jeg-empty.png\" class=\"attachment-epic-120x86 size-epic-120x86 owl-lazy\" alt=\"HSD&#039;nin d\u00f6rt tugay\u0131 resmen \u015eam g\u00fc\u00e7lerine kat\u0131ld\u0131\" data-src=\"https:\/\/darkamazi.site\/file\/2026\/05\/HSD-120x86.jpg\" \/><\/div><\/a><\/div><div  class=\"jeg_slide_thumbnail_item post-1038005 post type-post status-publish format-standard has-post-thumbnail hentry category-kurdistan\"><a href=\"https:\/\/darkamazi.site\/archives\/1038005\"><div class=\"thumbnail-container size-715 \"><img loading=\"lazy\" decoding=\"async\" width=\"120\" height=\"86\" src=\"https:\/\/darkamazi.site\/ext\/epic-news-element\/assets\/img\/jeg-empty.png\" class=\"attachment-epic-120x86 size-epic-120x86 owl-lazy\" alt=\"PWK: 1 May\u0131s D\u00fcnya \u0130\u015f\u00e7i ve Emek\u00e7ilerine Kutlu Olsun!\" data-src=\"https:\/\/darkamazi.site\/file\/2026\/05\/PWK-120x86.jpg\" \/><\/div><\/a><\/div><div  class=\"jeg_slide_thumbnail_item post-1037989 post type-post status-publish format-standard has-post-thumbnail hentry category-kurdistan tag-onemli\"><a href=\"https:\/\/darkamazi.site\/archives\/1037989\"><div class=\"thumbnail-container size-715 \"><img loading=\"lazy\" decoding=\"async\" width=\"120\" height=\"86\" src=\"https:\/\/darkamazi.site\/ext\/epic-news-element\/assets\/img\/jeg-empty.png\" class=\"attachment-epic-120x86 size-epic-120x86 owl-lazy\" alt=\"Ba\u011f\u0131ms\u0131z \u0130nsan Haklar\u0131 Komisyonu: S\u00fcleymaniye Asayi\u015fi Lahor ve Polat Cengi karde\u015fleri ziyaret etmemizi engelliyor\" data-src=\"https:\/\/darkamazi.site\/file\/2026\/04\/Lahor-and-polat-120x86.jpg\" \/><\/div><\/a><\/div><div  class=\"jeg_slide_thumbnail_item post-1037983 post type-post status-publish format-standard has-post-thumbnail hentry category-kurdistan tag-onemli\"><a href=\"https:\/\/darkamazi.site\/archives\/1037983\"><div class=\"thumbnail-container size-715 \"><img loading=\"lazy\" decoding=\"async\" width=\"120\" height=\"86\" src=\"https:\/\/darkamazi.site\/ext\/epic-news-element\/assets\/img\/jeg-empty.png\" class=\"attachment-epic-120x86 size-epic-120x86 owl-lazy\" alt=\"Ba\u015fbakan Mesrur Barzani, He\u015fdi \u015eabi Lideri Feyyad ile g\u00f6r\u00fc\u015ft\u00fc\" data-src=\"https:\/\/darkamazi.site\/file\/2026\/04\/PM-Serok-and-Feyyaz-120x86.jpg\" \/><\/div><\/a><\/div><div  class=\"jeg_slide_thumbnail_item post-1037980 post type-post status-publish format-standard has-post-thumbnail hentry category-kurdistan tag-onemli\"><a href=\"https:\/\/darkamazi.site\/archives\/1037980\"><div class=\"thumbnail-container size-715 \"><img loading=\"lazy\" decoding=\"async\" width=\"120\" height=\"86\" src=\"https:\/\/darkamazi.site\/ext\/epic-news-element\/assets\/img\/jeg-empty.png\" class=\"attachment-epic-120x86 size-epic-120x86 owl-lazy\" alt=\"K\u00fcrdistan B\u00f6lge Ba\u015fkan&#039;\u0131 Ne\u00e7irvan Barzani resmi temaslar i\u00e7in BAE\u2019de: B\u00f6lgesel istikrar masada\" data-src=\"https:\/\/darkamazi.site\/file\/2026\/04\/Bolge-Baskani-120x86.jpg\" \/><\/div><\/a><\/div><div  class=\"jeg_slide_thumbnail_item post-1037970 post type-post status-publish format-standard has-post-thumbnail hentry category-kurdistan tag-onemli\"><a href=\"https:\/\/darkamazi.site\/archives\/1037970\"><div class=\"thumbnail-container size-715 \"><img loading=\"lazy\" decoding=\"async\" width=\"120\" height=\"86\" src=\"https:\/\/darkamazi.site\/ext\/epic-news-element\/assets\/img\/jeg-empty.png\" class=\"attachment-epic-120x86 size-epic-120x86 owl-lazy\" alt=\"YNK\u2019nin Kerk\u00fck\u2019teki valilik ihanetinin sonu\u00e7lar\u0131n\u0131 Devlet Bah\u00e7eli itiraf etti: Kerk\u00fck\u2019te yeni bir d\u00fczen kuruluyor\" data-src=\"https:\/\/darkamazi.site\/file\/2026\/04\/bahceli-120x86.jpg\" \/><\/div><\/a><\/div>\n                        <\/div>\n                    <\/div>\n                <\/div>[\/darkamazi_column][\/darkamazi_row][darkamazi_row][darkamazi_column]<div  class=\"jeg_postblock_37 jeg_postblock jeg_module_hook jeg_pagination_loadmore jeg_col_2o3 epic_module__1_69f71026a7f17  alt \" data-unique=\"epic_module__1_69f71026a7f17\">\n                \n                <div class=\"jeg_block_container\">\n                \n                <div class=\"jeg_posts_wrap\">\n                <div class=\"jeg_posts jeg_load_more_flag\"> \n                    <article class=\"jeg_post  post-1038012 post type-post status-publish format-standard has-post-thumbnail hentry category-kurdistan tag-onemli\">\n\t\t\t\t<div class='box_wrap'>\n\t\t\t\t\t<div class=\"jeg_thumb\">\n\t\t                \n\t\t                <a href=\"https:\/\/darkamazi.site\/archives\/1038012\"><div class=\"thumbnail-container animate-lazy  size-715 \"><img loading=\"lazy\" decoding=\"async\" width=\"350\" height=\"250\" src=\"https:\/\/darkamazi.site\/ext\/epic-news-element\/assets\/img\/jeg-empty.png\" class=\"attachment-epic-350x250 size-epic-350x250 lazyload darka-post-image\" alt=\"Ba\u015fbakan Barzani Irak Ba\u015fbakan aday\u0131 Zeydi ile g\u00f6r\u00fc\u015ft\u00fc: Masada H\u00fck\u00fcmet kurma s\u00fcreci var\" data-src=\"https:\/\/darkamazi.site\/file\/2026\/05\/PM-Serok-350x250.jpg\" data-sizes=\"auto\" data-srcset=\"https:\/\/darkamazi.site\/file\/2026\/05\/PM-Serok-350x250.jpg 350w, https:\/\/darkamazi.site\/file\/2026\/05\/PM-Serok-120x86.jpg 120w, https:\/\/darkamazi.site\/file\/2026\/05\/PM-Serok-750x536.jpg 750w, https:\/\/darkamazi.site\/file\/2026\/05\/PM-Serok-1140x815.jpg 1140w\" data-expand=\"700\" \/><\/div><\/a>\n\t\t                <div class=\"jeg_post_category\">\n\t\t                    <span><a href=\"https:\/\/darkamazi.site\/archives\/category\/kurdistan\" class=\"category-kurdistan\">Kurdistan<\/a><\/span>\n\t\t                <\/div>\n\t\t            <\/div>\n\t\t            <div class=\"jeg_postblock_content\">\n\t\t                <h3 class=\"jeg_post_title\">\n\t\t                    <a href=\"https:\/\/darkamazi.site\/archives\/1038012\">Ba\u015fbakan Barzani Irak Ba\u015fbakan aday\u0131 Zeydi ile g\u00f6r\u00fc\u015ft\u00fc: Masada H\u00fck\u00fcmet kurma s\u00fcreci var<\/a>\n\t\t                <\/h3>\n\t\t                <div class=\"jeg_post_meta\"><div class=\"jeg_meta_date\"><a href=\"https:\/\/darkamazi.site\/archives\/1038012\" ><i class=\"fa fa-clock-o\"><\/i> May 2, 2026<\/a><\/div><div class=\"jeg_meta_share\">\n\t\t\t\t<a href=\"#\" ><i class=\"fa fa-share\"><\/i><\/a>\n\t\t\t\t<div class=\"jeg_sharelist\">\n\t\t\t\t\t<a href=\"http:\/\/www.facebook.com\/sharer.php?u=https%3A%2F%2Fdarkamazi.site%2Farchives%2F1038012\" target=\"_blank\" class=\"jeg_btn-facebook\"><i class=\"fa fa-facebook-official\"><\/i> <span>Facebook<\/span><\/a><a href=\"https:\/\/twitter.com\/intent\/tweet?text=Ba%C5%9Fbakan+Barzani+Irak+Ba%C5%9Fbakan+aday%C4%B1+Zeydi+ile+g%C3%B6r%C3%BC%C5%9Ft%C3%BC%3A+Masada+H%C3%BCk%C3%BCmet+kurma+s%C3%BCreci+var&url=https%3A%2F%2Fdarkamazi.site%2Farchives%2F1038012\" target=\"_blank\" class=\"jeg_btn-twitter\"><i class=\"fa fa-twitter\"><\/i> <span>Twitter<\/span><\/a><a href=\"https:\/\/plus.google.com\/share?url=https%3A%2F%2Fdarkamazi.site%2Farchives%2F1038012\" target=\"_blank\" class=\"jeg_btn-google-plus \"><i class=\"fa fa-google-plus\"><\/i> <span>Google+<\/span><\/a><a href=\"https:\/\/www.linkedin.com\/shareArticle?url=https%3A%2F%2Fdarkamazi.site%2Farchives%2F1038012&title=Ba%C5%9Fbakan+Barzani+Irak+Ba%C5%9Fbakan+aday%C4%B1+Zeydi+ile+g%C3%B6r%C3%BC%C5%9Ft%C3%BC%3A+Masada+H%C3%BCk%C3%BCmet+kurma+s%C3%BCreci+var\" target=\"_blank\" class=\"jeg_btn-linkedin \"><i class=\"fa fa-linkedin\"><\/i> <span>Linked In<\/span><\/a><a href=\"https:\/\/www.pinterest.com\/pin\/create\/bookmarklet\/?pinFave=1&url=https%3A%2F%2Fdarkamazi.site%2Farchives%2F1038012&media=https:\/\/darkamazi.site\/file\/2026\/05\/PM-Serok.jpg&description=Ba%C5%9Fbakan+Barzani+Irak+Ba%C5%9Fbakan+aday%C4%B1+Zeydi+ile+g%C3%B6r%C3%BC%C5%9Ft%C3%BC%3A+Masada+H%C3%BCk%C3%BCmet+kurma+s%C3%BCreci+var\" target=\"_blank\" class=\"jeg_btn-pinterest \"><i class=\"fa fa-pinterest\"><\/i> <span>Pinterest<\/span><\/a>\n\t\t\t\t<\/div>\n\t\t\t<\/div><\/div>\n\t\t            <\/div>\n\t\t\t\t<\/div>\n\t        <\/article><article class=\"jeg_post  post-1038008 post type-post status-publish format-standard has-post-thumbnail hentry category-kurdistan\">\n\t\t\t\t<div class='box_wrap'>\n\t\t\t\t\t<div class=\"jeg_thumb\">\n\t\t                \n\t\t                <a href=\"https:\/\/darkamazi.site\/archives\/1038008\"><div class=\"thumbnail-container animate-lazy  size-715 \"><img loading=\"lazy\" decoding=\"async\" width=\"350\" height=\"250\" src=\"https:\/\/darkamazi.site\/ext\/epic-news-element\/assets\/img\/jeg-empty.png\" class=\"attachment-epic-350x250 size-epic-350x250 lazyload darka-post-image\" alt=\"HSD&#039;nin d\u00f6rt tugay\u0131 resmen \u015eam g\u00fc\u00e7lerine kat\u0131ld\u0131\" data-src=\"https:\/\/darkamazi.site\/file\/2026\/05\/HSD-350x250.jpg\" data-sizes=\"auto\" data-srcset=\"https:\/\/darkamazi.site\/file\/2026\/05\/HSD-350x250.jpg 350w, https:\/\/darkamazi.site\/file\/2026\/05\/HSD-120x86.jpg 120w, https:\/\/darkamazi.site\/file\/2026\/05\/HSD-750x536.jpg 750w\" data-expand=\"700\" \/><\/div><\/a>\n\t\t                <div class=\"jeg_post_category\">\n\t\t                    <span><a href=\"https:\/\/darkamazi.site\/archives\/category\/kurdistan\" class=\"category-kurdistan\">Kurdistan<\/a><\/span>\n\t\t                <\/div>\n\t\t            <\/div>\n\t\t            <div class=\"jeg_postblock_content\">\n\t\t                <h3 class=\"jeg_post_title\">\n\t\t                    <a href=\"https:\/\/darkamazi.site\/archives\/1038008\">Sipan Hamo Suriye ile entegrasyon s\u00fcrecini de\u011ferlendirdi:<\/a>\n\t\t                <\/h3>\n\t\t                <div class=\"jeg_post_meta\"><div class=\"jeg_meta_date\"><a href=\"https:\/\/darkamazi.site\/archives\/1038008\" ><i class=\"fa fa-clock-o\"><\/i> May 2, 2026<\/a><\/div><div class=\"jeg_meta_share\">\n\t\t\t\t<a href=\"#\" ><i class=\"fa fa-share\"><\/i><\/a>\n\t\t\t\t<div class=\"jeg_sharelist\">\n\t\t\t\t\t<a href=\"http:\/\/www.facebook.com\/sharer.php?u=https%3A%2F%2Fdarkamazi.site%2Farchives%2F1038008\" target=\"_blank\" class=\"jeg_btn-facebook\"><i class=\"fa fa-facebook-official\"><\/i> <span>Facebook<\/span><\/a><a href=\"https:\/\/twitter.com\/intent\/tweet?text=Sipan+Hamo+Suriye+ile+entegrasyon+s%C3%BCrecini+de%C4%9Ferlendirdi%3A&url=https%3A%2F%2Fdarkamazi.site%2Farchives%2F1038008\" target=\"_blank\" class=\"jeg_btn-twitter\"><i class=\"fa fa-twitter\"><\/i> <span>Twitter<\/span><\/a><a href=\"https:\/\/plus.google.com\/share?url=https%3A%2F%2Fdarkamazi.site%2Farchives%2F1038008\" target=\"_blank\" class=\"jeg_btn-google-plus \"><i class=\"fa fa-google-plus\"><\/i> <span>Google+<\/span><\/a><a href=\"https:\/\/www.linkedin.com\/shareArticle?url=https%3A%2F%2Fdarkamazi.site%2Farchives%2F1038008&title=Sipan+Hamo+Suriye+ile+entegrasyon+s%C3%BCrecini+de%C4%9Ferlendirdi%3A\" target=\"_blank\" class=\"jeg_btn-linkedin \"><i class=\"fa fa-linkedin\"><\/i> <span>Linked In<\/span><\/a><a href=\"https:\/\/www.pinterest.com\/pin\/create\/bookmarklet\/?pinFave=1&url=https%3A%2F%2Fdarkamazi.site%2Farchives%2F1038008&media=https:\/\/darkamazi.site\/file\/2026\/05\/HSD.jpg&description=Sipan+Hamo+Suriye+ile+entegrasyon+s%C3%BCrecini+de%C4%9Ferlendirdi%3A\" target=\"_blank\" class=\"jeg_btn-pinterest \"><i class=\"fa fa-pinterest\"><\/i> <span>Pinterest<\/span><\/a>\n\t\t\t\t<\/div>\n\t\t\t<\/div><\/div>\n\t\t            <\/div>\n\t\t\t\t<\/div>\n\t        <\/article><article class=\"jeg_post  post-1038005 post type-post status-publish format-standard has-post-thumbnail hentry category-kurdistan\">\n\t\t\t\t<div class='box_wrap'>\n\t\t\t\t\t<div class=\"jeg_thumb\">\n\t\t                \n\t\t                <a href=\"https:\/\/darkamazi.site\/archives\/1038005\"><div class=\"thumbnail-container animate-lazy  size-715 \"><img loading=\"lazy\" decoding=\"async\" width=\"350\" height=\"250\" src=\"https:\/\/darkamazi.site\/ext\/epic-news-element\/assets\/img\/jeg-empty.png\" class=\"attachment-epic-350x250 size-epic-350x250 lazyload darka-post-image\" alt=\"PWK: 1 May\u0131s D\u00fcnya \u0130\u015f\u00e7i ve Emek\u00e7ilerine Kutlu Olsun!\" data-src=\"https:\/\/darkamazi.site\/file\/2026\/05\/PWK-350x250.jpg\" data-sizes=\"auto\" data-srcset=\"https:\/\/darkamazi.site\/file\/2026\/05\/PWK-350x250.jpg 350w, https:\/\/darkamazi.site\/file\/2026\/05\/PWK-120x86.jpg 120w\" data-expand=\"700\" \/><\/div><\/a>\n\t\t                <div class=\"jeg_post_category\">\n\t\t                    <span><a href=\"https:\/\/darkamazi.site\/archives\/category\/kurdistan\" class=\"category-kurdistan\">Kurdistan<\/a><\/span>\n\t\t                <\/div>\n\t\t            <\/div>\n\t\t            <div class=\"jeg_postblock_content\">\n\t\t                <h3 class=\"jeg_post_title\">\n\t\t                    <a href=\"https:\/\/darkamazi.site\/archives\/1038005\">PWK: 1 May\u0131s D\u00fcnya \u0130\u015f\u00e7i ve Emek\u00e7ilerine Kutlu Olsun!<\/a>\n\t\t                <\/h3>\n\t\t                <div class=\"jeg_post_meta\"><div class=\"jeg_meta_date\"><a href=\"https:\/\/darkamazi.site\/archives\/1038005\" ><i class=\"fa fa-clock-o\"><\/i> May 1, 2026<\/a><\/div><div class=\"jeg_meta_share\">\n\t\t\t\t<a href=\"#\" ><i class=\"fa fa-share\"><\/i><\/a>\n\t\t\t\t<div class=\"jeg_sharelist\">\n\t\t\t\t\t<a href=\"http:\/\/www.facebook.com\/sharer.php?u=https%3A%2F%2Fdarkamazi.site%2Farchives%2F1038005\" target=\"_blank\" class=\"jeg_btn-facebook\"><i class=\"fa fa-facebook-official\"><\/i> <span>Facebook<\/span><\/a><a href=\"https:\/\/twitter.com\/intent\/tweet?text=PWK%3A+1+May%C4%B1s+D%C3%BCnya+%C4%B0%C5%9F%C3%A7i+ve+Emek%C3%A7ilerine+Kutlu+Olsun%21&url=https%3A%2F%2Fdarkamazi.site%2Farchives%2F1038005\" target=\"_blank\" class=\"jeg_btn-twitter\"><i class=\"fa fa-twitter\"><\/i> <span>Twitter<\/span><\/a><a href=\"https:\/\/plus.google.com\/share?url=https%3A%2F%2Fdarkamazi.site%2Farchives%2F1038005\" target=\"_blank\" class=\"jeg_btn-google-plus \"><i class=\"fa fa-google-plus\"><\/i> <span>Google+<\/span><\/a><a href=\"https:\/\/www.linkedin.com\/shareArticle?url=https%3A%2F%2Fdarkamazi.site%2Farchives%2F1038005&title=PWK%3A+1+May%C4%B1s+D%C3%BCnya+%C4%B0%C5%9F%C3%A7i+ve+Emek%C3%A7ilerine+Kutlu+Olsun%21\" target=\"_blank\" class=\"jeg_btn-linkedin \"><i class=\"fa fa-linkedin\"><\/i> <span>Linked In<\/span><\/a><a href=\"https:\/\/www.pinterest.com\/pin\/create\/bookmarklet\/?pinFave=1&url=https%3A%2F%2Fdarkamazi.site%2Farchives%2F1038005&media=https:\/\/darkamazi.site\/file\/2026\/05\/PWK.jpg&description=PWK%3A+1+May%C4%B1s+D%C3%BCnya+%C4%B0%C5%9F%C3%A7i+ve+Emek%C3%A7ilerine+Kutlu+Olsun%21\" target=\"_blank\" class=\"jeg_btn-pinterest \"><i class=\"fa fa-pinterest\"><\/i> <span>Pinterest<\/span><\/a>\n\t\t\t\t<\/div>\n\t\t\t<\/div><\/div>\n\t\t            <\/div>\n\t\t\t\t<\/div>\n\t        <\/article><article class=\"jeg_post  post-1037989 post type-post status-publish format-standard has-post-thumbnail hentry category-kurdistan tag-onemli\">\n\t\t\t\t<div class='box_wrap'>\n\t\t\t\t\t<div class=\"jeg_thumb\">\n\t\t                \n\t\t                <a href=\"https:\/\/darkamazi.site\/archives\/1037989\"><div class=\"thumbnail-container animate-lazy  size-715 \"><img loading=\"lazy\" decoding=\"async\" width=\"350\" height=\"250\" src=\"https:\/\/darkamazi.site\/ext\/epic-news-element\/assets\/img\/jeg-empty.png\" class=\"attachment-epic-350x250 size-epic-350x250 lazyload darka-post-image\" alt=\"Ba\u011f\u0131ms\u0131z \u0130nsan Haklar\u0131 Komisyonu: S\u00fcleymaniye Asayi\u015fi Lahor ve Polat Cengi karde\u015fleri ziyaret etmemizi engelliyor\" data-src=\"https:\/\/darkamazi.site\/file\/2026\/04\/Lahor-and-polat-350x250.jpg\" data-sizes=\"auto\" data-srcset=\"https:\/\/darkamazi.site\/file\/2026\/04\/Lahor-and-polat-350x250.jpg 350w, https:\/\/darkamazi.site\/file\/2026\/04\/Lahor-and-polat-120x86.jpg 120w, https:\/\/darkamazi.site\/file\/2026\/04\/Lahor-and-polat-750x536.jpg 750w\" data-expand=\"700\" \/><\/div><\/a>\n\t\t                <div class=\"jeg_post_category\">\n\t\t                    <span><a href=\"https:\/\/darkamazi.site\/archives\/category\/kurdistan\" class=\"category-kurdistan\">Kurdistan<\/a><\/span>\n\t\t                <\/div>\n\t\t            <\/div>\n\t\t            <div class=\"jeg_postblock_content\">\n\t\t                <h3 class=\"jeg_post_title\">\n\t\t                    <a href=\"https:\/\/darkamazi.site\/archives\/1037989\">Ba\u011f\u0131ms\u0131z \u0130nsan Haklar\u0131 Komisyonu: S\u00fcleymaniye Asayi\u015fi Lahor ve Polat Cengi karde\u015fleri ziyaret etmemizi engelliyor<\/a>\n\t\t                <\/h3>\n\t\t                <div class=\"jeg_post_meta\"><div class=\"jeg_meta_date\"><a href=\"https:\/\/darkamazi.site\/archives\/1037989\" ><i class=\"fa fa-clock-o\"><\/i> April 29, 2026<\/a><\/div><div class=\"jeg_meta_share\">\n\t\t\t\t<a href=\"#\" ><i class=\"fa fa-share\"><\/i><\/a>\n\t\t\t\t<div class=\"jeg_sharelist\">\n\t\t\t\t\t<a href=\"http:\/\/www.facebook.com\/sharer.php?u=https%3A%2F%2Fdarkamazi.site%2Farchives%2F1037989\" target=\"_blank\" class=\"jeg_btn-facebook\"><i class=\"fa fa-facebook-official\"><\/i> <span>Facebook<\/span><\/a><a href=\"https:\/\/twitter.com\/intent\/tweet?text=Ba%C4%9F%C4%B1ms%C4%B1z+%C4%B0nsan+Haklar%C4%B1+Komisyonu%3A+S%C3%BCleymaniye+Asayi%C5%9Fi+Lahor+ve+Polat+Cengi+karde%C5%9Fleri+ziyaret+etmemizi+engelliyor&url=https%3A%2F%2Fdarkamazi.site%2Farchives%2F1037989\" target=\"_blank\" class=\"jeg_btn-twitter\"><i class=\"fa fa-twitter\"><\/i> <span>Twitter<\/span><\/a><a href=\"https:\/\/plus.google.com\/share?url=https%3A%2F%2Fdarkamazi.site%2Farchives%2F1037989\" target=\"_blank\" class=\"jeg_btn-google-plus \"><i class=\"fa fa-google-plus\"><\/i> <span>Google+<\/span><\/a><a href=\"https:\/\/www.linkedin.com\/shareArticle?url=https%3A%2F%2Fdarkamazi.site%2Farchives%2F1037989&title=Ba%C4%9F%C4%B1ms%C4%B1z+%C4%B0nsan+Haklar%C4%B1+Komisyonu%3A+S%C3%BCleymaniye+Asayi%C5%9Fi+Lahor+ve+Polat+Cengi+karde%C5%9Fleri+ziyaret+etmemizi+engelliyor\" target=\"_blank\" class=\"jeg_btn-linkedin \"><i class=\"fa fa-linkedin\"><\/i> <span>Linked In<\/span><\/a><a href=\"https:\/\/www.pinterest.com\/pin\/create\/bookmarklet\/?pinFave=1&url=https%3A%2F%2Fdarkamazi.site%2Farchives%2F1037989&media=https:\/\/darkamazi.site\/file\/2026\/04\/Lahor-and-polat.jpg&description=Ba%C4%9F%C4%B1ms%C4%B1z+%C4%B0nsan+Haklar%C4%B1+Komisyonu%3A+S%C3%BCleymaniye+Asayi%C5%9Fi+Lahor+ve+Polat+Cengi+karde%C5%9Fleri+ziyaret+etmemizi+engelliyor\" target=\"_blank\" class=\"jeg_btn-pinterest \"><i class=\"fa fa-pinterest\"><\/i> <span>Pinterest<\/span><\/a>\n\t\t\t\t<\/div>\n\t\t\t<\/div><\/div>\n\t\t            <\/div>\n\t\t\t\t<\/div>\n\t        <\/article><article class=\"jeg_post  post-1037983 post type-post status-publish format-standard has-post-thumbnail hentry category-kurdistan tag-onemli\">\n\t\t\t\t<div class='box_wrap'>\n\t\t\t\t\t<div class=\"jeg_thumb\">\n\t\t                \n\t\t                <a href=\"https:\/\/darkamazi.site\/archives\/1037983\"><div class=\"thumbnail-container animate-lazy  size-715 \"><img loading=\"lazy\" decoding=\"async\" width=\"350\" height=\"250\" src=\"https:\/\/darkamazi.site\/ext\/epic-news-element\/assets\/img\/jeg-empty.png\" class=\"attachment-epic-350x250 size-epic-350x250 lazyload darka-post-image\" alt=\"Ba\u015fbakan Mesrur Barzani, He\u015fdi \u015eabi Lideri Feyyad ile g\u00f6r\u00fc\u015ft\u00fc\" data-src=\"https:\/\/darkamazi.site\/file\/2026\/04\/PM-Serok-and-Feyyaz-350x250.jpg\" data-sizes=\"auto\" data-srcset=\"https:\/\/darkamazi.site\/file\/2026\/04\/PM-Serok-and-Feyyaz-350x250.jpg 350w, https:\/\/darkamazi.site\/file\/2026\/04\/PM-Serok-and-Feyyaz-120x86.jpg 120w, https:\/\/darkamazi.site\/file\/2026\/04\/PM-Serok-and-Feyyaz-750x536.jpg 750w, https:\/\/darkamazi.site\/file\/2026\/04\/PM-Serok-and-Feyyaz-1140x815.jpg 1140w\" data-expand=\"700\" \/><\/div><\/a>\n\t\t                <div class=\"jeg_post_category\">\n\t\t                    <span><a href=\"https:\/\/darkamazi.site\/archives\/category\/kurdistan\" class=\"category-kurdistan\">Kurdistan<\/a><\/span>\n\t\t                <\/div>\n\t\t            <\/div>\n\t\t            <div class=\"jeg_postblock_content\">\n\t\t                <h3 class=\"jeg_post_title\">\n\t\t                    <a href=\"https:\/\/darkamazi.site\/archives\/1037983\">Ba\u015fbakan Mesrur Barzani, He\u015fdi \u015eabi Lideri Feyyad ile g\u00f6r\u00fc\u015ft\u00fc<\/a>\n\t\t                <\/h3>\n\t\t                <div class=\"jeg_post_meta\"><div class=\"jeg_meta_date\"><a href=\"https:\/\/darkamazi.site\/archives\/1037983\" ><i class=\"fa fa-clock-o\"><\/i> April 29, 2026<\/a><\/div><div class=\"jeg_meta_share\">\n\t\t\t\t<a href=\"#\" ><i class=\"fa fa-share\"><\/i><\/a>\n\t\t\t\t<div class=\"jeg_sharelist\">\n\t\t\t\t\t<a href=\"http:\/\/www.facebook.com\/sharer.php?u=https%3A%2F%2Fdarkamazi.site%2Farchives%2F1037983\" target=\"_blank\" class=\"jeg_btn-facebook\"><i class=\"fa fa-facebook-official\"><\/i> <span>Facebook<\/span><\/a><a href=\"https:\/\/twitter.com\/intent\/tweet?text=Ba%C5%9Fbakan+Mesrur+Barzani%2C+He%C5%9Fdi+%C5%9Eabi+Lideri+Feyyad+ile+g%C3%B6r%C3%BC%C5%9Ft%C3%BC&url=https%3A%2F%2Fdarkamazi.site%2Farchives%2F1037983\" target=\"_blank\" class=\"jeg_btn-twitter\"><i class=\"fa fa-twitter\"><\/i> <span>Twitter<\/span><\/a><a href=\"https:\/\/plus.google.com\/share?url=https%3A%2F%2Fdarkamazi.site%2Farchives%2F1037983\" target=\"_blank\" class=\"jeg_btn-google-plus \"><i class=\"fa fa-google-plus\"><\/i> <span>Google+<\/span><\/a><a href=\"https:\/\/www.linkedin.com\/shareArticle?url=https%3A%2F%2Fdarkamazi.site%2Farchives%2F1037983&title=Ba%C5%9Fbakan+Mesrur+Barzani%2C+He%C5%9Fdi+%C5%9Eabi+Lideri+Feyyad+ile+g%C3%B6r%C3%BC%C5%9Ft%C3%BC\" target=\"_blank\" class=\"jeg_btn-linkedin \"><i class=\"fa fa-linkedin\"><\/i> <span>Linked In<\/span><\/a><a href=\"https:\/\/www.pinterest.com\/pin\/create\/bookmarklet\/?pinFave=1&url=https%3A%2F%2Fdarkamazi.site%2Farchives%2F1037983&media=https:\/\/darkamazi.site\/file\/2026\/04\/PM-Serok-and-Feyyaz.jpg&description=Ba%C5%9Fbakan+Mesrur+Barzani%2C+He%C5%9Fdi+%C5%9Eabi+Lideri+Feyyad+ile+g%C3%B6r%C3%BC%C5%9Ft%C3%BC\" target=\"_blank\" class=\"jeg_btn-pinterest \"><i class=\"fa fa-pinterest\"><\/i> <span>Pinterest<\/span><\/a>\n\t\t\t\t<\/div>\n\t\t\t<\/div><\/div>\n\t\t            <\/div>\n\t\t\t\t<\/div>\n\t        <\/article><article class=\"jeg_post  post-1037980 post type-post status-publish format-standard has-post-thumbnail hentry category-kurdistan tag-onemli\">\n\t\t\t\t<div class='box_wrap'>\n\t\t\t\t\t<div class=\"jeg_thumb\">\n\t\t                \n\t\t                <a href=\"https:\/\/darkamazi.site\/archives\/1037980\"><div class=\"thumbnail-container animate-lazy  size-715 \"><img loading=\"lazy\" decoding=\"async\" width=\"350\" height=\"250\" src=\"https:\/\/darkamazi.site\/ext\/epic-news-element\/assets\/img\/jeg-empty.png\" class=\"attachment-epic-350x250 size-epic-350x250 lazyload darka-post-image\" alt=\"K\u00fcrdistan B\u00f6lge Ba\u015fkan&#039;\u0131 Ne\u00e7irvan Barzani resmi temaslar i\u00e7in BAE\u2019de: B\u00f6lgesel istikrar masada\" data-src=\"https:\/\/darkamazi.site\/file\/2026\/04\/Bolge-Baskani-350x250.jpg\" data-sizes=\"auto\" data-srcset=\"https:\/\/darkamazi.site\/file\/2026\/04\/Bolge-Baskani-350x250.jpg 350w, https:\/\/darkamazi.site\/file\/2026\/04\/Bolge-Baskani-120x86.jpg 120w, https:\/\/darkamazi.site\/file\/2026\/04\/Bolge-Baskani-750x536.jpg 750w, https:\/\/darkamazi.site\/file\/2026\/04\/Bolge-Baskani-1140x815.jpg 1140w\" data-expand=\"700\" \/><\/div><\/a>\n\t\t                <div class=\"jeg_post_category\">\n\t\t                    <span><a href=\"https:\/\/darkamazi.site\/archives\/category\/kurdistan\" class=\"category-kurdistan\">Kurdistan<\/a><\/span>\n\t\t                <\/div>\n\t\t            <\/div>\n\t\t            <div class=\"jeg_postblock_content\">\n\t\t                <h3 class=\"jeg_post_title\">\n\t\t                    <a href=\"https:\/\/darkamazi.site\/archives\/1037980\">K\u00fcrdistan B\u00f6lge Ba\u015fkan&#8217;\u0131 Ne\u00e7irvan Barzani resmi temaslar i\u00e7in BAE\u2019de: B\u00f6lgesel istikrar masada<\/a>\n\t\t                <\/h3>\n\t\t                <div class=\"jeg_post_meta\"><div class=\"jeg_meta_date\"><a href=\"https:\/\/darkamazi.site\/archives\/1037980\" ><i class=\"fa fa-clock-o\"><\/i> April 29, 2026<\/a><\/div><div class=\"jeg_meta_share\">\n\t\t\t\t<a href=\"#\" ><i class=\"fa fa-share\"><\/i><\/a>\n\t\t\t\t<div class=\"jeg_sharelist\">\n\t\t\t\t\t<a href=\"http:\/\/www.facebook.com\/sharer.php?u=https%3A%2F%2Fdarkamazi.site%2Farchives%2F1037980\" target=\"_blank\" class=\"jeg_btn-facebook\"><i class=\"fa fa-facebook-official\"><\/i> <span>Facebook<\/span><\/a><a href=\"https:\/\/twitter.com\/intent\/tweet?text=K%C3%BCrdistan+B%C3%B6lge+Ba%C5%9Fkan%E2%80%99%C4%B1+Ne%C3%A7irvan+Barzani+resmi+temaslar+i%C3%A7in+BAE%E2%80%99de%3A+B%C3%B6lgesel+istikrar+masada&url=https%3A%2F%2Fdarkamazi.site%2Farchives%2F1037980\" target=\"_blank\" class=\"jeg_btn-twitter\"><i class=\"fa fa-twitter\"><\/i> <span>Twitter<\/span><\/a><a href=\"https:\/\/plus.google.com\/share?url=https%3A%2F%2Fdarkamazi.site%2Farchives%2F1037980\" target=\"_blank\" class=\"jeg_btn-google-plus \"><i class=\"fa fa-google-plus\"><\/i> <span>Google+<\/span><\/a><a href=\"https:\/\/www.linkedin.com\/shareArticle?url=https%3A%2F%2Fdarkamazi.site%2Farchives%2F1037980&title=K%C3%BCrdistan+B%C3%B6lge+Ba%C5%9Fkan%E2%80%99%C4%B1+Ne%C3%A7irvan+Barzani+resmi+temaslar+i%C3%A7in+BAE%E2%80%99de%3A+B%C3%B6lgesel+istikrar+masada\" target=\"_blank\" class=\"jeg_btn-linkedin \"><i class=\"fa fa-linkedin\"><\/i> <span>Linked In<\/span><\/a><a href=\"https:\/\/www.pinterest.com\/pin\/create\/bookmarklet\/?pinFave=1&url=https%3A%2F%2Fdarkamazi.site%2Farchives%2F1037980&media=https:\/\/darkamazi.site\/file\/2026\/04\/Bolge-Baskani.jpg&description=K%C3%BCrdistan+B%C3%B6lge+Ba%C5%9Fkan%E2%80%99%C4%B1+Ne%C3%A7irvan+Barzani+resmi+temaslar+i%C3%A7in+BAE%E2%80%99de%3A+B%C3%B6lgesel+istikrar+masada\" target=\"_blank\" class=\"jeg_btn-pinterest \"><i class=\"fa fa-pinterest\"><\/i> <span>Pinterest<\/span><\/a>\n\t\t\t\t<\/div>\n\t\t\t<\/div><\/div>\n\t\t            <\/div>\n\t\t\t\t<\/div>\n\t        <\/article><article class=\"jeg_post  post-1037970 post type-post status-publish format-standard has-post-thumbnail hentry category-kurdistan tag-onemli\">\n\t\t\t\t<div class='box_wrap'>\n\t\t\t\t\t<div class=\"jeg_thumb\">\n\t\t                \n\t\t                <a href=\"https:\/\/darkamazi.site\/archives\/1037970\"><div class=\"thumbnail-container animate-lazy  size-715 \"><img loading=\"lazy\" decoding=\"async\" width=\"350\" height=\"250\" src=\"https:\/\/darkamazi.site\/ext\/epic-news-element\/assets\/img\/jeg-empty.png\" class=\"attachment-epic-350x250 size-epic-350x250 lazyload darka-post-image\" alt=\"YNK\u2019nin Kerk\u00fck\u2019teki valilik ihanetinin sonu\u00e7lar\u0131n\u0131 Devlet Bah\u00e7eli itiraf etti: Kerk\u00fck\u2019te yeni bir d\u00fczen kuruluyor\" data-src=\"https:\/\/darkamazi.site\/file\/2026\/04\/bahceli-350x250.jpg\" data-sizes=\"auto\" data-srcset=\"https:\/\/darkamazi.site\/file\/2026\/04\/bahceli-350x250.jpg 350w, https:\/\/darkamazi.site\/file\/2026\/04\/bahceli-120x86.jpg 120w\" data-expand=\"700\" \/><\/div><\/a>\n\t\t                <div class=\"jeg_post_category\">\n\t\t                    <span><a href=\"https:\/\/darkamazi.site\/archives\/category\/kurdistan\" class=\"category-kurdistan\">Kurdistan<\/a><\/span>\n\t\t                <\/div>\n\t\t            <\/div>\n\t\t            <div class=\"jeg_postblock_content\">\n\t\t                <h3 class=\"jeg_post_title\">\n\t\t                    <a href=\"https:\/\/darkamazi.site\/archives\/1037970\">YNK\u2019nin Kerk\u00fck\u2019teki valilik ihanetinin sonu\u00e7lar\u0131n\u0131 Devlet Bah\u00e7eli itiraf etti: Kerk\u00fck\u2019te yeni bir d\u00fczen kuruluyor<\/a>\n\t\t                <\/h3>\n\t\t                <div class=\"jeg_post_meta\"><div class=\"jeg_meta_date\"><a href=\"https:\/\/darkamazi.site\/archives\/1037970\" ><i class=\"fa fa-clock-o\"><\/i> April 28, 2026<\/a><\/div><div class=\"jeg_meta_share\">\n\t\t\t\t<a href=\"#\" ><i class=\"fa fa-share\"><\/i><\/a>\n\t\t\t\t<div class=\"jeg_sharelist\">\n\t\t\t\t\t<a href=\"http:\/\/www.facebook.com\/sharer.php?u=https%3A%2F%2Fdarkamazi.site%2Farchives%2F1037970\" target=\"_blank\" class=\"jeg_btn-facebook\"><i class=\"fa fa-facebook-official\"><\/i> <span>Facebook<\/span><\/a><a href=\"https:\/\/twitter.com\/intent\/tweet?text=YNK%E2%80%99nin+Kerk%C3%BCk%E2%80%99teki+valilik+ihanetinin+sonu%C3%A7lar%C4%B1n%C4%B1+Devlet+Bah%C3%A7eli+itiraf+etti%3A+Kerk%C3%BCk%E2%80%99te+yeni+bir+d%C3%BCzen+kuruluyor&url=https%3A%2F%2Fdarkamazi.site%2Farchives%2F1037970\" target=\"_blank\" class=\"jeg_btn-twitter\"><i class=\"fa fa-twitter\"><\/i> <span>Twitter<\/span><\/a><a href=\"https:\/\/plus.google.com\/share?url=https%3A%2F%2Fdarkamazi.site%2Farchives%2F1037970\" target=\"_blank\" class=\"jeg_btn-google-plus \"><i class=\"fa fa-google-plus\"><\/i> <span>Google+<\/span><\/a><a href=\"https:\/\/www.linkedin.com\/shareArticle?url=https%3A%2F%2Fdarkamazi.site%2Farchives%2F1037970&title=YNK%E2%80%99nin+Kerk%C3%BCk%E2%80%99teki+valilik+ihanetinin+sonu%C3%A7lar%C4%B1n%C4%B1+Devlet+Bah%C3%A7eli+itiraf+etti%3A+Kerk%C3%BCk%E2%80%99te+yeni+bir+d%C3%BCzen+kuruluyor\" target=\"_blank\" class=\"jeg_btn-linkedin \"><i class=\"fa fa-linkedin\"><\/i> <span>Linked In<\/span><\/a><a href=\"https:\/\/www.pinterest.com\/pin\/create\/bookmarklet\/?pinFave=1&url=https%3A%2F%2Fdarkamazi.site%2Farchives%2F1037970&media=https:\/\/darkamazi.site\/file\/2026\/04\/bahceli.jpg&description=YNK%E2%80%99nin+Kerk%C3%BCk%E2%80%99teki+valilik+ihanetinin+sonu%C3%A7lar%C4%B1n%C4%B1+Devlet+Bah%C3%A7eli+itiraf+etti%3A+Kerk%C3%BCk%E2%80%99te+yeni+bir+d%C3%BCzen+kuruluyor\" target=\"_blank\" class=\"jeg_btn-pinterest \"><i class=\"fa fa-pinterest\"><\/i> <span>Pinterest<\/span><\/a>\n\t\t\t\t<\/div>\n\t\t\t<\/div><\/div>\n\t\t            <\/div>\n\t\t\t\t<\/div>\n\t        <\/article><article class=\"jeg_post  post-1037966 post type-post status-publish format-standard has-post-thumbnail hentry category-kurdistan tag-onemli\">\n\t\t\t\t<div class='box_wrap'>\n\t\t\t\t\t<div class=\"jeg_thumb\">\n\t\t                \n\t\t                <a href=\"https:\/\/darkamazi.site\/archives\/1037966\"><div class=\"thumbnail-container animate-lazy  size-715 \"><img loading=\"lazy\" decoding=\"async\" width=\"350\" height=\"250\" src=\"https:\/\/darkamazi.site\/ext\/epic-news-element\/assets\/img\/jeg-empty.png\" class=\"attachment-epic-350x250 size-epic-350x250 lazyload darka-post-image\" alt=\"YNK&#039;nin T\u00fcrkmenlere devretti\u011fi Kerk\u00fck Valisinin ilk icraat\u0131: K\u00fcrt yard\u0131mc\u0131lar\u0131n yetkileri s\u0131n\u0131rland\u0131r\u0131ld\u0131\" data-src=\"https:\/\/darkamazi.site\/file\/2026\/04\/Kerkuk-2-350x250.jpg\" data-sizes=\"auto\" data-srcset=\"https:\/\/darkamazi.site\/file\/2026\/04\/Kerkuk-2-350x250.jpg 350w, https:\/\/darkamazi.site\/file\/2026\/04\/Kerkuk-2-120x86.jpg 120w\" data-expand=\"700\" \/><\/div><\/a>\n\t\t                <div class=\"jeg_post_category\">\n\t\t                    <span><a href=\"https:\/\/darkamazi.site\/archives\/category\/kurdistan\" class=\"category-kurdistan\">Kurdistan<\/a><\/span>\n\t\t                <\/div>\n\t\t            <\/div>\n\t\t            <div class=\"jeg_postblock_content\">\n\t\t                <h3 class=\"jeg_post_title\">\n\t\t                    <a href=\"https:\/\/darkamazi.site\/archives\/1037966\">YNK&#8217;nin T\u00fcrkmenlere devretti\u011fi Kerk\u00fck Valisinin ilk icraat\u0131: K\u00fcrt yard\u0131mc\u0131lar\u0131n yetkileri s\u0131n\u0131rland\u0131r\u0131ld\u0131<\/a>\n\t\t                <\/h3>\n\t\t                <div class=\"jeg_post_meta\"><div class=\"jeg_meta_date\"><a href=\"https:\/\/darkamazi.site\/archives\/1037966\" ><i class=\"fa fa-clock-o\"><\/i> April 27, 2026<\/a><\/div><div class=\"jeg_meta_share\">\n\t\t\t\t<a href=\"#\" ><i class=\"fa fa-share\"><\/i><\/a>\n\t\t\t\t<div class=\"jeg_sharelist\">\n\t\t\t\t\t<a href=\"http:\/\/www.facebook.com\/sharer.php?u=https%3A%2F%2Fdarkamazi.site%2Farchives%2F1037966\" target=\"_blank\" class=\"jeg_btn-facebook\"><i class=\"fa fa-facebook-official\"><\/i> <span>Facebook<\/span><\/a><a href=\"https:\/\/twitter.com\/intent\/tweet?text=YNK%E2%80%99nin+T%C3%BCrkmenlere+devretti%C4%9Fi+Kerk%C3%BCk+Valisinin+ilk+icraat%C4%B1%3A+K%C3%BCrt+yard%C4%B1mc%C4%B1lar%C4%B1n+yetkileri+s%C4%B1n%C4%B1rland%C4%B1r%C4%B1ld%C4%B1&url=https%3A%2F%2Fdarkamazi.site%2Farchives%2F1037966\" target=\"_blank\" class=\"jeg_btn-twitter\"><i class=\"fa fa-twitter\"><\/i> <span>Twitter<\/span><\/a><a href=\"https:\/\/plus.google.com\/share?url=https%3A%2F%2Fdarkamazi.site%2Farchives%2F1037966\" target=\"_blank\" class=\"jeg_btn-google-plus \"><i class=\"fa fa-google-plus\"><\/i> <span>Google+<\/span><\/a><a href=\"https:\/\/www.linkedin.com\/shareArticle?url=https%3A%2F%2Fdarkamazi.site%2Farchives%2F1037966&title=YNK%E2%80%99nin+T%C3%BCrkmenlere+devretti%C4%9Fi+Kerk%C3%BCk+Valisinin+ilk+icraat%C4%B1%3A+K%C3%BCrt+yard%C4%B1mc%C4%B1lar%C4%B1n+yetkileri+s%C4%B1n%C4%B1rland%C4%B1r%C4%B1ld%C4%B1\" target=\"_blank\" class=\"jeg_btn-linkedin \"><i class=\"fa fa-linkedin\"><\/i> <span>Linked In<\/span><\/a><a href=\"https:\/\/www.pinterest.com\/pin\/create\/bookmarklet\/?pinFave=1&url=https%3A%2F%2Fdarkamazi.site%2Farchives%2F1037966&media=https:\/\/darkamazi.site\/file\/2026\/04\/Kerkuk-2.jpg&description=YNK%E2%80%99nin+T%C3%BCrkmenlere+devretti%C4%9Fi+Kerk%C3%BCk+Valisinin+ilk+icraat%C4%B1%3A+K%C3%BCrt+yard%C4%B1mc%C4%B1lar%C4%B1n+yetkileri+s%C4%B1n%C4%B1rland%C4%B1r%C4%B1ld%C4%B1\" target=\"_blank\" class=\"jeg_btn-pinterest \"><i class=\"fa fa-pinterest\"><\/i> <span>Pinterest<\/span><\/a>\n\t\t\t\t<\/div>\n\t\t\t<\/div><\/div>\n\t\t            <\/div>\n\t\t\t\t<\/div>\n\t        <\/article><article class=\"jeg_post  post-1037953 post type-post status-publish format-standard has-post-thumbnail hentry category-kurdistan tag-onamli\">\n\t\t\t\t<div class='box_wrap'>\n\t\t\t\t\t<div class=\"jeg_thumb\">\n\t\t                \n\t\t                <a href=\"https:\/\/darkamazi.site\/archives\/1037953\"><div class=\"thumbnail-container animate-lazy  size-715 \"><img loading=\"lazy\" decoding=\"async\" width=\"350\" height=\"250\" src=\"https:\/\/darkamazi.site\/ext\/epic-news-element\/assets\/img\/jeg-empty.png\" class=\"attachment-epic-350x250 size-epic-350x250 lazyload darka-post-image\" alt=\"K\u00fcrdistan B\u00f6lgesi&#039;ne 50 g\u00fcnde 809 sald\u0131r\u0131\" data-src=\"https:\/\/darkamazi.site\/file\/2026\/04\/1777107417_kurdistan24-350x250.jpg\" data-sizes=\"auto\" data-srcset=\"https:\/\/darkamazi.site\/file\/2026\/04\/1777107417_kurdistan24-350x250.jpg 350w, https:\/\/darkamazi.site\/file\/2026\/04\/1777107417_kurdistan24-120x86.jpg 120w, https:\/\/darkamazi.site\/file\/2026\/04\/1777107417_kurdistan24-750x536.jpg 750w, https:\/\/darkamazi.site\/file\/2026\/04\/1777107417_kurdistan24-1140x815.jpg 1140w\" data-expand=\"700\" \/><\/div><\/a>\n\t\t                <div class=\"jeg_post_category\">\n\t\t                    <span><a href=\"https:\/\/darkamazi.site\/archives\/category\/kurdistan\" class=\"category-kurdistan\">Kurdistan<\/a><\/span>\n\t\t                <\/div>\n\t\t            <\/div>\n\t\t            <div class=\"jeg_postblock_content\">\n\t\t                <h3 class=\"jeg_post_title\">\n\t\t                    <a href=\"https:\/\/darkamazi.site\/archives\/1037953\">K\u00fcrdistan B\u00f6lgesi&#8217;ne 50 g\u00fcnde 809 sald\u0131r\u0131<\/a>\n\t\t                <\/h3>\n\t\t                <div class=\"jeg_post_meta\"><div class=\"jeg_meta_date\"><a href=\"https:\/\/darkamazi.site\/archives\/1037953\" ><i class=\"fa fa-clock-o\"><\/i> April 25, 2026<\/a><\/div><div class=\"jeg_meta_share\">\n\t\t\t\t<a href=\"#\" ><i class=\"fa fa-share\"><\/i><\/a>\n\t\t\t\t<div class=\"jeg_sharelist\">\n\t\t\t\t\t<a href=\"http:\/\/www.facebook.com\/sharer.php?u=https%3A%2F%2Fdarkamazi.site%2Farchives%2F1037953\" target=\"_blank\" class=\"jeg_btn-facebook\"><i class=\"fa fa-facebook-official\"><\/i> <span>Facebook<\/span><\/a><a href=\"https:\/\/twitter.com\/intent\/tweet?text=K%C3%BCrdistan+B%C3%B6lgesi%E2%80%99ne+50+g%C3%BCnde+809+sald%C4%B1r%C4%B1&url=https%3A%2F%2Fdarkamazi.site%2Farchives%2F1037953\" target=\"_blank\" class=\"jeg_btn-twitter\"><i class=\"fa fa-twitter\"><\/i> <span>Twitter<\/span><\/a><a href=\"https:\/\/plus.google.com\/share?url=https%3A%2F%2Fdarkamazi.site%2Farchives%2F1037953\" target=\"_blank\" class=\"jeg_btn-google-plus \"><i class=\"fa fa-google-plus\"><\/i> <span>Google+<\/span><\/a><a href=\"https:\/\/www.linkedin.com\/shareArticle?url=https%3A%2F%2Fdarkamazi.site%2Farchives%2F1037953&title=K%C3%BCrdistan+B%C3%B6lgesi%E2%80%99ne+50+g%C3%BCnde+809+sald%C4%B1r%C4%B1\" target=\"_blank\" class=\"jeg_btn-linkedin \"><i class=\"fa fa-linkedin\"><\/i> <span>Linked In<\/span><\/a><a href=\"https:\/\/www.pinterest.com\/pin\/create\/bookmarklet\/?pinFave=1&url=https%3A%2F%2Fdarkamazi.site%2Farchives%2F1037953&media=https:\/\/darkamazi.site\/file\/2026\/04\/1777107417_kurdistan24.jpg&description=K%C3%BCrdistan+B%C3%B6lgesi%E2%80%99ne+50+g%C3%BCnde+809+sald%C4%B1r%C4%B1\" target=\"_blank\" class=\"jeg_btn-pinterest \"><i class=\"fa fa-pinterest\"><\/i> <span>Pinterest<\/span><\/a>\n\t\t\t\t<\/div>\n\t\t\t<\/div><\/div>\n\t\t            <\/div>\n\t\t\t\t<\/div>\n\t        <\/article>\n                <\/div>\n            <\/div>\n                <div class='module-overlay'>\n                <div class='preloader_type preloader_dot'>\n                    <div class=\"module-preloader jeg_preloader dot\">\n                        <span><\/span><span><\/span><span><\/span>\n                    <\/div>\n                    <div class=\"module-preloader jeg_preloader circle\">\n                        <div class=\"epic_preloader_circle_outer\">\n                            <div class=\"epic_preloader_circle_inner\"><\/div>\n                        <\/div>\n                    <\/div>\n                    <div class=\"module-preloader jeg_preloader square\">\n                        <div class=\"jeg_square\"><div class=\"jeg_square_inner\"><\/div><\/div>\n                    <\/div>\n                <\/div>\n            <\/div>\n            <\/div>\n            <div class=\"jeg_block_navigation\">\n                <div class='navigation_overlay'><div class='module-preloader jeg_preloader'><span><\/span><span><\/span><span><\/span><\/div><\/div>\n                <div class=\"jeg_block_loadmore \">\n                    <a href=\"#\" class='' data-load='Load More' data-loading='Y\u00fckleniyor'> Load More<\/a>\n                <\/div>\n                \n            <\/div>\n                <style scoped>.epic_module__1_69f71026a7f17 .jeg_post_meta, .epic_module__1_69f71026a7f17 .jeg_post_meta .fa, .epic_module__1_69f71026a7f17.jeg_postblock .jeg_subcat_list > li > a:hover, .epic_module__1_69f71026a7f17 .jeg_pl_md_card .jeg_post_category a, .epic_module__1_69f71026a7f17.jeg_postblock .jeg_subcat_list > li > a.current { color: #df5461 }<\/style>\n                <script>var epic_module__1_69f71026a7f17 = {\"header_icon\":\"\",\"first_title\":\"\",\"second_title\":\"\",\"url\":\"\",\"header_type\":\"heading_6\",\"header_background\":\"\",\"header_secondary_background\":\"\",\"header_text_color\":\"\",\"header_line_color\":\"\",\"header_accent_color\":\"\",\"header_filter_category\":\"\",\"header_filter_author\":\"\",\"header_filter_tag\":\"\",\"header_filter_text\":\"All\",\"post_type\":\"post\",\"number_post\":\"9\",\"post_offset\":\"0\",\"unique_content\":\"disable\",\"include_post\":\"\",\"exclude_post\":\"\",\"include_category\":\"3\",\"exclude_category\":\"\",\"include_author\":\"\",\"include_tag\":\"\",\"exclude_tag\":\"\",\"sort_by\":\"latest\",\"date_format\":\"default\",\"date_format_custom\":\"Y\\\/m\\\/d\",\"pagination_mode\":\"loadmore\",\"pagination_nextprev_showtext\":\"\",\"pagination_number_post\":\"3\",\"pagination_scroll_limit\":0,\"el_id\":\"\",\"el_class\":\"\",\"scheme\":\"alt\",\"column_width\":\"auto\",\"title_color\":\"\",\"accent_color\":\"\",\"alt_color\":\"#df5461\",\"block_background\":\"\",\"box_shadow\":\"\",\"css\":\"\",\"compatible_column_notice\":\"\",\"paged\":1,\"column_class\":\"jeg_col_2o3\",\"class\":\"epic_block_37\"};<\/script>\n            <\/div>[\/darkamazi_column][\/darkamazi_row]<\/p>\n<\/div>","protected":false},"excerpt":{"rendered":"<p>[darkamazi_row][darkamazi_column][\/darkamazi_column][\/darkamazi_row][darkamazi_row][darkamazi_column][\/darkamazi_column][\/darkamazi_row]<\/p>\n","protected":false},"author":1,"featured_media":0,"parent":0,"menu_order":0,"comment_status":"closed","ping_status":"closed","template":"","meta":{"footnotes":""},"class_list":["post-226","page","type-page","status-publish","hentry"],"blocksy_meta":[],"seo_head":"<!-- This site is optimized with the Yoast SEO plugin v27.5 - https:\/\/yoast.com\/product\/yoast-seo-wordpress\/ -->\n<title>Kurdistan - Darka Mazi<\/title>\n<meta name=\"robots\" content=\"index, follow, max-snippet:-1, max-image-preview:large, max-video-preview:-1\" \/>\n<link rel=\"canonical\" href=\"https:\/\/darkamazi.site\/kurdistan\" \/>\n<meta property=\"og:locale\" content=\"en_US\" \/>\n<meta property=\"og:type\" content=\"article\" \/>\n<meta property=\"og:title\" content=\"Kurdistan - Darka Mazi\" \/>\n<meta property=\"og:description\" content=\"[darkamazi_row][darkamazi_column][\/darkamazi_column][\/darkamazi_row][darkamazi_row][darkamazi_column][\/darkamazi_column][\/darkamazi_row]\" \/>\n<meta property=\"og:url\" content=\"https:\/\/darkamazi.site\/kurdistan\" \/>\n<meta property=\"og:site_name\" content=\"Darka Mazi\" \/>\n<meta property=\"article:publisher\" content=\"https:\/\/www.facebook.com\/DarkaMaziturkce\" \/>\n<meta property=\"article:modified_time\" content=\"2026-04-07T15:32:46+00:00\" \/>\n<meta name=\"twitter:card\" content=\"summary_large_image\" \/>\n<meta name=\"twitter:site\" content=\"@DarkaMaziTurkce\" \/>\n<meta name=\"twitter:label1\" content=\"Est. reading time\" \/>\n\t<meta name=\"twitter:data1\" content=\"1 minute\" \/>\n<script type=\"application\/ld+json\" class=\"seo-schema-graph\">{\"@context\":\"https:\\\/\\\/schema.org\",\"@graph\":[{\"@type\":\"WebPage\",\"@id\":\"https:\\\/\\\/darkamazi.site\\\/kurdistan\",\"url\":\"https:\\\/\\\/darkamazi.site\\\/kurdistan\",\"name\":\"Kurdistan - Darka Mazi\",\"isPartOf\":{\"@id\":\"https:\\\/\\\/darkamazi.site\\\/#website\"},\"datePublished\":\"2019-08-15T18:36:03+00:00\",\"dateModified\":\"2026-04-07T15:32:46+00:00\",\"breadcrumb\":{\"@id\":\"https:\\\/\\\/darkamazi.site\\\/kurdistan#breadcrumb\"},\"inLanguage\":\"en-US\",\"potentialAction\":[{\"@type\":\"ReadAction\",\"target\":[\"https:\\\/\\\/darkamazi.site\\\/kurdistan\"]}]},{\"@type\":\"BreadcrumbList\",\"@id\":\"https:\\\/\\\/darkamazi.site\\\/kurdistan#breadcrumb\",\"itemListElement\":[{\"@type\":\"ListItem\",\"position\":1,\"name\":\"Home\",\"item\":\"https:\\\/\\\/darkamazi.site\\\/\"},{\"@type\":\"ListItem\",\"position\":2,\"name\":\"Kurdistan\"}]},{\"@type\":\"WebSite\",\"@id\":\"https:\\\/\\\/darkamazi.site\\\/#website\",\"url\":\"https:\\\/\\\/darkamazi.site\\\/\",\"name\":\"Darka Mazi\",\"description\":\"Ana Sayfa\",\"publisher\":{\"@id\":\"https:\\\/\\\/darkamazi.site\\\/#organization\"},\"potentialAction\":[{\"@type\":\"SearchAction\",\"target\":{\"@type\":\"EntryPoint\",\"urlTemplate\":\"https:\\\/\\\/darkamazi.site\\\/?s={search_term_string}\"},\"query-input\":{\"@type\":\"PropertyValueSpecification\",\"valueRequired\":true,\"valueName\":\"search_term_string\"}}],\"inLanguage\":\"en-US\"},{\"@type\":\"Organization\",\"@id\":\"https:\\\/\\\/darkamazi.site\\\/#organization\",\"name\":\"Darka Mazi T\u00fcrk\u00e7e\",\"alternateName\":\"Darka Mazi\",\"url\":\"https:\\\/\\\/darkamazi.site\\\/\",\"logo\":{\"@type\":\"ImageObject\",\"inLanguage\":\"en-US\",\"@id\":\"https:\\\/\\\/darkamazi.site\\\/#\\\/schema\\\/logo\\\/image\\\/\",\"url\":\"https:\\\/\\\/darkamazi.site\\\/darka-content\\\/uploads\\\/2017\\\/12\\\/darka-mazi-logo.png\",\"contentUrl\":\"https:\\\/\\\/darkamazi.site\\\/darka-content\\\/uploads\\\/2017\\\/12\\\/darka-mazi-logo.png\",\"width\":151,\"height\":75,\"caption\":\"Darka Mazi T\u00fcrk\u00e7e\"},\"image\":{\"@id\":\"https:\\\/\\\/darkamazi.site\\\/#\\\/schema\\\/logo\\\/image\\\/\"},\"sameAs\":[\"https:\\\/\\\/www.facebook.com\\\/DarkaMaziturkce\",\"https:\\\/\\\/x.com\\\/DarkaMaziTurkce\"]}]}<\/script>\n<!-- \/ Yoast SEO plugin. -->","seo_head_json":{"title":"Kurdistan - Darka Mazi","robots":{"index":"index","follow":"follow","max-snippet":"max-snippet:-1","max-image-preview":"max-image-preview:large","max-video-preview":"max-video-preview:-1"},"canonical":"https:\/\/darkamazi.site\/kurdistan","og_locale":"en_US","og_type":"article","og_title":"Kurdistan - Darka Mazi","og_description":"[darkamazi_row][darkamazi_column][\/darkamazi_column][\/darkamazi_row][darkamazi_row][darkamazi_column][\/darkamazi_column][\/darkamazi_row]","og_url":"https:\/\/darkamazi.site\/kurdistan","og_site_name":"Darka Mazi","article_publisher":"https:\/\/www.facebook.com\/DarkaMaziturkce","article_modified_time":"2026-04-07T15:32:46+00:00","twitter_card":"summary_large_image","twitter_site":"@DarkaMaziTurkce","twitter_misc":{"Est. reading time":"1 minute"},"schema":{"@context":"https:\/\/schema.org","@graph":[{"@type":"WebPage","@id":"https:\/\/darkamazi.site\/kurdistan","url":"https:\/\/darkamazi.site\/kurdistan","name":"Kurdistan - Darka Mazi","isPartOf":{"@id":"https:\/\/darkamazi.site\/#website"},"datePublished":"2019-08-15T18:36:03+00:00","dateModified":"2026-04-07T15:32:46+00:00","breadcrumb":{"@id":"https:\/\/darkamazi.site\/kurdistan#breadcrumb"},"inLanguage":"en-US","potentialAction":[{"@type":"ReadAction","target":["https:\/\/darkamazi.site\/kurdistan"]}]},{"@type":"BreadcrumbList","@id":"https:\/\/darkamazi.site\/kurdistan#breadcrumb","itemListElement":[{"@type":"ListItem","position":1,"name":"Home","item":"https:\/\/darkamazi.site\/"},{"@type":"ListItem","position":2,"name":"Kurdistan"}]},{"@type":"WebSite","@id":"https:\/\/darkamazi.site\/#website","url":"https:\/\/darkamazi.site\/","name":"Darka Mazi","description":"Ana Sayfa","publisher":{"@id":"https:\/\/darkamazi.site\/#organization"},"potentialAction":[{"@type":"SearchAction","target":{"@type":"EntryPoint","urlTemplate":"https:\/\/darkamazi.site\/?s={search_term_string}"},"query-input":{"@type":"PropertyValueSpecification","valueRequired":true,"valueName":"search_term_string"}}],"inLanguage":"en-US"},{"@type":"Organization","@id":"https:\/\/darkamazi.site\/#organization","name":"Darka Mazi T\u00fcrk\u00e7e","alternateName":"Darka Mazi","url":"https:\/\/darkamazi.site\/","logo":{"@type":"ImageObject","inLanguage":"en-US","@id":"https:\/\/darkamazi.site\/#\/schema\/logo\/image\/","url":"https:\/\/darkamazi.site\/file\/2017\/12\/darka-mazi-logo.png","contentUrl":"https:\/\/darkamazi.site\/file\/2017\/12\/darka-mazi-logo.png","width":151,"height":75,"caption":"Darka Mazi T\u00fcrk\u00e7e"},"image":{"@id":"https:\/\/darkamazi.site\/#\/schema\/logo\/image\/"},"sameAs":["https:\/\/www.facebook.com\/DarkaMaziturkce","https:\/\/x.com\/DarkaMaziTurkce"]}]}},"_links":{"self":[{"href":"https:\/\/darkamazi.site\/funavuv\/wp\/v2\/pages\/226","targetHints":{"allow":["GET"]}}],"collection":[{"href":"https:\/\/darkamazi.site\/funavuv\/wp\/v2\/pages"}],"about":[{"href":"https:\/\/darkamazi.site\/funavuv\/wp\/v2\/types\/page"}],"author":[{"embeddable":true,"href":"https:\/\/darkamazi.site\/funavuv\/wp\/v2\/users\/1"}],"replies":[{"embeddable":true,"href":"https:\/\/darkamazi.site\/funavuv\/wp\/v2\/comments?post=226"}],"version-history":[{"count":0,"href":"https:\/\/darkamazi.site\/funavuv\/wp\/v2\/pages\/226\/revisions"}],"wp:attachment":[{"href":"https:\/\/darkamazi.site\/funavuv\/wp\/v2\/media?parent=226"}],"curies":[{"name":"wp","href":"https:\/\/api.w.org\/{rel}","templated":true}]}}